{"id":7487,"date":"2025-01-29T16:29:51","date_gmt":"2025-01-29T14:29:51","guid":{"rendered":"https:\/\/vivresonreve.ch\/?page_id=7487"},"modified":"2026-02-19T15:19:49","modified_gmt":"2026-02-19T13:19:49","slug":"tevan-burrin","status":"publish","type":"page","link":"https:\/\/vivresonreve.ch\/?page_id=7487","title":{"rendered":"Tevan Burrin"},"content":{"rendered":"<p>[et_pb_section fb_built=\u00a0\u00bb1&Prime; fullwidth=\u00a0\u00bbon\u00a0\u00bb _builder_version=\u00a0\u00bb3.22&Prime; background_color=\u00a0\u00bb#ffffff\u00a0\u00bb transparent_background=\u00a0\u00bboff\u00a0\u00bb global_colors_info=\u00a0\u00bb{}\u00a0\u00bb][et_pb_fullwidth_slider show_arrows=\u00a0\u00bboff\u00a0\u00bb show_pagination=\u00a0\u00bboff\u00a0\u00bb admin_label=\u00a0\u00bbFullwidth Slider\u00a0\u00bb _builder_version=\u00a0\u00bb4.14.8&Prime; custom_padding=\u00a0\u00bb|||\u00a0\u00bb custom_padding_tablet=\u00a0\u00bb|||\u00a0\u00bb custom_padding_phone=\u00a0\u00bb|||\u00a0\u00bb box_shadow_style=\u00a0\u00bbpreset6&Prime; box_shadow_blur=\u00a0\u00bb10px\u00a0\u00bb box_shadow_color=\u00a0\u00bbrgba(0,0,0,0.1)\u00a0\u00bb show_inner_shadow=\u00a0\u00bbon\u00a0\u00bb global_colors_info=\u00a0\u00bb{}\u00a0\u00bb button_text_size__hover_enabled=\u00a0\u00bboff\u00a0\u00bb button_one_text_size__hover_enabled=\u00a0\u00bboff\u00a0\u00bb button_two_text_size__hover_enabled=\u00a0\u00bboff\u00a0\u00bb button_text_color__hover_enabled=\u00a0\u00bboff\u00a0\u00bb button_one_text_color__hover_enabled=\u00a0\u00bboff\u00a0\u00bb button_two_text_color__hover_enabled=\u00a0\u00bboff\u00a0\u00bb button_border_width__hover_enabled=\u00a0\u00bboff\u00a0\u00bb button_one_border_width__hover_enabled=\u00a0\u00bboff\u00a0\u00bb button_two_border_width__hover_enabled=\u00a0\u00bboff\u00a0\u00bb button_border_color__hover_enabled=\u00a0\u00bboff\u00a0\u00bb button_one_border_color__hover_enabled=\u00a0\u00bboff\u00a0\u00bb button_two_border_color__hover_enabled=\u00a0\u00bboff\u00a0\u00bb button_border_radius__hover_enabled=\u00a0\u00bboff\u00a0\u00bb button_one_border_radius__hover_enabled=\u00a0\u00bboff\u00a0\u00bb button_two_border_radius__hover_enabled=\u00a0\u00bboff\u00a0\u00bb button_letter_spacing__hover_enabled=\u00a0\u00bboff\u00a0\u00bb button_one_letter_spacing__hover_enabled=\u00a0\u00bboff\u00a0\u00bb button_two_letter_spacing__hover_enabled=\u00a0\u00bboff\u00a0\u00bb button_bg_color__hover_enabled=\u00a0\u00bboff\u00a0\u00bb button_one_bg_color__hover_enabled=\u00a0\u00bboff\u00a0\u00bb button_two_bg_color__hover_enabled=\u00a0\u00bboff\u00a0\u00bb][\/et_pb_fullwidth_slider][et_pb_fullwidth_image src=\u00a0\u00bbhttps:\/\/vivresonreve.ch\/wp-content\/uploads\/2025\/02\/TEVAN_BURIN_BANNIERE.jpg\u00a0\u00bb title_text=\u00a0\u00bbTEVAN_BURIN_BANNIERE\u00a0\u00bb _builder_version=\u00a0\u00bb4.14.8&Prime; _module_preset=\u00a0\u00bbdefault\u00a0\u00bb global_colors_info=\u00a0\u00bb{}\u00a0\u00bb][\/et_pb_fullwidth_image][\/et_pb_section][et_pb_section fb_built=\u00a0\u00bb1&Prime; _builder_version=\u00a0\u00bb3.22&Prime; global_colors_info=\u00a0\u00bb{}\u00a0\u00bb][et_pb_row column_structure=\u00a0\u00bb1_3,2_3&Prime; _builder_version=\u00a0\u00bb3.25&Prime; background_size=\u00a0\u00bbinitial\u00a0\u00bb background_position=\u00a0\u00bbtop_left\u00a0\u00bb background_repeat=\u00a0\u00bbrepeat\u00a0\u00bb global_colors_info=\u00a0\u00bb{}\u00a0\u00bb][et_pb_column type=\u00a0\u00bb1_3&Prime; _builder_version=\u00a0\u00bb3.25&Prime; custom_padding=\u00a0\u00bb|||\u00a0\u00bb global_colors_info=\u00a0\u00bb{}\u00a0\u00bb custom_padding__hover=\u00a0\u00bb|||\u00a0\u00bb][et_pb_image src=\u00a0\u00bbhttps:\/\/vivresonreve.ch\/wp-content\/uploads\/2025\/01\/Tevan-Burin.jpg\u00a0\u00bb title_text=\u00a0\u00bbTevan Burin\u00a0\u00bb align_tablet=\u00a0\u00bbcenter\u00a0\u00bb align_phone=\u00a0\u00bbcenter\u00a0\u00bb align_last_edited=\u00a0\u00bbon|desktop\u00a0\u00bb admin_label=\u00a0\u00bbImage\u00a0\u00bb _builder_version=\u00a0\u00bb4.14.8&Prime; animation_style=\u00a0\u00bbfade\u00a0\u00bb animation_duration=\u00a0\u00bb500ms\u00a0\u00bb animation=\u00a0\u00bbfade_in\u00a0\u00bb sticky=\u00a0\u00bboff\u00a0\u00bb global_colors_info=\u00a0\u00bb{}\u00a0\u00bb][\/et_pb_image][\/et_pb_column][et_pb_column type=\u00a0\u00bb2_3&Prime; _builder_version=\u00a0\u00bb3.25&Prime; custom_padding=\u00a0\u00bb|||\u00a0\u00bb global_colors_info=\u00a0\u00bb{}\u00a0\u00bb custom_padding__hover=\u00a0\u00bb|||\u00a0\u00bb][et_pb_text admin_label=\u00a0\u00bbText\u00a0\u00bb _builder_version=\u00a0\u00bb4.14.8&Prime; background_size=\u00a0\u00bbinitial\u00a0\u00bb background_position=\u00a0\u00bbtop_left\u00a0\u00bb background_repeat=\u00a0\u00bbrepeat\u00a0\u00bb hover_enabled=\u00a0\u00bb0&Prime; global_colors_info=\u00a0\u00bb{}\u00a0\u00bb sticky_enabled=\u00a0\u00bb0&Prime;]<\/p>\n<h1 style=\"text-align: left; color: #4cadce; font-size: 46px;\"><em><span>TEVAN BURRIN<\/span><\/em><\/h1>\n<p><strong>\u00c2ge:<\/strong> 17 ans (14.12.2008)<br \/><strong>Domicile: <\/strong>Conthey<br \/><strong><\/strong><strong>Canton:<\/strong>\u00a0Valais<\/p>\n<p>[\/et_pb_text][et_pb_accordion admin_label=\u00a0\u00bbAccordion\u00a0\u00bb _builder_version=\u00a0\u00bb4.14.8&Prime; global_colors_info=\u00a0\u00bb{}\u00a0\u00bb][et_pb_accordion_item title=\u00a0\u00bbR\u00c9SULTATS SPORTIFS\u00a0\u00bb open=\u00a0\u00bbon\u00a0\u00bb _builder_version=\u00a0\u00bb4.14.8&Prime; global_colors_info=\u00a0\u00bb{}\u00a0\u00bb]<\/p>\n<p><b style=\"color: #4cadce;\"><strong>Saison 2023-2024<\/strong><\/b><\/p>\n<p>\u2022 Champion valaisan et romand de Super-G \/ La Tzoumaz-Verbier<\/p>\n<p><strong>Circuit national<\/strong><\/p>\n<p>\u2022 2e place \u00e0 la qualification du GP Migros (2008) GS \/ Les Crosets-PDS<br \/>\u2022 3e place \u00e0 la finale du GP Migros (2008) Combi Race \u00e0 Hoch-Ybrig<\/p>\n<ul><\/ul>\n<p><strong>Sunrise Jugend Cup &#8211; Swiss Ski &#8211; U16<\/strong><\/p>\n<p>\u2022 18e place au classement g\u00e9n\u00e9ral (2008)<\/p>\n<p>\u2022 11e place du SL-3 de Lenzerheide \u00e0 1\u201923\u2019\u2019 du vainqueur<\/p>\n<p>(dossard 60, 4e temps de la 2e manche)<\/p>\n<p>\u2022 15e place du SL-2 Lenzerheide (dossard 60)<\/p>\n<p>\u2022 15e place au Championnat suisse de GS, \u00e0 1\u201924\u2019\u2019 (dossard 37)<\/p>\n<p>4e temps de la 2e manche \u00e0 27 centi\u00e8mes \/ Saint-Luc-Anniviers<\/p>\n<p><strong>Courses internationale + regionale<\/strong><\/p>\n<p>\u2022 3e temps de la 2e manche du TOP 50 PDH Cup \u00e0 Pila-Aosta, Italie<\/p>\n<p>\u2022 3e place du GS Raiffeisen Trophy VS \/ La Tzoumaz-Verbier<\/p>\n<p>\u2022 Je termine la saison avec 6 points NLZ<\/p>\n<p>[\/et_pb_accordion_item][et_pb_accordion_item title=\u00a0\u00bbOBJECTIFS\u00a0\u00bb _builder_version=\u00a0\u00bb4.14.8&Prime; global_colors_info=\u00a0\u00bb{}\u00a0\u00bb open=\u00a0\u00bboff\u00a0\u00bb]<\/p>\n<p><b style=\"color: #4cadce;\">O<strong>bjectifs sportifs <\/strong><\/b><\/p>\n<p><strong>Court terme<\/strong><\/p>\n<p>&#8211; faire de bons points dans toutes les disciplines cette saison<\/p>\n<p>&#8211; \u00eatre s\u00e9lectionn\u00e9 pour le Centre National de Performance<\/p>\n<p><strong>Long terme<\/strong><\/p>\n<p>&#8211; int\u00e9grer les cadres de Swiss-Ski<\/p>\n<p>[\/et_pb_accordion_item][\/et_pb_accordion][\/et_pb_column][\/et_pb_row][\/et_pb_section][et_pb_section fb_built=\u00a0\u00bb1&Prime; _builder_version=\u00a0\u00bb4.14.8&Prime; _module_preset=\u00a0\u00bbdefault\u00a0\u00bb min_height=\u00a0\u00bb367.9px\u00a0\u00bb global_colors_info=\u00a0\u00bb{}\u00a0\u00bb][et_pb_row column_structure=\u00a0\u00bb1_3,1_3,1_3&Prime; _builder_version=\u00a0\u00bb4.14.8&Prime; _module_preset=\u00a0\u00bbdefault\u00a0\u00bb global_colors_info=\u00a0\u00bb{}\u00a0\u00bb][et_pb_column type=\u00a0\u00bb1_3&Prime; _builder_version=\u00a0\u00bb4.14.8&Prime; _module_preset=\u00a0\u00bbdefault\u00a0\u00bb global_colors_info=\u00a0\u00bb{}\u00a0\u00bb][et_pb_gallery gallery_ids=\u00a0\u00bb7506&Prime; posts_number=\u00a0\u00bb1&Prime; show_title_and_caption=\u00a0\u00bboff\u00a0\u00bb _builder_version=\u00a0\u00bb4.14.8&Prime; _module_preset=\u00a0\u00bbdefault\u00a0\u00bb global_colors_info=\u00a0\u00bb{}\u00a0\u00bb][\/et_pb_gallery][\/et_pb_column][et_pb_column type=\u00a0\u00bb1_3&Prime; _builder_version=\u00a0\u00bb4.14.8&Prime; _module_preset=\u00a0\u00bbdefault\u00a0\u00bb global_colors_info=\u00a0\u00bb{}\u00a0\u00bb][et_pb_gallery gallery_ids=\u00a0\u00bb7505&Prime; posts_number=\u00a0\u00bb1&Prime; show_title_and_caption=\u00a0\u00bboff\u00a0\u00bb _builder_version=\u00a0\u00bb4.14.8&Prime; _module_preset=\u00a0\u00bbdefault\u00a0\u00bb global_colors_info=\u00a0\u00bb{}\u00a0\u00bb][\/et_pb_gallery][\/et_pb_column][et_pb_column type=\u00a0\u00bb1_3&Prime; _builder_version=\u00a0\u00bb4.14.8&Prime; _module_preset=\u00a0\u00bbdefault\u00a0\u00bb global_colors_info=\u00a0\u00bb{}\u00a0\u00bb][et_pb_gallery gallery_ids=\u00a0\u00bb7504&Prime; posts_number=\u00a0\u00bb1&Prime; show_title_and_caption=\u00a0\u00bboff\u00a0\u00bb _builder_version=\u00a0\u00bb4.14.8&Prime; _module_preset=\u00a0\u00bbdefault\u00a0\u00bb global_colors_info=\u00a0\u00bb{}\u00a0\u00bb][\/et_pb_gallery][\/et_pb_column][\/et_pb_row][\/et_pb_section][et_pb_section fb_built=\u00a0\u00bb1&Prime; _builder_version=\u00a0\u00bb4.14.8&Prime; _module_preset=\u00a0\u00bbdefault\u00a0\u00bb min_height=\u00a0\u00bb927.5px\u00a0\u00bb global_colors_info=\u00a0\u00bb{}\u00a0\u00bb][et_pb_row column_structure=\u00a0\u00bb1_3,1_3,1_3&Prime; _builder_version=\u00a0\u00bb4.14.8&Prime; _module_preset=\u00a0\u00bbdefault\u00a0\u00bb global_colors_info=\u00a0\u00bb{}\u00a0\u00bb][et_pb_column type=\u00a0\u00bb1_3&Prime; _builder_version=\u00a0\u00bb4.14.8&Prime; _module_preset=\u00a0\u00bbdefault\u00a0\u00bb global_colors_info=\u00a0\u00bb{}\u00a0\u00bb][\/et_pb_column][et_pb_column type=\u00a0\u00bb1_3&Prime; _builder_version=\u00a0\u00bb4.14.8&Prime; _module_preset=\u00a0\u00bbdefault\u00a0\u00bb global_colors_info=\u00a0\u00bb{}\u00a0\u00bb][et_pb_video src=\u00a0\u00bbhttps:\/\/vivresonreve.ch\/wp-content\/uploads\/2025\/04\/Tevan-Burrin-saison-24-25-part-1.mp4&Prime; _builder_version=\u00a0\u00bb4.14.8&Prime; _module_preset=\u00a0\u00bbdefault\u00a0\u00bb global_colors_info=\u00a0\u00bb{}\u00a0\u00bb][\/et_pb_video][\/et_pb_column][et_pb_column type=\u00a0\u00bb1_3&Prime; _builder_version=\u00a0\u00bb4.14.8&Prime; _module_preset=\u00a0\u00bbdefault\u00a0\u00bb global_colors_info=\u00a0\u00bb{}\u00a0\u00bb][\/et_pb_column][\/et_pb_row][\/et_pb_section]<\/p>\n","protected":false},"excerpt":{"rendered":"<p>TEVAN BURRIN \u00c2ge: 17 ans (14.12.2008)Domicile: ContheyCanton:\u00a0ValaisSaison 2023-2024 \u2022 Champion valaisan et romand de Super-G \/ La Tzoumaz-Verbier Circuit national \u2022 2e place \u00e0 la qualification du GP Migros (2008) GS \/ Les Crosets-PDS\u2022 3e place \u00e0 la finale du GP Migros (2008) Combi Race \u00e0 Hoch-Ybrig Sunrise Jugend Cup &#8211; Swiss Ski &#8211; U16 [&hellip;]<\/p>\n","protected":false},"author":2,"featured_media":0,"parent":0,"menu_order":0,"comment_status":"open","ping_status":"closed","template":"","meta":{"_et_pb_use_builder":"on","_et_pb_old_content":"","_et_gb_content_width":"","footnotes":""},"class_list":["post-7487","page","type-page","status-publish","hentry"],"_links":{"self":[{"href":"https:\/\/vivresonreve.ch\/index.php?rest_route=\/wp\/v2\/pages\/7487","targetHints":{"allow":["GET"]}}],"collection":[{"href":"https:\/\/vivresonreve.ch\/index.php?rest_route=\/wp\/v2\/pages"}],"about":[{"href":"https:\/\/vivresonreve.ch\/index.php?rest_route=\/wp\/v2\/types\/page"}],"author":[{"embeddable":true,"href":"https:\/\/vivresonreve.ch\/index.php?rest_route=\/wp\/v2\/users\/2"}],"replies":[{"embeddable":true,"href":"https:\/\/vivresonreve.ch\/index.php?rest_route=%2Fwp%2Fv2%2Fcomments&post=7487"}],"version-history":[{"count":15,"href":"https:\/\/vivresonreve.ch\/index.php?rest_route=\/wp\/v2\/pages\/7487\/revisions"}],"predecessor-version":[{"id":7996,"href":"https:\/\/vivresonreve.ch\/index.php?rest_route=\/wp\/v2\/pages\/7487\/revisions\/7996"}],"wp:attachment":[{"href":"https:\/\/vivresonreve.ch\/index.php?rest_route=%2Fwp%2Fv2%2Fmedia&parent=7487"}],"curies":[{"name":"wp","href":"https:\/\/api.w.org\/{rel}","templated":true}]}}