{"id":7475,"date":"2025-01-22T11:46:14","date_gmt":"2025-01-22T09:46:14","guid":{"rendered":"https:\/\/vivresonreve.ch\/?page_id=7475"},"modified":"2026-02-19T15:21:43","modified_gmt":"2026-02-19T13:21:43","slug":"lea-stern","status":"publish","type":"page","link":"https:\/\/vivresonreve.ch\/?page_id=7475","title":{"rendered":"L\u00e9a Stern"},"content":{"rendered":"<p>[et_pb_section fb_built=\u00a0\u00bb1&Prime; fullwidth=\u00a0\u00bbon\u00a0\u00bb _builder_version=\u00a0\u00bb3.22&Prime; background_color=\u00a0\u00bb#ffffff\u00a0\u00bb transparent_background=\u00a0\u00bboff\u00a0\u00bb global_colors_info=\u00a0\u00bb{}\u00a0\u00bb][et_pb_fullwidth_slider show_arrows=\u00a0\u00bboff\u00a0\u00bb show_pagination=\u00a0\u00bboff\u00a0\u00bb admin_label=\u00a0\u00bbFullwidth Slider\u00a0\u00bb _builder_version=\u00a0\u00bb4.14.8&Prime; custom_padding=\u00a0\u00bb|||\u00a0\u00bb custom_padding_tablet=\u00a0\u00bb|||\u00a0\u00bb custom_padding_phone=\u00a0\u00bb|||\u00a0\u00bb box_shadow_style=\u00a0\u00bbpreset6&Prime; box_shadow_blur=\u00a0\u00bb10px\u00a0\u00bb box_shadow_color=\u00a0\u00bbrgba(0,0,0,0.1)\u00a0\u00bb show_inner_shadow=\u00a0\u00bbon\u00a0\u00bb global_colors_info=\u00a0\u00bb{}\u00a0\u00bb button_text_size__hover_enabled=\u00a0\u00bboff\u00a0\u00bb button_one_text_size__hover_enabled=\u00a0\u00bboff\u00a0\u00bb button_two_text_size__hover_enabled=\u00a0\u00bboff\u00a0\u00bb button_text_color__hover_enabled=\u00a0\u00bboff\u00a0\u00bb button_one_text_color__hover_enabled=\u00a0\u00bboff\u00a0\u00bb button_two_text_color__hover_enabled=\u00a0\u00bboff\u00a0\u00bb button_border_width__hover_enabled=\u00a0\u00bboff\u00a0\u00bb button_one_border_width__hover_enabled=\u00a0\u00bboff\u00a0\u00bb button_two_border_width__hover_enabled=\u00a0\u00bboff\u00a0\u00bb button_border_color__hover_enabled=\u00a0\u00bboff\u00a0\u00bb button_one_border_color__hover_enabled=\u00a0\u00bboff\u00a0\u00bb button_two_border_color__hover_enabled=\u00a0\u00bboff\u00a0\u00bb button_border_radius__hover_enabled=\u00a0\u00bboff\u00a0\u00bb button_one_border_radius__hover_enabled=\u00a0\u00bboff\u00a0\u00bb button_two_border_radius__hover_enabled=\u00a0\u00bboff\u00a0\u00bb button_letter_spacing__hover_enabled=\u00a0\u00bboff\u00a0\u00bb button_one_letter_spacing__hover_enabled=\u00a0\u00bboff\u00a0\u00bb button_two_letter_spacing__hover_enabled=\u00a0\u00bboff\u00a0\u00bb button_bg_color__hover_enabled=\u00a0\u00bboff\u00a0\u00bb button_one_bg_color__hover_enabled=\u00a0\u00bboff\u00a0\u00bb button_two_bg_color__hover_enabled=\u00a0\u00bboff\u00a0\u00bb][\/et_pb_fullwidth_slider][et_pb_fullwidth_image src=\u00a0\u00bbhttps:\/\/vivresonreve.ch\/wp-content\/uploads\/2025\/01\/LEA02-1.jpg\u00a0\u00bb title_text=\u00a0\u00bbLEA02&Prime; _builder_version=\u00a0\u00bb4.14.8&Prime; _module_preset=\u00a0\u00bbdefault\u00a0\u00bb global_colors_info=\u00a0\u00bb{}\u00a0\u00bb][\/et_pb_fullwidth_image][\/et_pb_section][et_pb_section fb_built=\u00a0\u00bb1&Prime; _builder_version=\u00a0\u00bb3.22&Prime; global_colors_info=\u00a0\u00bb{}\u00a0\u00bb][et_pb_row column_structure=\u00a0\u00bb1_3,2_3&Prime; _builder_version=\u00a0\u00bb3.25&Prime; background_size=\u00a0\u00bbinitial\u00a0\u00bb background_position=\u00a0\u00bbtop_left\u00a0\u00bb background_repeat=\u00a0\u00bbrepeat\u00a0\u00bb global_colors_info=\u00a0\u00bb{}\u00a0\u00bb][et_pb_column type=\u00a0\u00bb1_3&Prime; _builder_version=\u00a0\u00bb3.25&Prime; custom_padding=\u00a0\u00bb|||\u00a0\u00bb global_colors_info=\u00a0\u00bb{}\u00a0\u00bb custom_padding__hover=\u00a0\u00bb|||\u00a0\u00bb][et_pb_image src=\u00a0\u00bbhttps:\/\/vivresonreve.ch\/wp-content\/uploads\/2025\/02\/LEA-STERN.jpg\u00a0\u00bb title_text=\u00a0\u00bbLEA STERN\u00a0\u00bb align_tablet=\u00a0\u00bbcenter\u00a0\u00bb align_phone=\u00a0\u00bbcenter\u00a0\u00bb align_last_edited=\u00a0\u00bbon|desktop\u00a0\u00bb admin_label=\u00a0\u00bbImage\u00a0\u00bb _builder_version=\u00a0\u00bb4.14.8&Prime; animation_style=\u00a0\u00bbfade\u00a0\u00bb animation_duration=\u00a0\u00bb500ms\u00a0\u00bb animation=\u00a0\u00bbfade_in\u00a0\u00bb sticky=\u00a0\u00bboff\u00a0\u00bb global_colors_info=\u00a0\u00bb{}\u00a0\u00bb][\/et_pb_image][\/et_pb_column][et_pb_column type=\u00a0\u00bb2_3&Prime; _builder_version=\u00a0\u00bb3.25&Prime; custom_padding=\u00a0\u00bb|||\u00a0\u00bb global_colors_info=\u00a0\u00bb{}\u00a0\u00bb custom_padding__hover=\u00a0\u00bb|||\u00a0\u00bb][et_pb_text admin_label=\u00a0\u00bbText\u00a0\u00bb _builder_version=\u00a0\u00bb4.14.8&Prime; background_size=\u00a0\u00bbinitial\u00a0\u00bb background_position=\u00a0\u00bbtop_left\u00a0\u00bb background_repeat=\u00a0\u00bbrepeat\u00a0\u00bb hover_enabled=\u00a0\u00bb0&Prime; global_colors_info=\u00a0\u00bb{}\u00a0\u00bb sticky_enabled=\u00a0\u00bb0&Prime;]<\/p>\n<h1 style=\"text-align: left; color: #4cadce; font-size: 46px;\"><em>LEA STERN<\/em><\/h1>\n<p><strong>\u00c2ge:<\/strong>\u00a0 24 ans<br \/><strong>Domicile:<\/strong> Pont (Veveyse)<br \/><strong>Canton:<\/strong>\u00a0Fribourg<\/p>\n<p>[\/et_pb_text][et_pb_accordion admin_label=\u00a0\u00bbAccordion\u00a0\u00bb _builder_version=\u00a0\u00bb4.14.8&Prime; global_colors_info=\u00a0\u00bb{}\u00a0\u00bb][et_pb_accordion_item title=\u00a0\u00bbR\u00c9SULTATS SPORTIFS\u00a0\u00bb open=\u00a0\u00bbon\u00a0\u00bb _builder_version=\u00a0\u00bb4.14.8&Prime; global_colors_info=\u00a0\u00bb{}\u00a0\u00bb]<\/p>\n<p style=\"text-align: left;\"><b style=\"color: #4cadce;\"><strong>Saison 2022<\/strong><\/b><\/p>\n<ul><\/ul>\n<ul>\n<li class=\"clearfix\"><span>&#8211; 1\u00e8re au Classement national suisse, Crit\u00e9rium de Bulle, Chrono de la Sionge<\/span><\/li>\n<li class=\"clearfix\"><span>&#8211; 2\u00e8me au Chrono de Porsel, Women&rsquo;s Night Crit (National)<\/span><\/li>\n<li class=\"clearfix\"><span>&#8211; 3\u00e8me au EZF Thun (National)<\/span><\/li>\n<li class=\"clearfix\"><span>&#8211; 5\u00e8me aux Championnats de Suisse du CLM (NC)<\/span><\/li>\n<li class=\"clearfix\"><span>&#8211; 11\u00e8me \u00e0 V\u00e5rg\u00e5rda Westsweden (WWT)<\/span><\/li>\n<li class=\"clearfix\"><span>&#8211; 44me \u00e0 Tre Valli Varesine Women (1.1)<\/span><\/li>\n<li class=\"clearfix\"><span>&#8211; 70\u00e8me au Tour de Romandie F\u00e9minin (WWT)<\/span><\/li>\n<li class=\"clearfix\">&#8211; 93\u00e8me au Tour of Scandinavia (WWT)<\/li>\n<\/ul>\n<p><span><b style=\"color: #4cadce;\"><strong>Saison 2023 (Ann\u00e9e de la triple factures des vert\u00e8bres)<\/strong><\/b><\/span><\/p>\n<div>\n<ul>\n<li data-olk-copy-source=\"MessageBody\">&#8211; 3e au Championnat de Suisse du CLM U23<\/li>\n<li data-olk-copy-source=\"MessageBody\">&#8211; 3e au Chrono de la Sionge<\/li>\n<\/ul>\n<p><span><b style=\"color: #4cadce;\"><strong>Saison 2024 route<\/strong><\/b><\/span><\/p>\n<div>\n<ul>\n<li>&#8211; 1\u00e8re du Radsporttage Gippingen<\/li>\n<li>&#8211; 2e Einzelzeitfahren Thun<\/li>\n<li>&#8211; 2e GP Slagerij Gunther en Wendy (BEL)<\/li>\n<li>&#8211; 2e du Tour de Charente-Maritime (FRA)<\/li>\n<li>&#8211; 2e GP Oberbaselbiet<\/li>\n<li>&#8211; 4e du Championnat de Suisse du CLM professionnel<\/li>\n<li>&#8211; 9e du Championnat de Suisse en ligne professionnel<\/li>\n<li>&#8211; 1\u00e8re du classement national suisse route<\/li>\n<\/ul>\n<p><span><b style=\"color: #4cadce;\"><strong>Saison 2024 cyclo-cross<\/strong><\/b><\/span><\/p>\n<div>\n<div>\n<div>\n<ul>\n<li data-olk-copy-source=\"MessageBody\">&#8211; 1\u00e8re Radcross Illnau (SUI)<\/li>\n<li data-olk-copy-source=\"MessageBody\">&#8211; 1\u00e8re Trofeo Ciclo-Cross Rafa Valls (ESP)<\/li>\n<li data-olk-copy-source=\"MessageBody\">&#8211; 2e Alperosequer Schneisingen (SUI)<\/li>\n<li data-olk-copy-source=\"MessageBody\">&#8211; 3e Ciclocross International Ciutat de X\u00e0tiva (ESP)<\/li>\n<li data-olk-copy-source=\"MessageBody\">&#8211; 1\u00e8re du classement national suisse cyclo-cross<\/li>\n<li data-olk-copy-source=\"MessageBody\">&#8211; 80e du classement mondial UCI en cyclo-cross<\/li>\n<\/ul>\n<\/div>\n<\/div>\n<\/div>\n<div>\n<p>Note : toutes les courses disput\u00e9es en cyclo-cross \u00e9tait en cat\u00e9gorie internationale.<\/p>\n<\/div>\n<div>\n<p aria-hidden=\"true\">\n<\/div>\n<\/div>\n<\/div>\n<p>[\/et_pb_accordion_item][et_pb_accordion_item title=\u00a0\u00bbOBJECTIFS\u00a0\u00bb _builder_version=\u00a0\u00bb4.14.8&Prime; global_colors_info=\u00a0\u00bb{}\u00a0\u00bb open=\u00a0\u00bboff\u00a0\u00bb]<\/p>\n<p><b style=\"color: #4cadce;\">O<strong>bjectifs sportifs 2025<\/strong><\/b><\/p>\n<div>\n<ul>\n<li data-olk-copy-source=\"MessageBody\">&#8211; Passer un nouveau cap physique et technique avec ma nouvelle \u00e9quipe.<\/li>\n<li data-olk-copy-source=\"MessageBody\">&#8211; Am\u00e9liorer mon classement mondial UCI pour \u00eatre dans le top50 mondial<\/li>\n<li data-olk-copy-source=\"MessageBody\">&#8211; Me qualifier pour au moins 6 manches de la Coupe du Monde de cyclo-cross<\/li>\n<li data-olk-copy-source=\"MessageBody\">&#8211; Top5 aux championnats de Suisse route ou CLM 2025<\/li>\n<li data-olk-copy-source=\"MessageBody\">&#8211; M\u00e9daille aux championnats de Suisse de cyclo-cross (2e semaine de janvier 2026 en r\u00e9alit\u00e9).<\/li>\n<\/ul>\n<\/div>\n<p><b style=\"color: #4cadce;\">O<strong>bjectifs \u00e0 plus long terme<\/strong><\/b><\/p>\n<div>\n<ul>\n<li data-olk-copy-source=\"MessageBody\">&#8211; Rejoindre une \u00e9quipe continentale dans les 2 saisons \u00e0 venir.<\/li>\n<li data-olk-copy-source=\"MessageBody\">&#8211; Rentrer dans le top20 mondial en cyclo-cross<\/li>\n<li data-olk-copy-source=\"MessageBody\">&#8211; Devenir un cycliste qui compte sur la route dans 5-6 ans, top30 mondial.<\/li>\n<li data-olk-copy-source=\"MessageBody\">&#8211; Vivre de ma passion<\/li>\n<\/ul>\n<p>&nbsp;<\/p>\n<\/div>\n<p>[\/et_pb_accordion_item][\/et_pb_accordion][\/et_pb_column][\/et_pb_row][et_pb_row column_structure=\u00a0\u00bb1_5,1_5,1_5,1_5,1_5&Prime; _builder_version=\u00a0\u00bb4.14.8&Prime; _module_preset=\u00a0\u00bbdefault\u00a0\u00bb global_colors_info=\u00a0\u00bb{}\u00a0\u00bb][et_pb_column type=\u00a0\u00bb1_5&Prime; _builder_version=\u00a0\u00bb4.14.8&Prime; _module_preset=\u00a0\u00bbdefault\u00a0\u00bb global_colors_info=\u00a0\u00bb{}\u00a0\u00bb][\/et_pb_column][et_pb_column type=\u00a0\u00bb1_5&Prime; _builder_version=\u00a0\u00bb4.14.8&Prime; _module_preset=\u00a0\u00bbdefault\u00a0\u00bb global_colors_info=\u00a0\u00bb{}\u00a0\u00bb][\/et_pb_column][et_pb_column type=\u00a0\u00bb1_5&Prime; _builder_version=\u00a0\u00bb4.14.8&Prime; _module_preset=\u00a0\u00bbdefault\u00a0\u00bb global_colors_info=\u00a0\u00bb{}\u00a0\u00bb][\/et_pb_column][et_pb_column type=\u00a0\u00bb1_5&Prime; _builder_version=\u00a0\u00bb4.14.8&Prime; _module_preset=\u00a0\u00bbdefault\u00a0\u00bb global_colors_info=\u00a0\u00bb{}\u00a0\u00bb][\/et_pb_column][et_pb_column type=\u00a0\u00bb1_5&Prime; _builder_version=\u00a0\u00bb4.14.8&Prime; _module_preset=\u00a0\u00bbdefault\u00a0\u00bb global_colors_info=\u00a0\u00bb{}\u00a0\u00bb][\/et_pb_column][\/et_pb_row][et_pb_row column_structure=\u00a0\u00bb1_4,1_4,1_4,1_4&Prime; _builder_version=\u00a0\u00bb4.14.8&Prime; _module_preset=\u00a0\u00bbdefault\u00a0\u00bb global_colors_info=\u00a0\u00bb{}\u00a0\u00bb][et_pb_column type=\u00a0\u00bb1_4&Prime; _builder_version=\u00a0\u00bb4.14.8&Prime; _module_preset=\u00a0\u00bbdefault\u00a0\u00bb global_colors_info=\u00a0\u00bb{}\u00a0\u00bb][et_pb_gallery gallery_ids=\u00a0\u00bb7481&Prime; posts_number=\u00a0\u00bb0&Prime; show_title_and_caption=\u00a0\u00bboff\u00a0\u00bb _builder_version=\u00a0\u00bb4.14.8&Prime; _module_preset=\u00a0\u00bbdefault\u00a0\u00bb global_colors_info=\u00a0\u00bb{}\u00a0\u00bb][\/et_pb_gallery][\/et_pb_column][et_pb_column type=\u00a0\u00bb1_4&Prime; _builder_version=\u00a0\u00bb4.14.8&Prime; _module_preset=\u00a0\u00bbdefault\u00a0\u00bb global_colors_info=\u00a0\u00bb{}\u00a0\u00bb][et_pb_gallery gallery_ids=\u00a0\u00bb7480&Prime; show_title_and_caption=\u00a0\u00bboff\u00a0\u00bb _builder_version=\u00a0\u00bb4.14.8&Prime; _module_preset=\u00a0\u00bbdefault\u00a0\u00bb global_colors_info=\u00a0\u00bb{}\u00a0\u00bb][\/et_pb_gallery][\/et_pb_column][et_pb_column type=\u00a0\u00bb1_4&Prime; _builder_version=\u00a0\u00bb4.14.8&Prime; _module_preset=\u00a0\u00bbdefault\u00a0\u00bb global_colors_info=\u00a0\u00bb{}\u00a0\u00bb][et_pb_gallery gallery_ids=\u00a0\u00bb7479&Prime; show_title_and_caption=\u00a0\u00bboff\u00a0\u00bb _builder_version=\u00a0\u00bb4.14.8&Prime; _module_preset=\u00a0\u00bbdefault\u00a0\u00bb global_colors_info=\u00a0\u00bb{}\u00a0\u00bb][\/et_pb_gallery][\/et_pb_column][et_pb_column type=\u00a0\u00bb1_4&Prime; _builder_version=\u00a0\u00bb4.14.8&Prime; _module_preset=\u00a0\u00bbdefault\u00a0\u00bb global_colors_info=\u00a0\u00bb{}\u00a0\u00bb][et_pb_gallery gallery_ids=\u00a0\u00bb7478&Prime; show_title_and_caption=\u00a0\u00bboff\u00a0\u00bb _builder_version=\u00a0\u00bb4.14.8&Prime; _module_preset=\u00a0\u00bbdefault\u00a0\u00bb global_colors_info=\u00a0\u00bb{}\u00a0\u00bb][\/et_pb_gallery][\/et_pb_column][\/et_pb_row][\/et_pb_section]<\/p>\n","protected":false},"excerpt":{"rendered":"<p>LEA STERN \u00c2ge:\u00a0 24 ansDomicile: Pont (Veveyse)Canton:\u00a0FribourgSaison 2022 &#8211; 1\u00e8re au Classement national suisse, Crit\u00e9rium de Bulle, Chrono de la Sionge &#8211; 2\u00e8me au Chrono de Porsel, Women&rsquo;s Night Crit (National) &#8211; 3\u00e8me au EZF Thun (National) &#8211; 5\u00e8me aux Championnats de Suisse du CLM (NC) &#8211; 11\u00e8me \u00e0 V\u00e5rg\u00e5rda Westsweden (WWT) &#8211; 44me \u00e0 [&hellip;]<\/p>\n","protected":false},"author":2,"featured_media":0,"parent":0,"menu_order":0,"comment_status":"closed","ping_status":"closed","template":"","meta":{"_et_pb_use_builder":"on","_et_pb_old_content":"L\u00e9a s'est mise au cyclisme pour le plaisir en \u00e9t\u00e9 2020 et a particip\u00e9 \u00e0 quelques comp\u00e9titions r\u00e9gionales avant d'\u00eatre rep\u00e9r\u00e9e en octobre 2021 par le manager de l'\u00e9quipe professionnelle Roland Cogeas Edelweiss Squad lors d'une course nationale contre-la-montre. L'int\u00e9gration \u00e0 cette \u00e9quipe lui a permis de participer \u00e0 des courses de haut niveau telles que les Strade Bianche, Le Tour des Flandres, La Fl\u00e8che Wallonne, Le Li\u00e8ge-Bastogne-Li\u00e8ge ou encore le Tour de Romandie F\u00e9minin. D\u00e8s 2023, L\u00e9a a rejoint une \u00e9quipe continentale, Team Grand-Est Komugi La Fabrique, bas\u00e9e en France pr\u00e8s de Nancy.\r\n\r\n&nbsp;\r\n<ul>\r\n \t<li>Podium au championnat de Suisse U23 du contre-la-montre (route)<\/li>\r\n \t<li>Podium dans un autre championnat de Suisse (piste ou cyclo-cross)<\/li>\r\n \t<li>Top 10 au championnat de Suisse professionnel en ligne (route)<\/li>\r\n \t<li>Faire partie des 400 meilleures cyclistes de la plan\u00e8te (850e en 2022)<\/li>\r\n \t<li>\u00catre s\u00e9lectionn\u00e9e pour les championnats d\u2019Europe et le Tour de l\u2019Avenir f\u00e9minin (route)<\/li>\r\n<\/ul>","_et_gb_content_width":"","footnotes":""},"class_list":["post-7475","page","type-page","status-publish","hentry"],"_links":{"self":[{"href":"https:\/\/vivresonreve.ch\/index.php?rest_route=\/wp\/v2\/pages\/7475","targetHints":{"allow":["GET"]}}],"collection":[{"href":"https:\/\/vivresonreve.ch\/index.php?rest_route=\/wp\/v2\/pages"}],"about":[{"href":"https:\/\/vivresonreve.ch\/index.php?rest_route=\/wp\/v2\/types\/page"}],"author":[{"embeddable":true,"href":"https:\/\/vivresonreve.ch\/index.php?rest_route=\/wp\/v2\/users\/2"}],"replies":[{"embeddable":true,"href":"https:\/\/vivresonreve.ch\/index.php?rest_route=%2Fwp%2Fv2%2Fcomments&post=7475"}],"version-history":[{"count":6,"href":"https:\/\/vivresonreve.ch\/index.php?rest_route=\/wp\/v2\/pages\/7475\/revisions"}],"predecessor-version":[{"id":7998,"href":"https:\/\/vivresonreve.ch\/index.php?rest_route=\/wp\/v2\/pages\/7475\/revisions\/7998"}],"wp:attachment":[{"href":"https:\/\/vivresonreve.ch\/index.php?rest_route=%2Fwp%2Fv2%2Fmedia&parent=7475"}],"curies":[{"name":"wp","href":"https:\/\/api.w.org\/{rel}","templated":true}]}}