{"id":6997,"date":"2024-03-06T13:48:11","date_gmt":"2024-03-06T11:48:11","guid":{"rendered":"https:\/\/vivresonreve.ch\/?page_id=6997"},"modified":"2024-03-11T10:31:44","modified_gmt":"2024-03-11T08:31:44","slug":"mathieu-roulin-2","status":"publish","type":"page","link":"https:\/\/vivresonreve.ch\/?page_id=6997","title":{"rendered":"Mathieu Roulin"},"content":{"rendered":"<p>[et_pb_section fb_built=\u00a0\u00bb1&Prime; fullwidth=\u00a0\u00bbon\u00a0\u00bb _builder_version=\u00a0\u00bb3.22&Prime; background_color=\u00a0\u00bb#ffffff\u00a0\u00bb transparent_background=\u00a0\u00bboff\u00a0\u00bb global_colors_info=\u00a0\u00bb{}\u00a0\u00bb][et_pb_fullwidth_slider show_arrows=\u00a0\u00bboff\u00a0\u00bb show_pagination=\u00a0\u00bboff\u00a0\u00bb admin_label=\u00a0\u00bbFullwidth Slider\u00a0\u00bb _builder_version=\u00a0\u00bb4.14.8&Prime; custom_padding=\u00a0\u00bb|||\u00a0\u00bb custom_padding_tablet=\u00a0\u00bb|||\u00a0\u00bb custom_padding_phone=\u00a0\u00bb|||\u00a0\u00bb box_shadow_style=\u00a0\u00bbpreset6&Prime; box_shadow_blur=\u00a0\u00bb10px\u00a0\u00bb box_shadow_color=\u00a0\u00bbrgba(0,0,0,0.1)\u00a0\u00bb show_inner_shadow=\u00a0\u00bbon\u00a0\u00bb global_colors_info=\u00a0\u00bb{}\u00a0\u00bb button_text_size__hover_enabled=\u00a0\u00bboff\u00a0\u00bb button_one_text_size__hover_enabled=\u00a0\u00bboff\u00a0\u00bb button_two_text_size__hover_enabled=\u00a0\u00bboff\u00a0\u00bb button_text_color__hover_enabled=\u00a0\u00bboff\u00a0\u00bb button_one_text_color__hover_enabled=\u00a0\u00bboff\u00a0\u00bb button_two_text_color__hover_enabled=\u00a0\u00bboff\u00a0\u00bb button_border_width__hover_enabled=\u00a0\u00bboff\u00a0\u00bb button_one_border_width__hover_enabled=\u00a0\u00bboff\u00a0\u00bb button_two_border_width__hover_enabled=\u00a0\u00bboff\u00a0\u00bb button_border_color__hover_enabled=\u00a0\u00bboff\u00a0\u00bb button_one_border_color__hover_enabled=\u00a0\u00bboff\u00a0\u00bb button_two_border_color__hover_enabled=\u00a0\u00bboff\u00a0\u00bb button_border_radius__hover_enabled=\u00a0\u00bboff\u00a0\u00bb button_one_border_radius__hover_enabled=\u00a0\u00bboff\u00a0\u00bb button_two_border_radius__hover_enabled=\u00a0\u00bboff\u00a0\u00bb button_letter_spacing__hover_enabled=\u00a0\u00bboff\u00a0\u00bb button_one_letter_spacing__hover_enabled=\u00a0\u00bboff\u00a0\u00bb button_two_letter_spacing__hover_enabled=\u00a0\u00bboff\u00a0\u00bb button_bg_color__hover_enabled=\u00a0\u00bboff\u00a0\u00bb button_one_bg_color__hover_enabled=\u00a0\u00bboff\u00a0\u00bb button_two_bg_color__hover_enabled=\u00a0\u00bboff\u00a0\u00bb][\/et_pb_fullwidth_slider][et_pb_fullwidth_image src=\u00a0\u00bbhttps:\/\/vivresonreve.ch\/wp-content\/uploads\/2024\/03\/MR_PIXELS_02.png\u00a0\u00bb title_text=\u00a0\u00bbMR_PIXELS_02&Prime; _builder_version=\u00a0\u00bb4.14.8&Prime; _module_preset=\u00a0\u00bbdefault\u00a0\u00bb global_colors_info=\u00a0\u00bb{}\u00a0\u00bb][\/et_pb_fullwidth_image][\/et_pb_section][et_pb_section fb_built=\u00a0\u00bb1&Prime; _builder_version=\u00a0\u00bb3.22&Prime; global_colors_info=\u00a0\u00bb{}\u00a0\u00bb][et_pb_row column_structure=\u00a0\u00bb1_3,2_3&Prime; _builder_version=\u00a0\u00bb3.25&Prime; background_size=\u00a0\u00bbinitial\u00a0\u00bb background_position=\u00a0\u00bbtop_left\u00a0\u00bb background_repeat=\u00a0\u00bbrepeat\u00a0\u00bb global_colors_info=\u00a0\u00bb{}\u00a0\u00bb][et_pb_column type=\u00a0\u00bb1_3&Prime; _builder_version=\u00a0\u00bb3.25&Prime; custom_padding=\u00a0\u00bb|||\u00a0\u00bb global_colors_info=\u00a0\u00bb{}\u00a0\u00bb custom_padding__hover=\u00a0\u00bb|||\u00a0\u00bb][et_pb_image src=\u00a0\u00bbhttps:\/\/vivresonreve.ch\/wp-content\/uploads\/2024\/02\/MAT07.jpg\u00a0\u00bb title_text=\u00a0\u00bbMAT07&Prime; align_tablet=\u00a0\u00bbcenter\u00a0\u00bb align_phone=\u00a0\u00bbcenter\u00a0\u00bb align_last_edited=\u00a0\u00bbon|desktop\u00a0\u00bb admin_label=\u00a0\u00bbImage\u00a0\u00bb _builder_version=\u00a0\u00bb4.14.8&Prime; animation_style=\u00a0\u00bbfade\u00a0\u00bb animation_duration=\u00a0\u00bb500ms\u00a0\u00bb animation=\u00a0\u00bbfade_in\u00a0\u00bb sticky=\u00a0\u00bboff\u00a0\u00bb global_colors_info=\u00a0\u00bb{}\u00a0\u00bb][\/et_pb_image][\/et_pb_column][et_pb_column type=\u00a0\u00bb2_3&Prime; _builder_version=\u00a0\u00bb3.25&Prime; custom_padding=\u00a0\u00bb|||\u00a0\u00bb global_colors_info=\u00a0\u00bb{}\u00a0\u00bb custom_padding__hover=\u00a0\u00bb|||\u00a0\u00bb][et_pb_text admin_label=\u00a0\u00bbText\u00a0\u00bb _builder_version=\u00a0\u00bb4.14.8&Prime; background_size=\u00a0\u00bbinitial\u00a0\u00bb background_position=\u00a0\u00bbtop_left\u00a0\u00bb background_repeat=\u00a0\u00bbrepeat\u00a0\u00bb global_colors_info=\u00a0\u00bb{}\u00a0\u00bb]<\/p>\n<h1 style=\"text-align: left; color: #4cadce; font-size: 46px;\"><em>MATHIEU ROULIN<\/em><\/h1>\n<p><em><strong>\u00c2ge:<\/strong> 14 ans (2 septembre 2010)<br \/><strong>Domicile:<\/strong> Treyvaux<br \/><strong>Canton:<\/strong>\u00a0Fribourg<\/em><\/p>\n<p>[\/et_pb_text][et_pb_accordion admin_label=\u00a0\u00bbAccordion\u00a0\u00bb _builder_version=\u00a0\u00bb4.14.8&Prime; global_colors_info=\u00a0\u00bb{}\u00a0\u00bb][et_pb_accordion_item title=\u00a0\u00bbR\u00c9SULTATS SPORTIFS\u00a0\u00bb open=\u00a0\u00bbon\u00a0\u00bb _builder_version=\u00a0\u00bb4.14.8&Prime; global_colors_info=\u00a0\u00bb{}\u00a0\u00bb]<b style=\"color: #4cadce;\"><strong>R\u00e9sultats 2021-2023<\/strong><\/b><\/p>\n<ul>\n<li>Finale du Grand Prix Migros aux Diablerets<br \/>\n01.04.2023 : 4\u00e8me place en Combi Race<br \/>\n02.04.2023 : 1\u00e8re place en G\u00e9ant<\/li>\n<li>Finale du Grand Prix Migros \u00e0 Obersaxen<br \/>\n26.03.2022 : 4\u00e8me place en en Combi Race<br \/>\n27.03.2022 : 13\u00e8me place en G\u00e9ant<\/li>\n<li>Coupe Raiffeisen 2021-2022<br \/>\n1er rang U12<\/li>\n<li>Coupe Raiffeisen 2022-2023<br \/>\n3\u00e8me rang U14<\/li>\n<\/ul>\n<p>[\/et_pb_accordion_item][et_pb_accordion_item title=\u00a0\u00bbOBJECTIFS\u00a0\u00bb _builder_version=\u00a0\u00bb4.14.8&Prime; global_colors_info=\u00a0\u00bb{}\u00a0\u00bb open=\u00a0\u00bboff\u00a0\u00bb]<b style=\"color: #4cadce;\">O<strong>bjectifs sportifs <\/strong><\/b><\/p>\n<p style=\"padding-left: 40px;\"><b style=\"color: #4cadce;\"><strong>2024<\/strong><\/b><\/p>\n<ul>\n<li>S\u00e9lection dans les cadres A de Ski Romand en mai 2024<\/li>\n<li>Top 25 IRW (course Interregion West)<\/li>\n<li>Pas de blessures, continuer \u00e0 progresser et prendre de l\u2019exp\u00e9rience<\/li>\n<\/ul>\n<p style=\"padding-left: 40px;\"><b style=\"color: #4cadce;\">Moyen terme\/long terme<\/b><\/p>\n<ul>\n<li>Participation aux courses nationales hiver 2024-2025<\/li>\n<li>Int\u00e9grer le Centre national de performance Ouest \u00e0 Brigue en \u00e9t\u00e9 2026<strong><br \/>\n<\/strong><\/li>\n<\/ul>\n<p>[\/et_pb_accordion_item][\/et_pb_accordion][\/et_pb_column][\/et_pb_row][et_pb_row _builder_version=\u00a0\u00bb4.14.8&Prime; background_size=\u00a0\u00bbinitial\u00a0\u00bb background_position=\u00a0\u00bbtop_left\u00a0\u00bb background_repeat=\u00a0\u00bbrepeat\u00a0\u00bb global_colors_info=\u00a0\u00bb{}\u00a0\u00bb][et_pb_column type=\u00a0\u00bb4_4&Prime; _builder_version=\u00a0\u00bb3.25&Prime; custom_padding=\u00a0\u00bb|||\u00a0\u00bb global_colors_info=\u00a0\u00bb{}\u00a0\u00bb custom_padding__hover=\u00a0\u00bb|||\u00a0\u00bb][et_pb_gallery _builder_version=\u00a0\u00bb4.14.8&Prime; _module_preset=\u00a0\u00bbdefault\u00a0\u00bb posts_number=\u00a0\u00bb3&Prime; gallery_ids=\u00a0\u00bb7111,7112,7113&Prime; show_title_and_caption=\u00a0\u00bboff\u00a0\u00bb hover_enabled=\u00a0\u00bb0&Prime; sticky_enabled=\u00a0\u00bb0&Prime;][\/et_pb_gallery][\/et_pb_column][\/et_pb_row][\/et_pb_section]<\/p>\n","protected":false},"excerpt":{"rendered":"<p>MATHIEU ROULIN \u00c2ge: 14 ans (2 septembre 2010)Domicile: TreyvauxCanton:\u00a0FribourgR\u00e9sultats 2021-2023 Finale du Grand Prix Migros aux Diablerets 01.04.2023 : 4\u00e8me place en Combi Race 02.04.2023 : 1\u00e8re place en G\u00e9ant Finale du Grand Prix Migros \u00e0 Obersaxen 26.03.2022 : 4\u00e8me place en en Combi Race 27.03.2022 : 13\u00e8me place en G\u00e9ant Coupe Raiffeisen 2021-2022 1er [&hellip;]<\/p>\n","protected":false},"author":2,"featured_media":0,"parent":0,"menu_order":0,"comment_status":"closed","ping_status":"closed","template":"","meta":{"_et_pb_use_builder":"on","_et_pb_old_content":"","_et_gb_content_width":"","footnotes":""},"class_list":["post-6997","page","type-page","status-publish","hentry"],"_links":{"self":[{"href":"https:\/\/vivresonreve.ch\/index.php?rest_route=\/wp\/v2\/pages\/6997","targetHints":{"allow":["GET"]}}],"collection":[{"href":"https:\/\/vivresonreve.ch\/index.php?rest_route=\/wp\/v2\/pages"}],"about":[{"href":"https:\/\/vivresonreve.ch\/index.php?rest_route=\/wp\/v2\/types\/page"}],"author":[{"embeddable":true,"href":"https:\/\/vivresonreve.ch\/index.php?rest_route=\/wp\/v2\/users\/2"}],"replies":[{"embeddable":true,"href":"https:\/\/vivresonreve.ch\/index.php?rest_route=%2Fwp%2Fv2%2Fcomments&post=6997"}],"version-history":[{"count":10,"href":"https:\/\/vivresonreve.ch\/index.php?rest_route=\/wp\/v2\/pages\/6997\/revisions"}],"predecessor-version":[{"id":7114,"href":"https:\/\/vivresonreve.ch\/index.php?rest_route=\/wp\/v2\/pages\/6997\/revisions\/7114"}],"wp:attachment":[{"href":"https:\/\/vivresonreve.ch\/index.php?rest_route=%2Fwp%2Fv2%2Fmedia&parent=6997"}],"curies":[{"name":"wp","href":"https:\/\/api.w.org\/{rel}","templated":true}]}}