{"id":6570,"date":"2023-07-21T09:57:26","date_gmt":"2023-07-21T07:57:26","guid":{"rendered":"https:\/\/vivresonreve.ch\/?page_id=6570"},"modified":"2025-04-04T14:57:02","modified_gmt":"2025-04-04T12:57:02","slug":"media-presse","status":"publish","type":"page","link":"https:\/\/vivresonreve.ch\/?page_id=6570","title":{"rendered":"M\u00e9dia Presse"},"content":{"rendered":"<p>[et_pb_section fb_built=\u00a0\u00bb1&Prime; _builder_version=\u00a0\u00bb3.22&Prime; background_color=\u00a0\u00bb#ffffff\u00a0\u00bb background_image=\u00a0\u00bbhttps:\/\/vivresonreve.ch\/wp-content\/uploads\/2014\/11\/Title_bg_comite_presentation.jpg\u00a0\u00bb transparent_background=\u00a0\u00bboff\u00a0\u00bb global_colors_info=\u00a0\u00bb{}\u00a0\u00bb][et_pb_row _builder_version=\u00a0\u00bb3.25&Prime; background_size=\u00a0\u00bbinitial\u00a0\u00bb background_position=\u00a0\u00bbtop_left\u00a0\u00bb background_repeat=\u00a0\u00bbrepeat\u00a0\u00bb global_colors_info=\u00a0\u00bb{}\u00a0\u00bb][et_pb_column type=\u00a0\u00bb4_4&Prime; _builder_version=\u00a0\u00bb3.25&Prime; custom_padding=\u00a0\u00bb|||\u00a0\u00bb global_colors_info=\u00a0\u00bb{}\u00a0\u00bb custom_padding__hover=\u00a0\u00bb|||\u00a0\u00bb][et_pb_image src=\u00a0\u00bbhttps:\/\/vivresonreve.ch\/wp-content\/uploads\/2023\/07\/MEDIA.png\u00a0\u00bb title_text=\u00a0\u00bbMEDIA\u00a0\u00bb show_bottom_space=\u00a0\u00bboff\u00a0\u00bb align_tablet=\u00a0\u00bbcenter\u00a0\u00bb align_phone=\u00a0\u00bbcenter\u00a0\u00bb align_last_edited=\u00a0\u00bbon|desktop\u00a0\u00bb admin_label=\u00a0\u00bbImage\u00a0\u00bb _builder_version=\u00a0\u00bb4.14.8&Prime; animation_style=\u00a0\u00bbfade\u00a0\u00bb animation_duration=\u00a0\u00bb500ms\u00a0\u00bb animation=\u00a0\u00bbfade_in\u00a0\u00bb sticky=\u00a0\u00bbon\u00a0\u00bb global_colors_info=\u00a0\u00bb{}\u00a0\u00bb][\/et_pb_image][\/et_pb_column][\/et_pb_row][\/et_pb_section][et_pb_section fb_built=\u00a0\u00bb1&Prime; _builder_version=\u00a0\u00bb4.14.8&Prime; _module_preset=\u00a0\u00bbdefault\u00a0\u00bb global_colors_info=\u00a0\u00bb{}\u00a0\u00bb][et_pb_row _builder_version=\u00a0\u00bb4.14.8&Prime; _module_preset=\u00a0\u00bbdefault\u00a0\u00bb global_colors_info=\u00a0\u00bb{}\u00a0\u00bb][et_pb_column type=\u00a0\u00bb4_4&Prime; _builder_version=\u00a0\u00bb4.14.8&Prime; _module_preset=\u00a0\u00bbdefault\u00a0\u00bb global_colors_info=\u00a0\u00bb{}\u00a0\u00bb][et_pb_text _builder_version=\u00a0\u00bb4.14.8&Prime; _module_preset=\u00a0\u00bbdefault\u00a0\u00bb global_colors_info=\u00a0\u00bb{}\u00a0\u00bb]<\/p>\n<h3 class=\"LC20lb MBeuO DKV0Md\">La T\u00e9l\u00e9 &#8211; La T\u00e9l\u00e9vision r\u00e9gionale valdo-fribourgeoise<br \/>Manifestation annuelle 2017 de Vivre son R\u00eave<\/h3>\n<div style=\"width: 848px;\" class=\"wp-video\"><video class=\"wp-video-shortcode\" id=\"video-6570-1\" width=\"848\" height=\"480\" preload=\"metadata\" controls=\"controls\"><source type=\"video\/mp4\" src=\"https:\/\/vivresonreve.ch\/wp-content\/uploads\/2023\/07\/LATELE2018.mp4?_=1\" \/><a href=\"https:\/\/vivresonreve.ch\/wp-content\/uploads\/2023\/07\/LATELE2018.mp4\">https:\/\/vivresonreve.ch\/wp-content\/uploads\/2023\/07\/LATELE2018.mp4<\/a><\/video><\/div>\n<p>&nbsp;<\/p>\n<p>[\/et_pb_text][\/et_pb_column][\/et_pb_row][\/et_pb_section]<\/p>\n","protected":false},"excerpt":{"rendered":"<p>La T\u00e9l\u00e9 &#8211; La T\u00e9l\u00e9vision r\u00e9gionale valdo-fribourgeoiseManifestation annuelle 2017 de Vivre son R\u00eave <div style=\"width: 848px;\" class=\"wp-video\"><video class=\"wp-video-shortcode\" id=\"video-6570-2\" width=\"848\" height=\"480\" preload=\"metadata\" controls=\"controls\"><source type=\"video\/mp4\" src=\"https:\/\/vivresonreve.ch\/wp-content\/uploads\/2023\/07\/LATELE2018.mp4?_=2\" \/><a href=\"https:\/\/vivresonreve.ch\/wp-content\/uploads\/2023\/07\/LATELE2018.mp4\">https:\/\/vivresonreve.ch\/wp-content\/uploads\/2023\/07\/LATELE2018.mp4<\/a><\/video><\/div> &nbsp;<\/p>\n","protected":false},"author":2,"featured_media":0,"parent":0,"menu_order":0,"comment_status":"closed","ping_status":"closed","template":"","meta":{"_et_pb_use_builder":"on","_et_pb_old_content":"[video width=\"848\" height=\"480\" mp4=\"https:\/\/vivresonreve.ch\/wp-content\/uploads\/2023\/07\/LATELE2018.mp4\"][\/video]","_et_gb_content_width":"","footnotes":""},"class_list":["post-6570","page","type-page","status-publish","hentry"],"_links":{"self":[{"href":"https:\/\/vivresonreve.ch\/index.php?rest_route=\/wp\/v2\/pages\/6570","targetHints":{"allow":["GET"]}}],"collection":[{"href":"https:\/\/vivresonreve.ch\/index.php?rest_route=\/wp\/v2\/pages"}],"about":[{"href":"https:\/\/vivresonreve.ch\/index.php?rest_route=\/wp\/v2\/types\/page"}],"author":[{"embeddable":true,"href":"https:\/\/vivresonreve.ch\/index.php?rest_route=\/wp\/v2\/users\/2"}],"replies":[{"embeddable":true,"href":"https:\/\/vivresonreve.ch\/index.php?rest_route=%2Fwp%2Fv2%2Fcomments&post=6570"}],"version-history":[{"count":4,"href":"https:\/\/vivresonreve.ch\/index.php?rest_route=\/wp\/v2\/pages\/6570\/revisions"}],"predecessor-version":[{"id":7622,"href":"https:\/\/vivresonreve.ch\/index.php?rest_route=\/wp\/v2\/pages\/6570\/revisions\/7622"}],"wp:attachment":[{"href":"https:\/\/vivresonreve.ch\/index.php?rest_route=%2Fwp%2Fv2%2Fmedia&parent=6570"}],"curies":[{"name":"wp","href":"https:\/\/api.w.org\/{rel}","templated":true}]}}