{"id":6282,"date":"2023-05-15T09:25:09","date_gmt":"2023-05-15T07:25:09","guid":{"rendered":"https:\/\/vivresonreve.ch\/?page_id=6282"},"modified":"2025-04-04T11:34:07","modified_gmt":"2025-04-04T09:34:07","slug":"ambassadeur-espoir-soutenu","status":"publish","type":"page","link":"https:\/\/vivresonreve.ch\/?page_id=6282","title":{"rendered":"Ambassadeur espoir soutenu"},"content":{"rendered":"<p>[et_pb_section fb_built=\u00a0\u00bb1&Prime; _builder_version=\u00a0\u00bb3.22&Prime; background_color=\u00a0\u00bb#ffffff\u00a0\u00bb background_image=\u00a0\u00bbhttps:\/\/vivresonreve.ch\/wp-content\/uploads\/2014\/11\/Title_bg_parrains.jpg\u00a0\u00bb transparent_background=\u00a0\u00bboff\u00a0\u00bb global_colors_info=\u00a0\u00bb{}\u00a0\u00bb][et_pb_row _builder_version=\u00a0\u00bb4.14.8&Prime; background_size=\u00a0\u00bbinitial\u00a0\u00bb background_position=\u00a0\u00bbtop_left\u00a0\u00bb background_repeat=\u00a0\u00bbrepeat\u00a0\u00bb min_height=\u00a0\u00bb129px\u00a0\u00bb global_colors_info=\u00a0\u00bb{}\u00a0\u00bb][et_pb_column type=\u00a0\u00bb4_4&Prime; _builder_version=\u00a0\u00bb3.25&Prime; custom_padding=\u00a0\u00bb|||\u00a0\u00bb global_colors_info=\u00a0\u00bb{}\u00a0\u00bb custom_padding__hover=\u00a0\u00bb|||\u00a0\u00bb][et_pb_image src=\u00a0\u00bbhttps:\/\/vivresonreve.ch\/wp-content\/uploads\/2023\/05\/ambassadeur-1.png\u00a0\u00bb title_text=\u00a0\u00bbambassadeur\u00a0\u00bb show_bottom_space=\u00a0\u00bboff\u00a0\u00bb align_tablet=\u00a0\u00bbcenter\u00a0\u00bb align_phone=\u00a0\u00bbcenter\u00a0\u00bb align_last_edited=\u00a0\u00bbon|desktop\u00a0\u00bb admin_label=\u00a0\u00bbImage\u00a0\u00bb _builder_version=\u00a0\u00bb4.14.8&Prime; custom_padding=\u00a0\u00bb40px||||false|false\u00a0\u00bb animation_style=\u00a0\u00bbfade\u00a0\u00bb animation_duration=\u00a0\u00bb500ms\u00a0\u00bb animation=\u00a0\u00bbfade_in\u00a0\u00bb sticky=\u00a0\u00bbon\u00a0\u00bb global_colors_info=\u00a0\u00bb{}\u00a0\u00bb][\/et_pb_image][\/et_pb_column][\/et_pb_row][\/et_pb_section][et_pb_section fb_built=\u00a0\u00bb1&Prime; _builder_version=\u00a0\u00bb4.14.8&Prime; _module_preset=\u00a0\u00bbdefault\u00a0\u00bb min_height=\u00a0\u00bb144px\u00a0\u00bb custom_padding=\u00a0\u00bb||0px|||\u00a0\u00bb global_colors_info=\u00a0\u00bb{}\u00a0\u00bb][et_pb_row _builder_version=\u00a0\u00bb4.14.8&Prime; _module_preset=\u00a0\u00bbdefault\u00a0\u00bb min_height=\u00a0\u00bb70px\u00a0\u00bb global_colors_info=\u00a0\u00bb{}\u00a0\u00bb][et_pb_column type=\u00a0\u00bb4_4&Prime; _builder_version=\u00a0\u00bb4.14.8&Prime; _module_preset=\u00a0\u00bbdefault\u00a0\u00bb global_colors_info=\u00a0\u00bb{}\u00a0\u00bb][et_pb_text _builder_version=\u00a0\u00bb4.14.8&Prime; _module_preset=\u00a0\u00bbdefault\u00a0\u00bb global_colors_info=\u00a0\u00bb{}\u00a0\u00bb]<\/p>\n<h4 style=\"text-align: left;\"><em>Les espoirs ayant \u00e9t\u00e9 soutenu par l\u2019association Vivre son R\u00eave durant une certaine p\u00e9riode de leur carri\u00e8re sportive et qui en sont\u00a0<br \/><\/em><em><\/em><em>actuellement <\/em><em>devenus \u00ab Ambassadeur espoir soutenu \u00bb en guise de reconnaissance:<\/em><\/h4>\n<p>[\/et_pb_text][\/et_pb_column][\/et_pb_row][\/et_pb_section][et_pb_section fb_built=\u00a0\u00bb1&Prime; _builder_version=\u00a0\u00bb4.14.8&Prime; _module_preset=\u00a0\u00bbdefault\u00a0\u00bb custom_padding=\u00a0\u00bb0px|||||\u00a0\u00bb global_colors_info=\u00a0\u00bb{}\u00a0\u00bb][et_pb_row _builder_version=\u00a0\u00bb4.14.8&Prime; _module_preset=\u00a0\u00bbdefault\u00a0\u00bb global_colors_info=\u00a0\u00bb{}\u00a0\u00bb][et_pb_column type=\u00a0\u00bb4_4&Prime; _builder_version=\u00a0\u00bb4.14.8&Prime; _module_preset=\u00a0\u00bbdefault\u00a0\u00bb global_colors_info=\u00a0\u00bb{}\u00a0\u00bb][et_pb_text _builder_version=\u00a0\u00bb4.14.8&Prime; _module_preset=\u00a0\u00bbdefault\u00a0\u00bb global_colors_info=\u00a0\u00bb{}\u00a0\u00bb]<\/p>\n<p><strong>Arnaud Boisset, Ski Alpin (En activit\u00e9 en tant que sportif professionnel)<\/strong><\/p>\n<p>L&rsquo;association Vivre son r\u00eave m&rsquo;a soutenu pendant mes ann\u00e9es sur le circuit coupe d&rsquo;Europe o\u00f9 la visibilit\u00e9 est faible et les sponsors se font rares. Elle m&rsquo;a soutenu moralement et financi\u00e8rement afin de m&rsquo;aider \u00e0 boucler mon budget. Cette derni\u00e8re saison est un accomplissement pour moi, avec des performances de choix sur le circuit coupe du monde, je retiens notamment<\/p>\n<p>19e World Cup Super G Val Gardena<br \/>22e World Cup Descente Bormio<br \/>28e World Cup Super G Bormio<br \/>14e World Cup Super G Lauberhorn Wengen<br \/>9e World Cup Descente Kitzbuehel<br \/>20e World Cup Descente Kitzbuehel<br \/>12e World Cup Super G Garmisch-Partenkirchen<br \/>7e World Cup Super G Garmisch-Partenkirchen<br \/>24e World Cup Descente Kvitfjell<br \/>8e World Cup Super G Kvitfjell<br \/>1e Coupe d&rsquo;Europe Super G Verbier<br \/>3e World Cup Final Super G Saalbach<br \/>35e World Cup Classement Final\u00a0 239 points<\/p>\n<p>Je suis honor\u00e9 d&rsquo;avoir pu faire de ma passion un m\u00e9tier et je tiens \u00e0 remercier tous les partenaires qui me permettent d\u00e9sormais de vivre de mon sport.<\/p>\n<p>Arnaud Boisset<\/p>\n<p><a href=\"\/\/arnaudboisset.com\/\" target=\"_blank\" rel=\"noopener\"><img loading=\"lazy\" decoding=\"async\" src=\"https:\/\/vivresonreve.ch\/wp-content\/uploads\/2024\/02\/ARNAUD01-300x200.jpg\" width=\"353\" height=\"235\" alt=\"\" class=\"wp-image-6824 size-medium\" style=\"display: block; margin-left: auto; margin-right: auto;\" \/><\/a><\/p>\n<p><a href=\"https:\/\/vivresonreve.ch\/wp-content\/uploads\/2024\/03\/ARNAUD_WCUP1.png\"><img loading=\"lazy\" decoding=\"async\" src=\"https:\/\/vivresonreve.ch\/wp-content\/uploads\/2024\/03\/ARNAUD_WCUP1-300x186.png\" width=\"356\" height=\"221\" alt=\"\" class=\"wp-image-7208 aligncenter size-medium\" \/><\/a> <a href=\"https:\/\/vivresonreve.ch\/wp-content\/uploads\/2024\/03\/ARNAUD_WCUP2.png\"><img loading=\"lazy\" decoding=\"async\" src=\"https:\/\/vivresonreve.ch\/wp-content\/uploads\/2024\/03\/ARNAUD_WCUP2-300x203.png\" width=\"353\" height=\"239\" alt=\"\" class=\"wp-image-7206 aligncenter size-medium\" \/><\/a><\/p>\n<p>[\/et_pb_text][\/et_pb_column][\/et_pb_row][\/et_pb_section][et_pb_section fb_built=\u00a0\u00bb1&Prime; _builder_version=\u00a0\u00bb4.14.8&Prime; _module_preset=\u00a0\u00bbdefault\u00a0\u00bb custom_margin=\u00a0\u00bb-75px|||||\u00a0\u00bb global_colors_info=\u00a0\u00bb{}\u00a0\u00bb][et_pb_row _builder_version=\u00a0\u00bb4.14.8&Prime; _module_preset=\u00a0\u00bbdefault\u00a0\u00bb global_colors_info=\u00a0\u00bb{}\u00a0\u00bb][et_pb_column type=\u00a0\u00bb4_4&Prime; _builder_version=\u00a0\u00bb4.14.8&Prime; _module_preset=\u00a0\u00bbdefault\u00a0\u00bb global_colors_info=\u00a0\u00bb{}\u00a0\u00bb][et_pb_text _builder_version=\u00a0\u00bb4.14.8&Prime; _module_preset=\u00a0\u00bbdefault\u00a0\u00bb global_colors_info=\u00a0\u00bb{}\u00a0\u00bb]<\/p>\n<p><strong>R\u00e9mi Bonnet, Ski Alpinisme-Trail (En activit\u00e9 en tant que sportif professionnel)<\/strong><\/p>\n<p>L\u2019association vivre son r\u00eave m\u2019a permis d\u2019essayer de r\u00e9aliser un de mes plus grand r\u00eaves, devenir sportif professionnel et de pouvoir vivre de ma passion.<\/p>\n<p>J\u2019ai accompli beaucoup d\u2019objectifs que je m\u2019\u00e9tais fix\u00e9 durant les derni\u00e8res ann\u00e9es que ce soit en ski alpinisme :<\/p>\n<p>&#8211; devenir Champion du monde \u00e0 plusieurs reprise (2015 Junior, 2017 espoir, 2019 espoir, 2021 \u00e9lite, 2023 \u00e9lite)<\/p>\n<p>&#8211; gagner la patrouille des glaciers (2022)<\/p>\n<p>Ou en Trail running :<\/p>\n<p>&#8211; vainqueur du plus grand circuit mondial (Golden trail series )<\/p>\n<p>&#8211; Podium \u00e0 Sierre-Zinal<\/p>\n<p>&#8211; Victoire au Marathon de Pikes Peak aux \u00c9tats-Unis.<\/p>\n<p>&#8211; Victoire \u00e0 Neirivue le Mol\u00e9son avec le record en 55&rsquo;41\u00a0\u00bb<\/p>\n<p>&#8211; Victoire au Marathon du Mont-Blanc avec le record en 3 heures et 35 minutes<\/p>\n<p>De pouvoir me consacrer \u00e0 100% \u00e0 ma passion chaque jour de l\u2019ann\u00e9e est pour moi ma plus grande victoire.<\/p>\n<p>Merci beaucoup d\u2019avoir cru en moi au d\u00e9but de ma carri\u00e8re, c\u2019est victoire sont aussi un peu gr\u00e2ce \u00e0 vous.<\/p>\n<p>R\u00e9mi<\/p>\n<p><a href=\"https:\/\/www.redbull.com\/ch-fr\/athlete\/remi-bonnet\" target=\"_blank\" rel=\"noopener\"><img loading=\"lazy\" decoding=\"async\" src=\"https:\/\/vivresonreve.ch\/wp-content\/uploads\/2023\/06\/REMI-202x300.jpg\" width=\"266\" height=\"396\" alt=\"\" class=\"wp-image-6538 aligncenter size-medium\" \/><\/a><\/p>\n<p>&nbsp;<\/p>\n<p>[\/et_pb_text][\/et_pb_column][\/et_pb_row][\/et_pb_section][et_pb_section fb_built=\u00a0\u00bb1&Prime; _builder_version=\u00a0\u00bb4.14.8&Prime; _module_preset=\u00a0\u00bbdefault\u00a0\u00bb custom_padding=\u00a0\u00bb4px||0px||false|false\u00a0\u00bb global_colors_info=\u00a0\u00bb{}\u00a0\u00bb][et_pb_row _builder_version=\u00a0\u00bb4.14.8&Prime; _module_preset=\u00a0\u00bbdefault\u00a0\u00bb global_colors_info=\u00a0\u00bb{}\u00a0\u00bb][et_pb_column type=\u00a0\u00bb4_4&Prime; _builder_version=\u00a0\u00bb4.14.8&Prime; _module_preset=\u00a0\u00bbdefault\u00a0\u00bb global_colors_info=\u00a0\u00bb{}\u00a0\u00bb][et_pb_text _builder_version=\u00a0\u00bb4.14.8&Prime; _module_preset=\u00a0\u00bbdefault\u00a0\u00bb global_colors_info=\u00a0\u00bb{}\u00a0\u00bb][\/et_pb_text][\/et_pb_column][\/et_pb_row][\/et_pb_section][et_pb_section fb_built=\u00a0\u00bb1&Prime; _builder_version=\u00a0\u00bb4.14.8&Prime; _module_preset=\u00a0\u00bbdefault\u00a0\u00bb min_height=\u00a0\u00bb483.4px\u00a0\u00bb custom_margin=\u00a0\u00bb||-48px|||\u00a0\u00bb global_colors_info=\u00a0\u00bb{}\u00a0\u00bb][et_pb_row _builder_version=\u00a0\u00bb4.14.8&Prime; _module_preset=\u00a0\u00bbdefault\u00a0\u00bb custom_margin=\u00a0\u00bb-75px||||false|false\u00a0\u00bb global_colors_info=\u00a0\u00bb{}\u00a0\u00bb][et_pb_column type=\u00a0\u00bb4_4&Prime; _builder_version=\u00a0\u00bb4.14.8&Prime; _module_preset=\u00a0\u00bbdefault\u00a0\u00bb global_colors_info=\u00a0\u00bb{}\u00a0\u00bb][et_pb_text _builder_version=\u00a0\u00bb4.14.8&Prime; _module_preset=\u00a0\u00bbdefault\u00a0\u00bb min_height=\u00a0\u00bb447.4px\u00a0\u00bb global_colors_info=\u00a0\u00bb{}\u00a0\u00bb]<\/p>\n<p><strong>Robin Godel, Cavalier Olympique de Concours Complet (En activit\u00e9 en tant que sportif professionnel)<\/strong><\/p>\n<p>La saison pass\u00e9e a \u00e9t\u00e9 fantastique pour moi avec de nombreuses victoires (Avenches, Pratoni, Strzegom, Lausanne et Jardy). \u00c9galement le titre de champion suisse et un tr\u00e8s bon r\u00e9sultat aux championnats du Monde. Nous avons aussi r\u00e9ussi \u00e0 qualifier l\u2019\u00e9quipe suisse pour les JO de Paris ce qui est de tr\u00e8s bonne augure !<\/p>\n<p>J\u2019esp\u00e8re que cette saison sera autant bonne.<\/p>\n<p>J\u2019ai beaucoup appr\u00e9ci\u00e9 le soutien de VSR qui m\u2019a beaucoup aid\u00e9 dans le lancement de ma carri\u00e8re. Je suis maintenant \u00e0 mon compte et ai une Ecurie \u00e0 IENA, Avenches. Je donne beaucoup de cours \u00e0 c\u00f4t\u00e9 du travail de mes chevaux de sport.<\/p>\n<p>&nbsp;<\/p>\n<p><a href=\"https:\/\/www.robingodel.com\/\" target=\"_blank\" rel=\"noopener\"><img loading=\"lazy\" decoding=\"async\" src=\"https:\/\/vivresonreve.ch\/wp-content\/uploads\/2023\/05\/robin-300x199.jpg\" width=\"300\" height=\"199\" alt=\"\" class=\"wp-image-6300 alignnone size-medium\" style=\"display: block; margin-left: auto; margin-right: auto;\" \/><\/a><\/p>\n<p>[\/et_pb_text][\/et_pb_column][\/et_pb_row][et_pb_row _builder_version=\u00a0\u00bb4.14.8&Prime; _module_preset=\u00a0\u00bbdefault\u00a0\u00bb global_colors_info=\u00a0\u00bb{}\u00a0\u00bb][et_pb_column type=\u00a0\u00bb4_4&Prime; _builder_version=\u00a0\u00bb4.14.8&Prime; _module_preset=\u00a0\u00bbdefault\u00a0\u00bb global_colors_info=\u00a0\u00bb{}\u00a0\u00bb][et_pb_text _builder_version=\u00a0\u00bb4.14.8&Prime; _module_preset=\u00a0\u00bbdefault\u00a0\u00bb hover_enabled=\u00a0\u00bb0&Prime; global_colors_info=\u00a0\u00bb{}\u00a0\u00bb sticky_enabled=\u00a0\u00bb0&Prime;]<\/p>\n<p><strong>Thibaud Bucher, Plongeon (En activit\u00e9 en tant que sportif professionnel)<\/strong><\/p>\n<p><span>L\u2019association Vivre son r\u00eave m\u2019a soutenu lors de ma transition de la cat\u00e9gorie junior \u00e0 \u00e9lite. Gr\u00e2ce \u00e0 elle, j\u2019ai pu vivre des moments inoubliables comme ma premi\u00e8re participation aux championnats du monde \u00e9lite et mes premiers Jeux europ\u00e9ens en 2023, une exp\u00e9rience qui restera \u00e0 jamais grav\u00e9e dans ma m\u00e9moire.<\/span><\/p>\n<p>La saison pass\u00e9e, j\u2019ai d\u00e9croch\u00e9 mon quinzi\u00e8me titre de champion suisse et ai obtenu mon baccalaur\u00e9at.<\/p>\n<p>Je suis actuellement \u00e0 l\u2019\u00e9cole de recrue en tant que sportif d\u2019\u00e9lite \u00e0 Macolin ce qui me permet de me professionnaliser dans mon sport. Je rentre tout juste des championnats d\u2019Allemagne o\u00f9 nous avons r\u00e9ussi \u00e0 nous qualifier en synchro pour les championnats d\u2019Europe \u00e9lite.<\/p>\n<p>Un immense merci \u00e0 Vivre son r\u00eave pour son soutien tout au long de mon parcours. Votre aide m\u2019a permis d\u2019\u00e9voluer et d\u2019atteindre des \u00e9tapes importantes dans ma carri\u00e8re.<\/p>\n<p><a href=\"https:\/\/www.instagram.com\/thibaud.bucher\/\" target=\"_blank\" rel=\"noopener\" title=\"Instagram\"><img loading=\"lazy\" decoding=\"async\" src=\"https:\/\/vivresonreve.ch\/wp-content\/uploads\/2023\/02\/IMG_1819-248x300.jpg\" width=\"248\" height=\"300\" alt=\"\" class=\"wp-image-5756 aligncenter size-medium\" \/><\/a><\/p>\n<p>&nbsp;<\/p>\n<p>[\/et_pb_text][\/et_pb_column][\/et_pb_row][\/et_pb_section][et_pb_section fb_built=\u00a0\u00bb1&Prime; _builder_version=\u00a0\u00bb4.14.8&Prime; _module_preset=\u00a0\u00bbdefault\u00a0\u00bb custom_padding=\u00a0\u00bb0px|||||\u00a0\u00bb global_colors_info=\u00a0\u00bb{}\u00a0\u00bb][et_pb_row _builder_version=\u00a0\u00bb4.14.8&Prime; _module_preset=\u00a0\u00bbdefault\u00a0\u00bb min_height=\u00a0\u00bb1029.2px\u00a0\u00bb global_colors_info=\u00a0\u00bb{}\u00a0\u00bb][et_pb_column type=\u00a0\u00bb4_4&Prime; _builder_version=\u00a0\u00bb4.14.8&Prime; _module_preset=\u00a0\u00bbdefault\u00a0\u00bb global_colors_info=\u00a0\u00bb{}\u00a0\u00bb][et_pb_text _builder_version=\u00a0\u00bb4.14.8&Prime; _module_preset=\u00a0\u00bbdefault\u00a0\u00bb min_height=\u00a0\u00bb938.2px\u00a0\u00bb custom_margin=\u00a0\u00bb-78px|||||\u00a0\u00bb custom_padding=\u00a0\u00bb49px||||false|false\u00a0\u00bb global_colors_info=\u00a0\u00bb{}\u00a0\u00bb]<\/p>\n<p><strong>Marianne Fatton, Ski-Alpinisme (En activit\u00e9 en tant que sportive professionnelle)<\/strong><\/p>\n<p>Actuellement je suis en train de faire l\u2019\u00e9cole de recrue militaire en tant que sportive d\u2019\u00e9lite \u00e0 Macolin, cela me permet de me professionnaliser encore plus dans mon sport et m\u2019aide aussi financi\u00e8rement. J\u2019\u00e9tudie aussi \u00e0 c\u00f4t\u00e9 un master en business communication \u00e0 l\u2019Universit\u00e9 de Fribourg.<\/p>\n<p>Au niveau des r\u00e9sultats sportifs, je t\u2019ai mis une pi\u00e8ce jointe avec le r\u00e9sum\u00e9. En gros, mes meilleurs r\u00e9sultats sont mes deux titres aux championnats du monde : championne du monde de sprint en 2021 et vice-championne du monde de sprint en 2023. Et en 2020 j\u2019ai aussi gagn\u00e9 le classement g\u00e9n\u00e9ral de la coupe du monde (toutes disciplines confondues).<\/p>\n<p>Et voici mes meilleurs souvenirs :<\/p>\n<ul>\n<li>Ma premi\u00e8re victoire en Coupe du Monde, c\u2019\u00e9tait en 2018 \u00e0 Bischofshofen. Il s\u2019agissait de la premi\u00e8re course de la saison, un sprint, et je ne m\u2019attendais pas forc\u00e9ment \u00e0 cela. C\u2019\u00e9tait aussi ma premi\u00e8re ann\u00e9e chez les \u00e9lites.<\/li>\n<li>Tous les voyages que j\u2019ai pu faire \u00e0 travers le sport. J\u2019ai eu la chance de d\u00e9couvrir pleins de r\u00e9gions o\u00f9 je ne serais s\u00fbrement jamais all\u00e9e. Cette ann\u00e9e, nous sommes par exemple all\u00e9s \u00e0 Troms\u00f8 en Norv\u00e8ge et on a m\u00eame eu la chance de voir des aurores bor\u00e9ales, c\u2019\u00e9tait incroyable.<\/li>\n<li>Un souvenir qui restera aussi \u00e0 jamais grav\u00e9 en moi c\u2019est la victoire et le record \u00e0 la petite Patrouille des Glaciers en 2018 avec deux supers amies, D\u00e9borah Marti et Florence Buchs. C\u2019est magnifique de pouvoir partager cela, nous nous sommes super bien entraid\u00e9es pendant toute la course, c\u2019\u00e9tait un vrai travail d\u2019\u00e9quipe.<\/li>\n<\/ul>\n<p>Marianne Fatton<\/p>\n<p><a href=\"https:\/\/fr.wikipedia.org\/wiki\/Marianne_Fatton\" target=\"_blank\" rel=\"noopener\"><\/a><br \/><a href=\"https:\/\/fr.wikipedia.org\/wiki\/Marianne_Fatton\" target=\"_blank\" rel=\"noopener\"><img loading=\"lazy\" decoding=\"async\" src=\"https:\/\/vivresonreve.ch\/wp-content\/uploads\/2023\/05\/marianne-300x169.jpg\" width=\"300\" height=\"169\" alt=\"\" class=\"wp-image-6296 alignnone size-medium\" style=\"display: block; margin-left: auto; margin-right: auto;\" \/><\/a><\/p>\n<p style=\"text-align: center;\"><a href=\"https:\/\/vivresonreve.ch\/wp-content\/uploads\/2023\/05\/PALMARES-MARIANNE.png\" target=\"_blank\" rel=\"noopener\"><img loading=\"lazy\" decoding=\"async\" src=\"https:\/\/vivresonreve.ch\/wp-content\/uploads\/2023\/05\/PALMARES-MARIANNE-212x300.png\" width=\"212\" height=\"300\" alt=\"\" class=\"wp-image-6334 alignnone size-medium\" srcset=\"https:\/\/vivresonreve.ch\/wp-content\/uploads\/2023\/05\/PALMARES-MARIANNE-212x300.png 212w, https:\/\/vivresonreve.ch\/wp-content\/uploads\/2023\/05\/PALMARES-MARIANNE.png 455w\" sizes=\"auto, (max-width: 212px) 100vw, 212px\" \/><\/a><\/p>\n<p>[\/et_pb_text][\/et_pb_column][\/et_pb_row][\/et_pb_section][et_pb_section fb_built=\u00a0\u00bb1&Prime; _builder_version=\u00a0\u00bb4.14.8&Prime; _module_preset=\u00a0\u00bbdefault\u00a0\u00bb min_height=\u00a0\u00bb1090.3px\u00a0\u00bb height=\u00a0\u00bb1000px\u00a0\u00bb max_height=\u00a0\u00bb1000px\u00a0\u00bb custom_margin=\u00a0\u00bb-95px||-233px||false|false\u00a0\u00bb custom_padding=\u00a0\u00bb0px||||false|false\u00a0\u00bb global_colors_info=\u00a0\u00bb{}\u00a0\u00bb][et_pb_row _builder_version=\u00a0\u00bb4.14.8&Prime; _module_preset=\u00a0\u00bbdefault\u00a0\u00bb min_height=\u00a0\u00bb808.3px\u00a0\u00bb custom_padding=\u00a0\u00bb0px||||false|false\u00a0\u00bb global_colors_info=\u00a0\u00bb{}\u00a0\u00bb][et_pb_column type=\u00a0\u00bb4_4&Prime; _builder_version=\u00a0\u00bb4.14.8&Prime; _module_preset=\u00a0\u00bbdefault\u00a0\u00bb global_colors_info=\u00a0\u00bb{}\u00a0\u00bb][et_pb_text _builder_version=\u00a0\u00bb4.14.8&Prime; _module_preset=\u00a0\u00bbdefault\u00a0\u00bb width=\u00a0\u00bb100%\u00a0\u00bb min_height=\u00a0\u00bb854.3px\u00a0\u00bb custom_padding=\u00a0\u00bb0px||||false|false\u00a0\u00bb global_colors_info=\u00a0\u00bb{}\u00a0\u00bb]<\/p>\n<p><strong>Antonin Savary, Ski de fond (En activit\u00e9 en tant que sportif professionnel)<\/strong><\/p>\n<p>Actuellement, je suis\u00a0\u00e0\u00a0Macolin jusqu&rsquo;\u00e0 la fin juillet pour\u00a0terminer mon stage d&#8217;employ\u00e9 de commerce \u00e0 la haute \u00e9cole f\u00e9d\u00e9rale\u00a0du sport de Macolin (HEFSM) afin d&rsquo;obtenir mon CFC.<\/p>\n<p>Au niveau sportif, j&rsquo;ai fait une\u00a0saison 2022-23 r\u00e9ussie. C&rsquo;\u00e9tait ma premi\u00e8re ann\u00e9e dans la cat\u00e9gorie \u00e9lite. Le saut de junior \u00e0 \u00e9lite en a d\u00e9go\u00fbt\u00e9\u00a0plus d&rsquo;un car le niveau est vraiment plus haut et les\u00a0athl\u00e8tes sont tous professionnels. Il m&rsquo;a fallu quelques courses pour me mettre dans le\u00a0bain\u00a0mais apr\u00e8s mon titre de champion Suisse \u00e9lite en 15km skating \u00e0 Goms, j&rsquo;ai maintenu un tr\u00e8s bon niveau de\u00a0forme jusqu&rsquo;\u00e0 la fin de l&rsquo;hiver. Voici la liste de mes meilleures performances de la saison:<\/p>\n<p>&#8211; champion suisse 15km skating<\/p>\n<p>&#8211; vis champion suisse 15km classique poursuite<\/p>\n<p>&#8211; 6\u00e8me 10km skating championnat du monde U23<\/p>\n<p>&#8211; 3\u00e8me relais mixte championnat du monde U23<\/p>\n<p>&#8211; 3\u00e8me 10km skating coupe continental Pr\u00e9manon<\/p>\n<p>&#8211; 5\u00e8me 20km classique coupe continental Campra<\/p>\n<p>&#8211; 1er 10km skating coupe continental Toblach<\/p>\n<p>Pour la suite de mon parcours, j&rsquo;esp\u00e8re int\u00e9grer l&rsquo;\u00e9quipe BAZG\u00a0(sp\u00e9cialiste des douanes et s\u00e9curit\u00e9 aux fronti\u00e8res) d\u00e8s cet \u00e9t\u00e9 afin d&rsquo;\u00eatre tranquille financi\u00e8rement et de profiter de faire une nouvelle formation.<\/p>\n<p>Je te remercie pour ton soutien et ton aide par le biais de ton association qui, j&rsquo;en suis persuad\u00e9, m&rsquo;a permis de bient\u00f4t vivre mon r\u00eave.<\/p>\n<p>Antonin Savary<\/p>\n<p>&nbsp;<\/p>\n<p><a href=\"https:\/\/www.antonin-savary.ch\/\" target=\"_blank\" rel=\"noopener\"><img loading=\"lazy\" decoding=\"async\" src=\"https:\/\/vivresonreve.ch\/wp-content\/uploads\/2023\/05\/antonin-savary-300x169.png\" width=\"300\" height=\"169\" alt=\"\" class=\"wp-image-6293 alignnone size-medium\" style=\"display: block; margin-left: auto; margin-right: auto;\" \/><\/a><\/p>\n<p>[\/et_pb_text][\/et_pb_column][\/et_pb_row][et_pb_row _builder_version=\u00a0\u00bb4.14.8&Prime; _module_preset=\u00a0\u00bbdefault\u00a0\u00bb global_colors_info=\u00a0\u00bb{}\u00a0\u00bb][et_pb_column type=\u00a0\u00bb4_4&Prime; _builder_version=\u00a0\u00bb4.14.8&Prime; _module_preset=\u00a0\u00bbdefault\u00a0\u00bb global_colors_info=\u00a0\u00bb{}\u00a0\u00bb][\/et_pb_column][\/et_pb_row][et_pb_row _builder_version=\u00a0\u00bb4.14.8&Prime; _module_preset=\u00a0\u00bbdefault\u00a0\u00bb global_colors_info=\u00a0\u00bb{}\u00a0\u00bb][et_pb_column type=\u00a0\u00bb4_4&Prime; _builder_version=\u00a0\u00bb4.14.8&Prime; _module_preset=\u00a0\u00bbdefault\u00a0\u00bb global_colors_info=\u00a0\u00bb{}\u00a0\u00bb][et_pb_text _builder_version=\u00a0\u00bb4.14.8&Prime; _module_preset=\u00a0\u00bbdefault\u00a0\u00bb custom_margin=\u00a0\u00bb-187px|||||\u00a0\u00bb custom_padding=\u00a0\u00bb84px|||||\u00a0\u00bb global_colors_info=\u00a0\u00bb{}\u00a0\u00bb]<\/p>\n<p><strong>Marie Mettraux, Tennis<\/strong>\u00a0<strong>(En activit\u00e9 en tant que sportive professionnelle)<\/strong><\/p>\n<p>Mes meilleures performances\/titres :<\/p>\n<p>Classement suisse: N3 27<br \/>Classement WTA simple: 850<br \/>Classement WTA double: 710<br \/>&#8211; 1 finale et une 1\/2 finale ITF en simple<br \/>&#8211; 5 titres ITF en double<br \/>&#8211; 2x Championne Suisse en interclubs ligue nationale A avec TC Chiasso<\/p>\n<p>L\u2019un de mes meilleurs souvenirs est d\u2019avoir remport\u00e9 mon premier titre en double aux c\u00f4t\u00e9s de Vera Zvonareva en Turquie.<\/p>\n<p>Chaque ann\u00e9e les Interclubs du mois d\u2019ao\u00fbt sont aussi sp\u00e9ciales pour moi. Le tennis est un sport individuel et pendant ces deux semaines on joue en \u00e9quipe. Chaque tourn\u00e9e de tournois a une place unique dans mes souvenirs remplies de belles exp\u00e9riences et de rencontres dans le monde entier.<\/p>\n<p>Marie Mettraux<\/p>\n<p>&nbsp;<\/p>\n<p><a href=\"https:\/\/www.mariemettraux.ch\/\" target=\"_blank\" rel=\"noopener\"><img loading=\"lazy\" decoding=\"async\" src=\"https:\/\/vivresonreve.ch\/wp-content\/uploads\/2023\/05\/marie-300x281.webp\" width=\"300\" height=\"281\" alt=\"\" class=\"wp-image-6456 aligncenter size-medium\" \/><\/a><\/p>\n<p>&nbsp;<\/p>\n<p>[\/et_pb_text][\/et_pb_column][\/et_pb_row][et_pb_row _builder_version=\u00a0\u00bb4.14.8&Prime; _module_preset=\u00a0\u00bbdefault\u00a0\u00bb global_colors_info=\u00a0\u00bb{}\u00a0\u00bb][et_pb_column type=\u00a0\u00bb4_4&Prime; _builder_version=\u00a0\u00bb4.14.8&Prime; _module_preset=\u00a0\u00bbdefault\u00a0\u00bb global_colors_info=\u00a0\u00bb{}\u00a0\u00bb][et_pb_text _builder_version=\u00a0\u00bb4.14.8&Prime; _module_preset=\u00a0\u00bbdefault\u00a0\u00bb global_colors_info=\u00a0\u00bb{}\u00a0\u00bb]<\/p>\n<p><strong>Charles Devantay, Athl\u00e9tisme<\/strong> <strong>(En activit\u00e9 en tant que sportif professionnel)<\/strong><\/p>\n<p><em><span>Vivre son R\u00eave <\/span><\/em><span>m\u2019a soutenu pendant 3 ans durant lesquels se sont pass\u00e9es \u00e9norm\u00e9ment de chose.<\/span><\/p>\n<ul>\n<li><span>7 m\u00e9dailles aux championnats suisses dont un titre<\/span><\/li>\n<li><span>3 s\u00e9lections internationales<\/span><\/li>\n<li><span>30 semaines de camps d\u2019entra\u00eenements<\/span><\/li>\n<\/ul>\n<p><span>Mon meilleur souvenir restera sans doute les championnats d\u2019Europe \u00e0 Munich en 2022. Le stade \u00e9tait rempli et le public acclamait les coureurs sur la piste comme des JO ! Malgr\u00e9 la performance d\u00e9cevante du relais 4&#215;400, l\u2019exp\u00e9rience reste inoubliable.<\/span><\/p>\n<p><span>L\u2019association m\u2019a \u00e9t\u00e9 d\u2019une grande pour arriver l\u00e0 o\u00f9 je suis aujourd\u2019hui. J\u2019ai pu me concentrer sur ma gestion des entra\u00eenements ainsi que mes performances sans me soucier des frais accessoires.<br \/><\/span><\/p>\n<p>Apr\u00e8s une p\u00e9riode exceptionnelle au sein du SA Bulle, j&rsquo;ai pris la d\u00e9cision r\u00e9fl\u00e9chie de m&rsquo;affilier au Lausanne-Sports Athl\u00e9tisme pour plusieurs raisons importantes. La proximit\u00e9 avec mon domicile offre une plus grande commodit\u00e9 logistique, et cela me procure \u00e9galement un avantage \u00e9conomique significatif.<br \/>Ce chamboulement repr\u00e9sente bien plus qu&rsquo;un simple changement de club : c&rsquo;est une nouvelle opportunit\u00e9 pour nous. En faisant partie du Lausanne-Sports Athl\u00e9tisme, vous b\u00e9n\u00e9ficierez d&rsquo;une visibilit\u00e9 \u00e9largie au-del\u00e0 du canton de Fribourg, offrant ainsi une port\u00e9e r\u00e9gionale plus large. De plus, ma pr\u00e9sence dans de nouvelles comp\u00e9titions apportera une nouvelle dynamique et une visibilit\u00e9 accrue, avec une repr\u00e9sentation sous de nouvelles couleurs.<br \/>Je suis extr\u00eamement reconnaissants pour votre soutien continu et votre engagement. Votre contribution a toujours \u00e9t\u00e9 un pilier essentiel de mon succ\u00e8s, et je suis convaincu que ce nouveau chapitre renforcera encore davantage notre partenariat.<br \/>Je suis impatients de vous offrir une exp\u00e9rience enrichie gr\u00e2ce \u00e0 ce nouveau chapitre. Je vous remercie pour votre confiance et votre soutien constants.<br \/><span>Un post Instagram sera fait dans les prochains jours afin d&rsquo;annoncer la nouvelles au public.<br \/><\/span><\/p>\n<p><span>Merci pour ces ann\u00e9es \u00e0 m\u2019accompagner dans cette aventure qu\u2019est le sport d\u2019\u00e9lite.<\/span><\/p>\n<p>&nbsp;<\/p>\n<p>Charles Devantay<\/p>\n<p>&nbsp;<\/p>\n<p><a href=\"https:\/\/www.charlesdevantay.com\" target=\"_blank\" rel=\"noopener\"><img loading=\"lazy\" decoding=\"async\" src=\"https:\/\/vivresonreve.ch\/wp-content\/uploads\/2023\/07\/CHARLES-230x300.jpeg\" width=\"230\" height=\"300\" alt=\"\" class=\"wp-image-6559 aligncenter size-medium\" srcset=\"https:\/\/vivresonreve.ch\/wp-content\/uploads\/2023\/07\/CHARLES-230x300.jpeg 230w, https:\/\/vivresonreve.ch\/wp-content\/uploads\/2023\/07\/CHARLES.jpeg 471w\" sizes=\"auto, (max-width: 230px) 100vw, 230px\" \/><\/a><\/p>\n<p>[\/et_pb_text][\/et_pb_column][\/et_pb_row][et_pb_row _builder_version=\u00a0\u00bb4.14.8&Prime; _module_preset=\u00a0\u00bbdefault\u00a0\u00bb global_colors_info=\u00a0\u00bb{}\u00a0\u00bb][et_pb_column type=\u00a0\u00bb4_4&Prime; _builder_version=\u00a0\u00bb4.14.8&Prime; _module_preset=\u00a0\u00bbdefault\u00a0\u00bb global_colors_info=\u00a0\u00bb{}\u00a0\u00bb][et_pb_text _builder_version=\u00a0\u00bb4.14.8&Prime; _module_preset=\u00a0\u00bbdefault\u00a0\u00bb global_colors_info=\u00a0\u00bb{}\u00a0\u00bb]<\/p>\n<h6><span><strong>Marie Kolly, Patinage artistiqu<\/strong>e <strong>(Fin d&rsquo;activit\u00e9 en tant que sportive professionnelle)<\/strong><\/span><\/h6>\n<p>Au cours de l\u2019ann\u00e9e 2022, j&rsquo;ai eu l&rsquo;honneur de remporter le championnat d&rsquo;Espagne dans la cat\u00e9gorie senior, qui repr\u00e9sente le plus haut niveau de comp\u00e9tition dans le domaine du patinage artistique. Cet exploit a \u00e9t\u00e9 le r\u00e9sultat d&rsquo;ann\u00e9es d&rsquo;entra\u00eenement acharn\u00e9 et de d\u00e9vouement envers mon sport.<br \/>J&rsquo;ai eu la chance de repr\u00e9senter mon pays \u00e0 l&rsquo;\u00e9chelle internationale \u00e0 trois reprises au cours de la saison ce qui \u00e9tait un de mes objectifs principal de ma carri\u00e8re sportive. J&rsquo;ai particip\u00e9 \u00e0 des comp\u00e9titions majeures \u00e0 Nice, en Andorre et en Roumanie. Lors de la comp\u00e9tition en Andorre, j&rsquo;ai eu la joie de ramener \u00e0 la maison la m\u00e9daille d&rsquo;argent, ce qui t\u00e9moigne de ma d\u00e9termination \u00e0 exceller sur la sc\u00e8ne mondiale.<br \/>Mon objectif continu est de marquer les points minimums requis pour acc\u00e9der aux championnats d&rsquo;Europe, une \u00e9tape cruciale dans ma carri\u00e8re sportive. Lors de mes r\u00e9centes comp\u00e9titions, j&rsquo;ai \u00e9t\u00e9 extr\u00eamement pr\u00e8s d&rsquo;atteindre ce seuil, manquant moins d&rsquo;un point pour y parvenir. Cela renforce ma conviction que je suis sur la bonne voie pour r\u00e9aliser ce but important.<br \/>Je suis profond\u00e9ment d\u00e9termin\u00e9e \u00e0 continuer de travailler avec acharnement, \u00e0 perfectionner mes comp\u00e9tences et \u00e0 repousser mes limites pour atteindre ces objectifs. Chaque d\u00e9fi que je rencontre sur la glace ne fait que renforcer ma r\u00e9solution \u00e0 progresser davantage.<br \/>Je vous remercie de votre int\u00e9r\u00eat continu pour ma carri\u00e8re et pour votre soutien inestimable. Je suis reconnaissante d&rsquo;avoir l&rsquo;occasion de partager mes r\u00e9alisations et mes aspirations avec vous.<\/p>\n<p><a href=\"https:\/\/www.instagram.com\/marie.kolly_\/\" target=\"_blank\" rel=\"noopener\" title=\"Marie Kolly\"><img loading=\"lazy\" decoding=\"async\" src=\"https:\/\/vivresonreve.ch\/wp-content\/uploads\/2014\/11\/profil_marie-300x300.png\" width=\"359\" height=\"359\" alt=\"\" class=\"wp-image-2667 aligncenter size-medium\" srcset=\"https:\/\/vivresonreve.ch\/wp-content\/uploads\/2014\/11\/profil_marie-300x300.png 300w, https:\/\/vivresonreve.ch\/wp-content\/uploads\/2014\/11\/profil_marie-100x100.png 100w, https:\/\/vivresonreve.ch\/wp-content\/uploads\/2014\/11\/profil_marie-150x150.png 150w, https:\/\/vivresonreve.ch\/wp-content\/uploads\/2014\/11\/profil_marie.png 320w\" sizes=\"auto, (max-width: 359px) 100vw, 359px\" \/><\/a><\/p>\n<p><span>\u00a0<\/span><\/p>\n<p>[\/et_pb_text][\/et_pb_column][\/et_pb_row][et_pb_row _builder_version=\u00a0\u00bb4.14.8&Prime; _module_preset=\u00a0\u00bbdefault\u00a0\u00bb global_colors_info=\u00a0\u00bb{}\u00a0\u00bb][et_pb_column type=\u00a0\u00bb4_4&Prime; _builder_version=\u00a0\u00bb4.14.8&Prime; _module_preset=\u00a0\u00bbdefault\u00a0\u00bb global_colors_info=\u00a0\u00bb{}\u00a0\u00bb][et_pb_text _builder_version=\u00a0\u00bb4.14.8&Prime; _module_preset=\u00a0\u00bbdefault\u00a0\u00bb global_colors_info=\u00a0\u00bb{}\u00a0\u00bb]<\/p>\n<p><strong>L\u00e9o L&rsquo;Homme, VTT (<\/strong><strong>Fin d\u2019activit\u00e9 en tant que sportif professionnel)<\/strong><\/p>\n<p>J\u2019ai beaucoup de reconnaissance pour tout ce que vous m\u2019avez apport\u00e9 comme soutien et pour le parcours r\u00e9alis\u00e9 \u00e0 vos c\u00f4t\u00e9s, c\u2019\u00e9tait pour moi une grande chance de vous avoir \u00e0 mes c\u00f4t\u00e9s durant 2 ans dans des p\u00e9riodes charni\u00e8res de ma carri\u00e8re.<\/p>\n<p>Mes meilleures performances sont 2 top 20 en Coupe du monde U23 en VTT XCO, plus de 25 d\u00e9parts en coupe du monde U23, 7 en \u00e9lite. J\u2019ai termin\u00e9 14<sup>e<\/sup> du championnat suisse \u00e9lite et ai r\u00e9alis\u00e9 plusieurs top 10 dans des courses internationales.<\/p>\n<p>Mes plus beaux souvenirs sont les voyages partag\u00e9s avec l\u2019\u00e9quipe nationale et mes coll\u00e8gues de team, avoir pu visiter tellement de pays diff\u00e9rents tout en \u00e9tant accompagn\u00e9 par des cyclistes extraordinaires. Du c\u00f4t\u00e9 sportif, je retiens surtout ma derni\u00e8re ann\u00e9e comme cycliste avec les coupes du monde en \u00e9lite, au d\u00e9part \u00e0 c\u00f4t\u00e9 des mes idoles et devant plus de 20&rsquo;000 spectateurs. Les frissons ressentis dans le stade de Nove Mesto ou devant les fans suisses \u00e0 Lenzerheide, c\u2019est le partage avec mes co\u00e9quipiers et les \u00e9motions qui restent plus qu\u2019un r\u00e9sultat ou une course en particulier.<\/p>\n<p>L\u00e9o L&rsquo;Homme<\/p>\n<p><a href=\"https:\/\/www.linkedin.com\/in\/l%C3%A9o-l-homme-31278213a\/?originalSubdomain=ch\" target=\"_blank\" rel=\"noopener\"><img loading=\"lazy\" decoding=\"async\" src=\"https:\/\/vivresonreve.ch\/wp-content\/uploads\/2023\/05\/leo-238x300.jpg\" width=\"238\" height=\"300\" alt=\"\" class=\"wp-image-6458 aligncenter size-medium\" srcset=\"https:\/\/vivresonreve.ch\/wp-content\/uploads\/2023\/05\/leo-238x300.jpg 238w, https:\/\/vivresonreve.ch\/wp-content\/uploads\/2023\/05\/leo.jpg 340w\" sizes=\"auto, (max-width: 238px) 100vw, 238px\" \/><\/a><\/p>\n<p>&nbsp;<\/p>\n<p>[\/et_pb_text][\/et_pb_column][\/et_pb_row][et_pb_row _builder_version=\u00a0\u00bb4.14.8&Prime; _module_preset=\u00a0\u00bbdefault\u00a0\u00bb global_colors_info=\u00a0\u00bb{}\u00a0\u00bb][et_pb_column type=\u00a0\u00bb4_4&Prime; _builder_version=\u00a0\u00bb4.14.8&Prime; _module_preset=\u00a0\u00bbdefault\u00a0\u00bb global_colors_info=\u00a0\u00bb{}\u00a0\u00bb][et_pb_text _builder_version=\u00a0\u00bb4.14.8&Prime; _module_preset=\u00a0\u00bbdefault\u00a0\u00bb global_colors_info=\u00a0\u00bb{}\u00a0\u00bb][\/et_pb_text][\/et_pb_column][\/et_pb_row][\/et_pb_section][et_pb_section fb_built=\u00a0\u00bb1&Prime; _builder_version=\u00a0\u00bb4.14.8&Prime; _module_preset=\u00a0\u00bbdefault\u00a0\u00bb min_height=\u00a0\u00bb897.8px\u00a0\u00bb custom_margin=\u00a0\u00bb-49px||||false|false\u00a0\u00bb custom_padding=\u00a0\u00bb18px||0px|||\u00a0\u00bb global_colors_info=\u00a0\u00bb{}\u00a0\u00bb][et_pb_row _builder_version=\u00a0\u00bb4.14.8&Prime; _module_preset=\u00a0\u00bbdefault\u00a0\u00bb global_colors_info=\u00a0\u00bb{}\u00a0\u00bb][et_pb_column type=\u00a0\u00bb4_4&Prime; _builder_version=\u00a0\u00bb4.14.8&Prime; _module_preset=\u00a0\u00bbdefault\u00a0\u00bb global_colors_info=\u00a0\u00bb{}\u00a0\u00bb][et_pb_text _builder_version=\u00a0\u00bb4.14.8&Prime; _module_preset=\u00a0\u00bbdefault\u00a0\u00bb global_colors_info=\u00a0\u00bb{}\u00a0\u00bb]<\/p>\n<p><strong>Madeline Coquoz, Plongeon<\/strong> <strong>(Fin d&rsquo;activit\u00e9 en tant que sportive professionnelle)<\/strong><\/p>\n<p>Sur une note actuelle je rentre de deux manches de Coupe du monde. La premi\u00e8re, d\u00e9but mai, \u00e0 Xi\u2019an en Chine o\u00f9 je me suis class\u00e9e 12\u00e8me\u00a0 en final puis la deuxi\u00e8me \u00e0 Montr\u00e9al le semaine pass\u00e9e o\u00f9 j\u2019ai termin\u00e9 16<span style=\"font-size: 13.3333px;\">\u00e8me<\/span>. Je suis tr\u00e8s fi\u00e8re car je me trouve au 10\u00e8me rang du classement g\u00e9n\u00e9ral de World Aquatique, une premi\u00e8re dans ma carri\u00e8re et de bonne augure pour la suite de mon projet olympique.<\/p>\n<p>Pour la suite, le reste de mon calendrier est d\u00e9crit dans mon book en pi\u00e8ce jointe. Tu y trouveras aussi toutes les informations pour r\u00e9pondre \u00e0 tes questions.<\/p>\n<p>Mon plus beau souvenir \u00e9tait de gagner les championnat d\u2019Europe junior en Synchro en 2016. L\u2019hymne, le partage des \u00e9motions et l\u2019euphorie que tout cela a cr\u00e9\u00e9.<\/p>\n<p>Madeline Coquoz<\/p>\n<p><a href=\"https:\/\/vivresonreve.ch\/wp-content\/uploads\/2023\/06\/2023-Madeline-Coquoz-BOOK.pdf\" target=\"_blank\" rel=\"noopener\"><img loading=\"lazy\" decoding=\"async\" src=\"https:\/\/vivresonreve.ch\/wp-content\/uploads\/2023\/05\/MADELINE-183x300.jpg\" width=\"183\" height=\"300\" alt=\"\" class=\"wp-image-6450 size-medium\" style=\"display: block; margin-left: auto; margin-right: auto;\" \/><\/a><\/p>\n<p>&nbsp;<\/p>\n<h2 style=\"text-align: center;\"><a href=\"https:\/\/vivresonreve.ch\/wp-content\/uploads\/2023\/06\/2023-Madeline-Coquoz-BOOK.pdf\" rel=\"attachment noopener wp-att-6542\" target=\"_blank\">2023 Madeline Coquoz BOOK<\/a><\/h2>\n<p>[\/et_pb_text][\/et_pb_column][\/et_pb_row][et_pb_row _builder_version=\u00a0\u00bb4.14.8&Prime; _module_preset=\u00a0\u00bbdefault\u00a0\u00bb custom_padding=\u00a0\u00bb0px||||false|false\u00a0\u00bb global_colors_info=\u00a0\u00bb{}\u00a0\u00bb][et_pb_column type=\u00a0\u00bb4_4&Prime; _builder_version=\u00a0\u00bb4.14.8&Prime; _module_preset=\u00a0\u00bbdefault\u00a0\u00bb global_colors_info=\u00a0\u00bb{}\u00a0\u00bb][et_pb_text _builder_version=\u00a0\u00bb4.14.8&Prime; _module_preset=\u00a0\u00bbdefault\u00a0\u00bb global_colors_info=\u00a0\u00bb{}\u00a0\u00bb]<\/p>\n<p><strong>Bastien Kolly, Tennis (<\/strong><strong>Fin d\u2019activit\u00e9 en tant que sportif professionnel)<\/strong><\/p>\n<p>Les choses ont passablement \u00e9volu\u00e9es ces derniers ann\u00e9es. Bien que j\u2019aie continu\u00e9 \u00e0 toucher la raquette r\u00e9guli\u00e8rement et jou\u00e9 quelques matchs histoire de ne pas perdre la main, mes priorit\u00e9s d\u00e9sormais tourn\u00e9es vers ma formation et \u00e9volution professionnelle. Je travaille \u00e0 l\u2019USB depuis plus de 3 ans et ai reprise r\u00e9cemment la gestion d\u2019un portefeuille de clients \u00e0 Vevey ou je fais du conseil en pr\u00e9voyance, investissements et financement hypoth\u00e9caire. A c\u00f4t\u00e9 de mon travail, j\u2019ai \u00e9galement entam\u00e9 depuis janvier 23 un Bachelor en Banque &amp; Finance en emploi afin de me perfectionner.<\/p>\n<p>Malgr\u00e9 tout, ce changement d\u2019orientation ne veut pas pour autant dire que j\u2019ai mis le tennis de c\u00f4t\u00e9. J\u2019ai continu\u00e9 \u00e0 m\u2019entrainer \u00e0 moindre fr\u00e9quence et fais les tournois majeurs dans la r\u00e9gion, ce qui me permet d\u2019\u00eatre encore class\u00e9 N4 71 et de rester aux contacts des meilleures suisses.<\/p>\n<p>Pour r\u00e9sum\u00e9, voici un r\u00e9capitulatif des mon parcours sportif jusqu\u2019\u00e0 2019\u00a0:<\/p>\n<ul>\n<li>Multiple champion fribourgeois<\/li>\n<li>2014\u00a0: \u00bd finale championnat suisse U&amp;16 en \u00e9t\u00e9<\/li>\n<li>2017\u00a0-2018\u00a0: \u00e9volu\u00e9 sur le circuit international ITF<\/li>\n<li>2017\u00a0: obtention d\u2019un point ATP ce qui m\u2019a permis d\u2019\u00eatre class\u00e9 officiellement (1600 ATP au mieux).<\/li>\n<li>2018 : Qualification pour le tableau principal des championnats suisses actifs (32 meilleurs joueurs du pays).<\/li>\n<\/ul>\n<p>Apr\u00e8s avoir mis un terme \u00e0 ma carri\u00e8re international, j\u2019ai atteint le #36 rang suisse (N3 36) en 2020, qui constitue mon meilleur classement \u00e0 ce jour. Cela fait \u00e9galement bient\u00f4t 10 ans que j\u2019\u00e9volue dans cercle \u00ab ferm\u00e9 \u00bb des joueurs class\u00e9s N, c\u00e0d des 150 meilleurs joueurs suisses.<\/p>\n<p>Mon plus beau souvenir est\u00a0 tr\u00e8s certainement l\u2019obtention de mon point ATP qui est d\u00e9j\u00e0 un accomplissement en soi et aussi, tous les moments\/ voyages pass\u00e9s avec mes partenaires d\u2019entrainement qui sont devenus des amis \u00e0 pr\u00e9sents. Une famille \u00ab\u00a0tennis\u00a0\u00bb s\u2019est cr\u00e9e au fil des ann\u00e9es dans mon entourage.<\/p>\n<p>J\u2019accepte avec plaisir de faire partie des ambassadeurs de l\u2019association et profite \u00e9galement de cette occasion pour vous remercier encore une fois pour le soutien durant mon projet sportif qui m\u2019a fait grandir et \u00e9voluer, et qui m\u2019a assur\u00e9ment apport\u00e9 \u00e9norm\u00e9ment d\u2019exp\u00e9rience pour relever les d\u00e9fis de tous les jours.<\/p>\n<p>Bastien Kolly<\/p>\n<p><a href=\"https:\/\/www.linkedin.com\/in\/bastien-kolly-47307b201\/?originalSubdomain=ch\" target=\"_blank\" rel=\"noopener\"><img loading=\"lazy\" decoding=\"async\" src=\"https:\/\/vivresonreve.ch\/wp-content\/uploads\/2023\/05\/BASTIEN-KOLLY-300x213.png\" width=\"300\" height=\"213\" alt=\"\" class=\"wp-image-6286 alignnone size-medium\" style=\"display: block; margin-left: auto; margin-right: auto;\" srcset=\"https:\/\/vivresonreve.ch\/wp-content\/uploads\/2023\/05\/BASTIEN-KOLLY-300x213.png 300w, https:\/\/vivresonreve.ch\/wp-content\/uploads\/2023\/05\/BASTIEN-KOLLY.png 370w\" sizes=\"auto, (max-width: 300px) 100vw, 300px\" \/><\/a><\/p>\n<p>[\/et_pb_text][\/et_pb_column][\/et_pb_row][\/et_pb_section][et_pb_section fb_built=\u00a0\u00bb1&Prime; _builder_version=\u00a0\u00bb4.14.8&Prime; _module_preset=\u00a0\u00bbdefault\u00a0\u00bb custom_padding=\u00a0\u00bb0px|||||\u00a0\u00bb global_colors_info=\u00a0\u00bb{}\u00a0\u00bb][et_pb_row _builder_version=\u00a0\u00bb4.14.8&Prime; _module_preset=\u00a0\u00bbdefault\u00a0\u00bb global_colors_info=\u00a0\u00bb{}\u00a0\u00bb][et_pb_column type=\u00a0\u00bb4_4&Prime; _builder_version=\u00a0\u00bb4.14.8&Prime; _module_preset=\u00a0\u00bbdefault\u00a0\u00bb global_colors_info=\u00a0\u00bb{}\u00a0\u00bb][et_pb_text _builder_version=\u00a0\u00bb4.14.8&Prime; _module_preset=\u00a0\u00bbdefault\u00a0\u00bb global_colors_info=\u00a0\u00bb{}\u00a0\u00bb]<\/p>\n<p><strong>Arnaud Guex, Ski de fond (Fin d\u2019activit\u00e9 en tant que sportif professionnel)<\/strong><\/p>\n<p>J&rsquo;ai arr\u00eat\u00e9 le sport de haut niveau \u00e0 la fin de la saison 2020-2021. A la base je pensais repartir pour une derni\u00e8re saison mais je n&rsquo;avais plus la m\u00eame envie \/ motivation et nous savons bien que le sport de haut niveau demande d&rsquo;\u00eatre constamment \u00e0 200 %. J&rsquo;ai donc mis un terme \u00e0 ma carri\u00e8re tout en continuant la formation bancaire que j&rsquo;avais commenc\u00e9 depuis septembre 2020. Cette formation s&rsquo;est termin\u00e9e l&rsquo;ann\u00e9e pass\u00e9e avec un certificat bancaire pour porteur de maturit\u00e9. Ce stage de deux ans \u00e0 50 % m&rsquo;a \u00e9galement permis de valider, en plus de ma maturit\u00e9 gymnasiale obtenue en Juin 2020, une maturit\u00e9 professionnelle et un CFC d&#8217;employ\u00e9 de commerce. Depuis ao\u00fbt 2022, je travaille en tant qu&rsquo;assistant conseiller pour la client\u00e8le professionnelle de l&rsquo;immobilier \u00e0 la BCV. Comme je n&rsquo;aime pas m&rsquo;ennuyer, j&rsquo;ai parall\u00e8lement d\u00e9but\u00e9 une haute \u00e9cole de gestion en \u00e9conomie \u00e0 la HEIG d&rsquo;Yverdon. Je suis donc engag\u00e9 \u00e0 70 % \u00e0 la BCV pour les 4 prochaines ann\u00e9es de ma formation.<\/p>\n<p>Ce programme charg\u00e9 ne me laisse malheureusement pas la possibilit\u00e9 de maintenir une relation r\u00e9guli\u00e8re avec le ski de fond mais je ne doute pas qu&rsquo;une fois mon agenda lib\u00e9r\u00e9, le sport reprendra une partie importante dans mon programme.<\/p>\n<p>Concernant mon pass\u00e9 dans le ski de fond, voiciun petit r\u00e9sum\u00e9 de ma carri\u00e8re:<br \/>J&rsquo;ai commenc\u00e9 le ski de fond lors de la saison 2012-2013 avec Ski Romand. Durant l&rsquo;hiver 2014-2015, j&rsquo;ai obtenu mes premiers r\u00e9sultats nationaux avec une deuxi\u00e8me place aux Championnats Suisse M16 et une deuxi\u00e8me place au classement g\u00e9n\u00e9ral de l&rsquo;Helvetia Nordic Trophy. Lors de la saison 2015-2016, j&rsquo;ai eu la chance de participer aux JOJ de Lillehammer o\u00f9 j&rsquo;ai obtenu une 11\u00e8me place lors du XCX. Suite aux bons r\u00e9sultats dans la cat\u00e9gorie M18, j&rsquo;ai \u00e9t\u00e9 s\u00e9lectionn\u00e9 dans les cadres C de Swiss Ski pour la saison 2017-2018 ainsi que 2018-2019. En 2018, je termine pour la premi\u00e8re fois champion Suisse lors du sprint en M20.<br \/>Au niveau international, j&rsquo;ai eu la chance de participer aux Championnats du Monde Junior \u00e0 Lahti. En Continentale Cup\u00a0j&rsquo;ai termin\u00e9 une dizaine de fois dans le top 20 et obtenu un top 10. Ma premi\u00e8re saison dans la cat\u00e9gorie \u00c9lite\u00a0en 2019-2020, s&rsquo;est d\u00e9roul\u00e9e hors des cadres de Swiss Ski.\u00a0Malgr\u00e9 cette situation, j&rsquo;obtiens tout de m\u00eame un top 30 en Continentale Cup. En 2021, il \u00e9tait temps pour moi de mettre un terme \u00e0 ma carri\u00e8re de ski de fond professionnel.<\/p>\n<p>Mes plus beaux r\u00e9sultats sont : 1 titre de champion suisse de sprint M20, une 11\u00e8me place au XCX des JOJ \u00e0 Lillehammer ainsi qu&rsquo;un top 10 en coupe Continentale.<\/p>\n<p>Mes plus beaux souvenirs sont : Mon s\u00e9jour \u00e0 Lillehammer lors des JOJ, ma participation aux championnats du monde Junior \u00e0 Lahti ainsi que mon titre de champion suisse partag\u00e9 avec mes parents pr\u00e9sents sur place ce jour-l\u00e0.<\/p>\n<p style=\"text-align: center;\"><a href=\"https:\/\/www.linkedin.com\/in\/arnaud-guex-211a52236\/?trk=public_profile_browsemap&amp;originalSubdomain=ch\" target=\"_blank\" rel=\"noopener\"><img loading=\"lazy\" decoding=\"async\" src=\"https:\/\/vivresonreve.ch\/wp-content\/uploads\/2023\/05\/arnaud_guex-300x200.webp\" width=\"300\" height=\"200\" alt=\"\" class=\"wp-image-6347 alignnone size-medium\" \/><\/a><\/p>\n<p>[\/et_pb_text][\/et_pb_column][\/et_pb_row][\/et_pb_section]<\/p>\n","protected":false},"excerpt":{"rendered":"<p>Les espoirs ayant \u00e9t\u00e9 soutenu par l\u2019association Vivre son R\u00eave durant une certaine p\u00e9riode de leur carri\u00e8re sportive et qui en sont\u00a0actuellement devenus \u00ab Ambassadeur espoir soutenu \u00bb en guise de reconnaissance:Arnaud Boisset, Ski Alpin (En activit\u00e9 en tant que sportif professionnel) L&rsquo;association Vivre son r\u00eave m&rsquo;a soutenu pendant mes ann\u00e9es sur le circuit coupe [&hellip;]<\/p>\n","protected":false},"author":2,"featured_media":0,"parent":0,"menu_order":0,"comment_status":"closed","ping_status":"closed","template":"","meta":{"_et_pb_use_builder":"on","_et_pb_old_content":"","_et_gb_content_width":"","footnotes":""},"class_list":["post-6282","page","type-page","status-publish","hentry"],"_links":{"self":[{"href":"https:\/\/vivresonreve.ch\/index.php?rest_route=\/wp\/v2\/pages\/6282","targetHints":{"allow":["GET"]}}],"collection":[{"href":"https:\/\/vivresonreve.ch\/index.php?rest_route=\/wp\/v2\/pages"}],"about":[{"href":"https:\/\/vivresonreve.ch\/index.php?rest_route=\/wp\/v2\/types\/page"}],"author":[{"embeddable":true,"href":"https:\/\/vivresonreve.ch\/index.php?rest_route=\/wp\/v2\/users\/2"}],"replies":[{"embeddable":true,"href":"https:\/\/vivresonreve.ch\/index.php?rest_route=%2Fwp%2Fv2%2Fcomments&post=6282"}],"version-history":[{"count":77,"href":"https:\/\/vivresonreve.ch\/index.php?rest_route=\/wp\/v2\/pages\/6282\/revisions"}],"predecessor-version":[{"id":7616,"href":"https:\/\/vivresonreve.ch\/index.php?rest_route=\/wp\/v2\/pages\/6282\/revisions\/7616"}],"wp:attachment":[{"href":"https:\/\/vivresonreve.ch\/index.php?rest_route=%2Fwp%2Fv2%2Fmedia&parent=6282"}],"curies":[{"name":"wp","href":"https:\/\/api.w.org\/{rel}","templated":true}]}}