{"id":57,"date":"2014-11-25T16:14:09","date_gmt":"2014-11-25T16:14:09","guid":{"rendered":"http:\/\/vivresonreve.ch\/?page_id=57"},"modified":"2025-08-29T08:22:39","modified_gmt":"2025-08-29T06:22:39","slug":"parrains","status":"publish","type":"page","link":"https:\/\/vivresonreve.ch\/?page_id=57","title":{"rendered":"parrains"},"content":{"rendered":"<p>[et_pb_section fb_built=\u00a0\u00bb1&Prime; _builder_version=\u00a0\u00bb3.22&Prime; background_color=\u00a0\u00bb#ffffff\u00a0\u00bb background_image=\u00a0\u00bbhttps:\/\/vivresonreve.ch\/wp-content\/uploads\/2014\/11\/Title_bg_parrains.jpg\u00a0\u00bb transparent_background=\u00a0\u00bboff\u00a0\u00bb global_colors_info=\u00a0\u00bb{}\u00a0\u00bb][et_pb_row _builder_version=\u00a0\u00bb3.25&Prime; background_size=\u00a0\u00bbinitial\u00a0\u00bb background_position=\u00a0\u00bbtop_left\u00a0\u00bb background_repeat=\u00a0\u00bbrepeat\u00a0\u00bb global_colors_info=\u00a0\u00bb{}\u00a0\u00bb][et_pb_column type=\u00a0\u00bb4_4&Prime; _builder_version=\u00a0\u00bb3.25&Prime; custom_padding=\u00a0\u00bb|||\u00a0\u00bb global_colors_info=\u00a0\u00bb{}\u00a0\u00bb custom_padding__hover=\u00a0\u00bb|||\u00a0\u00bb][et_pb_image src=\u00a0\u00bbhttps:\/\/vivresonreve.ch\/wp-content\/uploads\/2023\/04\/parrains.png\u00a0\u00bb title_text=\u00a0\u00bbparrains\u00a0\u00bb show_bottom_space=\u00a0\u00bboff\u00a0\u00bb align_tablet=\u00a0\u00bbcenter\u00a0\u00bb align_phone=\u00a0\u00bbcenter\u00a0\u00bb align_last_edited=\u00a0\u00bbon|desktop\u00a0\u00bb admin_label=\u00a0\u00bbImage\u00a0\u00bb _builder_version=\u00a0\u00bb4.14.8&Prime; animation_style=\u00a0\u00bbfade\u00a0\u00bb animation_duration=\u00a0\u00bb500ms\u00a0\u00bb animation=\u00a0\u00bbfade_in\u00a0\u00bb sticky=\u00a0\u00bbon\u00a0\u00bb global_colors_info=\u00a0\u00bb{}\u00a0\u00bb][\/et_pb_image][\/et_pb_column][\/et_pb_row][\/et_pb_section][et_pb_section fb_built=\u00a0\u00bb1&Prime; _builder_version=\u00a0\u00bb3.22&Prime; global_colors_info=\u00a0\u00bb{}\u00a0\u00bb][et_pb_row _builder_version=\u00a0\u00bb3.25&Prime; background_size=\u00a0\u00bbinitial\u00a0\u00bb background_position=\u00a0\u00bbtop_left\u00a0\u00bb background_repeat=\u00a0\u00bbrepeat\u00a0\u00bb global_colors_info=\u00a0\u00bb{}\u00a0\u00bb][et_pb_column type=\u00a0\u00bb4_4&Prime; _builder_version=\u00a0\u00bb3.25&Prime; custom_padding=\u00a0\u00bb|||\u00a0\u00bb global_colors_info=\u00a0\u00bb{}\u00a0\u00bb custom_padding__hover=\u00a0\u00bb|||\u00a0\u00bb][et_pb_text admin_label=\u00a0\u00bbText\u00a0\u00bb _builder_version=\u00a0\u00bb3.27.4&Prime; background_size=\u00a0\u00bbinitial\u00a0\u00bb background_position=\u00a0\u00bbtop_left\u00a0\u00bb background_repeat=\u00a0\u00bbrepeat\u00a0\u00bb global_colors_info=\u00a0\u00bb{}\u00a0\u00bb]L&rsquo;association est \u00e9galement soutenue et reconnue par <strong>9\u00a0personnalit\u00e9s<\/strong>, toutes\u00a0conscientes de l\u2019importance d\u2019un encadrement adapt\u00e9 pour r\u00e9aliser ses r\u00eaves.<br \/>\n[\/et_pb_text][\/et_pb_column][\/et_pb_row][et_pb_row column_structure=\u00a0\u00bb1_3,2_3&Prime; _builder_version=\u00a0\u00bb3.25&Prime; background_size=\u00a0\u00bbinitial\u00a0\u00bb background_position=\u00a0\u00bbtop_left\u00a0\u00bb background_repeat=\u00a0\u00bbrepeat\u00a0\u00bb global_colors_info=\u00a0\u00bb{}\u00a0\u00bb][et_pb_column type=\u00a0\u00bb1_3&Prime; _builder_version=\u00a0\u00bb3.25&Prime; custom_padding=\u00a0\u00bb|||\u00a0\u00bb global_colors_info=\u00a0\u00bb{}\u00a0\u00bb custom_padding__hover=\u00a0\u00bb|||\u00a0\u00bb][et_pb_image src=\u00a0\u00bbhttps:\/\/vivresonreve.ch\/wp-content\/uploads\/2014\/11\/img_slava_bykov1.png\u00a0\u00bb align_tablet=\u00a0\u00bbcenter\u00a0\u00bb align_phone=\u00a0\u00bbcenter\u00a0\u00bb align_last_edited=\u00a0\u00bbon|desktop\u00a0\u00bb admin_label=\u00a0\u00bbImage\u00a0\u00bb _builder_version=\u00a0\u00bb4.14.8&Prime; animation_style=\u00a0\u00bbslide\u00a0\u00bb animation_direction=\u00a0\u00bbright\u00a0\u00bb animation_duration=\u00a0\u00bb500ms\u00a0\u00bb animation_intensity_slide=\u00a0\u00bb10%\u00a0\u00bb animation=\u00a0\u00bbright\u00a0\u00bb sticky=\u00a0\u00bboff\u00a0\u00bb global_colors_info=\u00a0\u00bb{}\u00a0\u00bb][\/et_pb_image][\/et_pb_column][et_pb_column type=\u00a0\u00bb2_3&Prime; _builder_version=\u00a0\u00bb3.25&Prime; custom_padding=\u00a0\u00bb|||\u00a0\u00bb global_colors_info=\u00a0\u00bb{}\u00a0\u00bb custom_padding__hover=\u00a0\u00bb|||\u00a0\u00bb][et_pb_text admin_label=\u00a0\u00bbText\u00a0\u00bb _builder_version=\u00a0\u00bb3.27.4&Prime; background_size=\u00a0\u00bbinitial\u00a0\u00bb background_position=\u00a0\u00bbtop_left\u00a0\u00bb background_repeat=\u00a0\u00bbrepeat\u00a0\u00bb global_colors_info=\u00a0\u00bb{}\u00a0\u00bb]<\/p>\n<h1>Slava BYKOV<\/h1>\n<p><strong><span style=\"color: #45aed0;\">Hockey sur glace<br \/>\n<\/span><\/strong><\/p>\n<hr \/>\n<p>N\u00e9 le 24 juillet 1960, \u00e0 Tcheliabinsk (RUSSIE)<br \/>\n[\/et_pb_text][et_pb_toggle title=\u00a0\u00bbPalmar\u00e8s\u00a0\u00bb admin_label=\u00a0\u00bbToggle\u00a0\u00bb _builder_version=\u00a0\u00bb3.0.48&Prime; background_size=\u00a0\u00bbinitial\u00a0\u00bb background_position=\u00a0\u00bbtop_left\u00a0\u00bb background_repeat=\u00a0\u00bbrepeat\u00a0\u00bb global_colors_info=\u00a0\u00bb{}\u00a0\u00bb]<strong>comme joueur:<\/strong><\/p>\n<ul>\n<li>Septuple Champion d&rsquo;URSS en 1983, 1984, 1985, 1986, 1987, 1988, 1989 avec le CSKA Moscou<\/li>\n<li>Vainqueur Coupe d&rsquo;URSS en 1988 avec le CSKA Moscou<\/li>\n<li>Vainqueur\u00a0Coupe d&rsquo;Europe\u00a0en 1983, 1984, 1985, 1986, 1987, 1988 et 1990 avec le CSKA Moscou<\/li>\n<li><strong>Quintuple\u00a0m\u00e9daill\u00e9 d&rsquo;or<\/strong> Championnat du monde en 1983, 1986, 1989 et 1990 avec l&rsquo;URSS et en 1993 avec la Russie<\/li>\n<li><strong>M\u00e9daill\u00e9 d&rsquo;argent<\/strong> Championnat du monde en 1987 avec l&rsquo;URSS<\/li>\n<li><strong>M\u00e9daill\u00e9 de bronze<\/strong> Championnat du monde en 1985 avec l&rsquo;URSS<\/li>\n<li><strong>Double\u00a0m\u00e9daill\u00e9 d&rsquo;or<\/strong> Jeux olympiques d&rsquo;hiver en 1988 avec l&rsquo;URSS et 1992 avec l&rsquo;\u00c9quipe unifi\u00e9e d&rsquo;ex URSS<\/li>\n<li><strong>M\u00e9daill\u00e9 d&rsquo;argent<\/strong> Coupe du Canada en 1987 avec l&rsquo;URSS<\/li>\n<\/ul>\n<p><strong>comme entra\u00eeneur:<\/strong><\/p>\n<ul>\n<li><strong>M\u00e9daille de bronze<\/strong> Championnat du monde en 2007 avec la Russie<\/li>\n<li><strong>M\u00e9daille d&rsquo;or<\/strong> Championnat du monde en 2008 avec la Russie<\/li>\n<li><strong>M\u00e9daille d&rsquo;or<\/strong> Championnat du monde en 2009 avec la Russie<\/li>\n<li><strong>M\u00e9daille d&rsquo;argent<\/strong> Championnat du monde en 2010 avec la Russie<\/li>\n<\/ul>\n<p>[\/et_pb_toggle][\/et_pb_column][\/et_pb_row][et_pb_row column_structure=\u00a0\u00bb1_3,2_3&Prime; _builder_version=\u00a0\u00bb3.25&Prime; background_size=\u00a0\u00bbinitial\u00a0\u00bb background_position=\u00a0\u00bbtop_left\u00a0\u00bb background_repeat=\u00a0\u00bbrepeat\u00a0\u00bb global_colors_info=\u00a0\u00bb{}\u00a0\u00bb][et_pb_column type=\u00a0\u00bb1_3&Prime; _builder_version=\u00a0\u00bb3.25&Prime; custom_padding=\u00a0\u00bb|||\u00a0\u00bb global_colors_info=\u00a0\u00bb{}\u00a0\u00bb custom_padding__hover=\u00a0\u00bb|||\u00a0\u00bb][et_pb_image src=\u00a0\u00bbhttps:\/\/vivresonreve.ch\/wp-content\/uploads\/2014\/11\/img_harold_mrazek.png\u00a0\u00bb align_tablet=\u00a0\u00bbcenter\u00a0\u00bb align_phone=\u00a0\u00bbcenter\u00a0\u00bb align_last_edited=\u00a0\u00bbon|desktop\u00a0\u00bb admin_label=\u00a0\u00bbImage\u00a0\u00bb _builder_version=\u00a0\u00bb4.14.8&Prime; animation_style=\u00a0\u00bbslide\u00a0\u00bb animation_direction=\u00a0\u00bbright\u00a0\u00bb animation_duration=\u00a0\u00bb500ms\u00a0\u00bb animation_intensity_slide=\u00a0\u00bb10%\u00a0\u00bb animation=\u00a0\u00bbright\u00a0\u00bb sticky=\u00a0\u00bboff\u00a0\u00bb global_colors_info=\u00a0\u00bb{}\u00a0\u00bb][\/et_pb_image][\/et_pb_column][et_pb_column type=\u00a0\u00bb2_3&Prime; _builder_version=\u00a0\u00bb3.25&Prime; custom_padding=\u00a0\u00bb|||\u00a0\u00bb global_colors_info=\u00a0\u00bb{}\u00a0\u00bb custom_padding__hover=\u00a0\u00bb|||\u00a0\u00bb][et_pb_text admin_label=\u00a0\u00bbText\u00a0\u00bb _builder_version=\u00a0\u00bb3.27.4&Prime; background_size=\u00a0\u00bbinitial\u00a0\u00bb background_position=\u00a0\u00bbtop_left\u00a0\u00bb background_repeat=\u00a0\u00bbrepeat\u00a0\u00bb global_colors_info=\u00a0\u00bb{}\u00a0\u00bb]<\/p>\n<h1>Harold\u00a0MRAZEK<\/h1>\n<p><strong><span style=\"color: #45aed0;\">Basketball<br \/>\n<\/span><\/strong><\/p>\n<hr \/>\n<p>N\u00e9 le\u00a017 avril 1973, \u00e0\u00a0Fribourg<br \/>\n[\/et_pb_text][et_pb_toggle title=\u00a0\u00bbPalmar\u00e8s\u00a0\u00bb admin_label=\u00a0\u00bbToggle\u00a0\u00bb _builder_version=\u00a0\u00bb3.0.48&Prime; background_size=\u00a0\u00bbinitial\u00a0\u00bb background_position=\u00a0\u00bbtop_left\u00a0\u00bb background_repeat=\u00a0\u00bbrepeat\u00a0\u00bb global_colors_info=\u00a0\u00bb{}\u00a0\u00bb]<strong>comme joueur:<\/strong><\/p>\n<ul>\n<li>Membre de l\u2019Equipe Nationale Suisse de 1993 \u00e0 2003<\/li>\n<li>Champion Suisse en 1992, 1994, 1995, 1997, 1998, 1999, 2000, 2001, 2007 et 2008<\/li>\n<li>Vainqueur de la Coupe de Suisse en 1994, 1995, 1996, 1997, 1998, 2001 et 2007<\/li>\n<li>Vainqueur de la Coupe de la Ligue en 2007 et 2008<\/li>\n<li>Champion de France en 2002<\/li>\n<li>Vice champion de France en 2003<\/li>\n<\/ul>\n<p>[\/et_pb_toggle][\/et_pb_column][\/et_pb_row][et_pb_row column_structure=\u00a0\u00bb1_3,2_3&Prime; _builder_version=\u00a0\u00bb3.25&Prime; background_size=\u00a0\u00bbinitial\u00a0\u00bb background_position=\u00a0\u00bbtop_left\u00a0\u00bb background_repeat=\u00a0\u00bbrepeat\u00a0\u00bb global_colors_info=\u00a0\u00bb{}\u00a0\u00bb][et_pb_column type=\u00a0\u00bb1_3&Prime; _builder_version=\u00a0\u00bb3.25&Prime; custom_padding=\u00a0\u00bb|||\u00a0\u00bb global_colors_info=\u00a0\u00bb{}\u00a0\u00bb custom_padding__hover=\u00a0\u00bb|||\u00a0\u00bb][et_pb_image src=\u00a0\u00bbhttps:\/\/vivresonreve.ch\/wp-content\/uploads\/2014\/11\/img_danilo_wyss.png\u00a0\u00bb align_tablet=\u00a0\u00bbcenter\u00a0\u00bb align_phone=\u00a0\u00bbcenter\u00a0\u00bb align_last_edited=\u00a0\u00bbon|desktop\u00a0\u00bb admin_label=\u00a0\u00bbImage\u00a0\u00bb _builder_version=\u00a0\u00bb4.14.8&Prime; animation_style=\u00a0\u00bbslide\u00a0\u00bb animation_direction=\u00a0\u00bbright\u00a0\u00bb animation_duration=\u00a0\u00bb500ms\u00a0\u00bb animation_intensity_slide=\u00a0\u00bb10%\u00a0\u00bb animation=\u00a0\u00bbright\u00a0\u00bb sticky=\u00a0\u00bboff\u00a0\u00bb global_colors_info=\u00a0\u00bb{}\u00a0\u00bb][\/et_pb_image][\/et_pb_column][et_pb_column type=\u00a0\u00bb2_3&Prime; _builder_version=\u00a0\u00bb3.25&Prime; custom_padding=\u00a0\u00bb|||\u00a0\u00bb global_colors_info=\u00a0\u00bb{}\u00a0\u00bb custom_padding__hover=\u00a0\u00bb|||\u00a0\u00bb][et_pb_text admin_label=\u00a0\u00bbText\u00a0\u00bb _builder_version=\u00a0\u00bb3.27.4&Prime; background_size=\u00a0\u00bbinitial\u00a0\u00bb background_position=\u00a0\u00bbtop_left\u00a0\u00bb background_repeat=\u00a0\u00bbrepeat\u00a0\u00bb global_colors_info=\u00a0\u00bb{}\u00a0\u00bb]<\/p>\n<h1>Danilo WYSS<\/h1>\n<p><strong><span style=\"color: #45aed0;\">Cyclisme<br \/>\n<\/span><\/strong><\/p>\n<hr \/>\n<p>N\u00e9 le 26 ao\u00fbt 1985, \u00e0 Pompaples<br \/>\n[\/et_pb_text][et_pb_toggle title=\u00a0\u00bbPalmar\u00e8s\u00a0\u00bb admin_label=\u00a0\u00bbToggle\u00a0\u00bb _builder_version=\u00a0\u00bb3.0.48&Prime; background_size=\u00a0\u00bbinitial\u00a0\u00bb background_position=\u00a0\u00bbtop_left\u00a0\u00bb background_repeat=\u00a0\u00bbrepeat\u00a0\u00bb global_colors_info=\u00a0\u00bb{}\u00a0\u00bb]<strong>Avec l&rsquo;\u00e9quipe BMC Racing<\/strong><\/p>\n<p><strong>2017<\/strong><\/p>\n<ul>\n<li>4e &#8211; Tour de Provence (1e \u00e9tape)<\/li>\n<li>9e &#8211; Japan Cup<\/li>\n<\/ul>\n<p><strong>2016<\/strong><\/p>\n<ul>\n<li>2e &#8211; Tour d&rsquo;Espagne (13e \u00e9tape)<\/li>\n<li>12e &#8211; Championnat d&rsquo;Europe<\/li>\n<li>4e &#8211; Tour Down Under (4e \u00e9tape)<\/li>\n<\/ul>\n<p><strong>2015<\/strong><\/p>\n<ul>\n<li>Champion Suisse<\/li>\n<li>1e &#8211; Tour de France (9e \u00e9tape, clm par \u00e9quipe)<\/li>\n<li>5e &#8211; Tour de Californie (3e \u00e9tape)<\/li>\n<\/ul>\n<p><strong>2013<\/strong><\/p>\n<ul>\n<li>5e &#8211; Tour de Catalogne (1e, 3e et 4e \u00e9tape)<\/li>\n<\/ul>\n<p><strong>2012<\/strong><\/p>\n<ul>\n<li>1e &#8211; Tour de Trentin (1e \u00e9tape, clm par \u00e9quipe)<\/li>\n<li>2e &#8211; Crit\u00e9rium internationale (1e \u00e9tape)<\/li>\n<\/ul>\n<p><strong>2010<\/strong><\/p>\n<ul>\n<li>4e &#8211; Tour Down Under (1e \u00e9tape)<\/li>\n<\/ul>\n<p><strong>2009<\/strong><\/p>\n<ul>\n<li>1e &#8211; Tour de Beauce (1e \u00e9tape)<\/li>\n<\/ul>\n<p>&nbsp;<\/p>\n<p><strong>Cat\u00e9gorie espoir<\/strong><\/p>\n<p><strong>2009<\/strong><\/p>\n<ul>\n<li>5e &#8211; Championnats du Monde<\/li>\n<li>11e &#8211; Championnat d&rsquo;Europe<\/li>\n<li>3e &#8211; Paris-Roubaix<\/li>\n<\/ul>\n<p>[\/et_pb_toggle][\/et_pb_column][\/et_pb_row][et_pb_row column_structure=\u00a0\u00bb1_3,2_3&Prime; _builder_version=\u00a0\u00bb3.25&Prime; background_size=\u00a0\u00bbinitial\u00a0\u00bb background_position=\u00a0\u00bbtop_left\u00a0\u00bb background_repeat=\u00a0\u00bbrepeat\u00a0\u00bb global_colors_info=\u00a0\u00bb{}\u00a0\u00bb][et_pb_column type=\u00a0\u00bb1_3&Prime; _builder_version=\u00a0\u00bb3.25&Prime; custom_padding=\u00a0\u00bb|||\u00a0\u00bb global_colors_info=\u00a0\u00bb{}\u00a0\u00bb custom_padding__hover=\u00a0\u00bb|||\u00a0\u00bb][et_pb_image src=\u00a0\u00bbhttps:\/\/vivresonreve.ch\/wp-content\/uploads\/2024\/12\/Tiffany-Golf.jpg\u00a0\u00bb title_text=\u00a0\u00bbTiffany Golf\u00a0\u00bb align_tablet=\u00a0\u00bbcenter\u00a0\u00bb align_phone=\u00a0\u00bbcenter\u00a0\u00bb align_last_edited=\u00a0\u00bbon|desktop\u00a0\u00bb admin_label=\u00a0\u00bbImage\u00a0\u00bb _builder_version=\u00a0\u00bb4.14.8&Prime; animation_style=\u00a0\u00bbslide\u00a0\u00bb animation_direction=\u00a0\u00bbright\u00a0\u00bb animation_duration=\u00a0\u00bb500ms\u00a0\u00bb animation_intensity_slide=\u00a0\u00bb10%\u00a0\u00bb animation=\u00a0\u00bbright\u00a0\u00bb sticky=\u00a0\u00bboff\u00a0\u00bb global_colors_info=\u00a0\u00bb{}\u00a0\u00bb][\/et_pb_image][\/et_pb_column][et_pb_column type=\u00a0\u00bb2_3&Prime; _builder_version=\u00a0\u00bb3.25&Prime; custom_padding=\u00a0\u00bb|||\u00a0\u00bb global_colors_info=\u00a0\u00bb{}\u00a0\u00bb custom_padding__hover=\u00a0\u00bb|||\u00a0\u00bb][et_pb_text admin_label=\u00a0\u00bbText\u00a0\u00bb _builder_version=\u00a0\u00bb4.14.8&Prime; background_size=\u00a0\u00bbinitial\u00a0\u00bb background_position=\u00a0\u00bbtop_left\u00a0\u00bb background_repeat=\u00a0\u00bbrepeat\u00a0\u00bb global_colors_info=\u00a0\u00bb{}\u00a0\u00bb]<\/p>\n<h1>Tiffany ARAFI<\/h1>\n<p><strong><span style=\"color: #45aed0;\">Golf<\/span><\/strong><\/p>\n<hr \/>\n<p>N\u00e9e le\u00a026 d\u00e9cembre 1999 \u00e0 Binningen (BL)<\/p>\n<p>[\/et_pb_text][et_pb_toggle title=\u00a0\u00bbPalmar\u00e8s\u00a0\u00bb admin_label=\u00a0\u00bbToggle\u00a0\u00bb _builder_version=\u00a0\u00bb4.14.8&Prime; background_size=\u00a0\u00bbinitial\u00a0\u00bb background_position=\u00a0\u00bbtop_left\u00a0\u00bb background_repeat=\u00a0\u00bbrepeat\u00a0\u00bb global_colors_info=\u00a0\u00bb{}\u00a0\u00bb]<\/p>\n<p>2015 Championne Suisse Amateur (Stroke Play)\u00a0<br \/>2016 Championne Suisse Amateur (Stroke Play) \/ Elue meilleure joueuse junior suisse 2016<br \/>2017-2018 Diverses victoires en tournoi junior U18 aux USA<br \/>2019 Victorieuse du Memorial Olivier Barras<br \/>2021 Troisi\u00e8me meilleure joueuse du championnat universitaire de 1\u00e8re division (NCAA) \/ victorieuse du Memorial Olivier Barras<br \/>2022 Double Championne Suisse Amateur (Stroke Play + Match Play) \/ Nomination aux USA pour le prestigieux titre d&rsquo;athl\u00e8te f\u00e9minine de l\u2019ann\u00e9e \u00ab NCAA Woman of the Year Award \u00bb. Trois victoires en tournois universitaires de 1\u00e8re division NCAA (USA)<br \/>2023\u20132024 Passage au statut de joueuse professionnelle et obtention du droit de jeu sur le Ladies European Tour (LET) \/ Membre de la Swiss Golf Team Pro<\/p>\n<p>&nbsp;<\/p>\n<p>[\/et_pb_toggle][\/et_pb_column][\/et_pb_row][et_pb_row column_structure=\u00a0\u00bb1_3,2_3&Prime; _builder_version=\u00a0\u00bb3.25&Prime; background_size=\u00a0\u00bbinitial\u00a0\u00bb background_position=\u00a0\u00bbtop_left\u00a0\u00bb background_repeat=\u00a0\u00bbrepeat\u00a0\u00bb global_colors_info=\u00a0\u00bb{}\u00a0\u00bb][et_pb_column type=\u00a0\u00bb1_3&Prime; _builder_version=\u00a0\u00bb3.25&Prime; custom_padding=\u00a0\u00bb|||\u00a0\u00bb global_colors_info=\u00a0\u00bb{}\u00a0\u00bb custom_padding__hover=\u00a0\u00bb|||\u00a0\u00bb][et_pb_image src=\u00a0\u00bbhttps:\/\/vivresonreve.ch\/wp-content\/uploads\/2024\/12\/ADRIENBRIFFOD.jpg\u00a0\u00bb title_text=\u00a0\u00bbADRIENBRIFFOD\u00a0\u00bb align=\u00a0\u00bbcenter\u00a0\u00bb align_tablet=\u00a0\u00bbcenter\u00a0\u00bb align_phone=\u00a0\u00bbcenter\u00a0\u00bb align_last_edited=\u00a0\u00bbon|desktop\u00a0\u00bb admin_label=\u00a0\u00bbImage\u00a0\u00bb _builder_version=\u00a0\u00bb4.14.8&Prime; custom_padding=\u00a0\u00bb|77px||||\u00a0\u00bb animation_style=\u00a0\u00bbslide\u00a0\u00bb animation_direction=\u00a0\u00bbright\u00a0\u00bb animation_duration=\u00a0\u00bb500ms\u00a0\u00bb animation_intensity_slide=\u00a0\u00bb10%\u00a0\u00bb animation=\u00a0\u00bbright\u00a0\u00bb sticky=\u00a0\u00bboff\u00a0\u00bb global_colors_info=\u00a0\u00bb{}\u00a0\u00bb][\/et_pb_image][\/et_pb_column][et_pb_column type=\u00a0\u00bb2_3&Prime; _builder_version=\u00a0\u00bb3.25&Prime; custom_padding=\u00a0\u00bb|||\u00a0\u00bb global_colors_info=\u00a0\u00bb{}\u00a0\u00bb custom_padding__hover=\u00a0\u00bb|||\u00a0\u00bb][et_pb_text admin_label=\u00a0\u00bbText\u00a0\u00bb _builder_version=\u00a0\u00bb4.14.8&Prime; background_size=\u00a0\u00bbinitial\u00a0\u00bb background_position=\u00a0\u00bbtop_left\u00a0\u00bb background_repeat=\u00a0\u00bbrepeat\u00a0\u00bb global_colors_info=\u00a0\u00bb{}\u00a0\u00bb]<\/p>\n<h1>Adrien BRIFFOD<\/h1>\n<p><strong><span style=\"color: #45aed0;\">Triathlon<\/span><\/strong><\/p>\n<hr \/>\n<p>N\u00e9 le 2 ao\u00fbt 1993 \u00e0 Vevey<\/p>\n<p>[\/et_pb_text][et_pb_toggle title=\u00a0\u00bbPalmar\u00e8s\u00a0\u00bb admin_label=\u00a0\u00bbToggle\u00a0\u00bb _builder_version=\u00a0\u00bb4.14.8&Prime; background_size=\u00a0\u00bbinitial\u00a0\u00bb background_position=\u00a0\u00bbtop_left\u00a0\u00bb background_repeat=\u00a0\u00bbrepeat\u00a0\u00bb global_colors_info=\u00a0\u00bb{}\u00a0\u00bb]<\/p>\n<p>&nbsp;<\/p>\n<ul>\n<li>3\u00e8me jeux europ\u00e9en de Cracovie en 2023<\/li>\n<li>3\u00e8me aux championnats d&rsquo;Europe de Madrid 2023<\/li>\n<li>Participation aux Jeux olympique de Paris 2024<\/li>\n<li>1er place sur coupe du monde de Cagliari en 2017<\/li>\n<li>2\u00e8me place coupe du monde de Arzachena en 2021<\/li>\n<\/ul>\n<ul><\/ul>\n<p>[\/et_pb_toggle][\/et_pb_column][\/et_pb_row][et_pb_row column_structure=\u00a0\u00bb1_3,2_3&Prime; _builder_version=\u00a0\u00bb3.25&Prime; background_size=\u00a0\u00bbinitial\u00a0\u00bb background_position=\u00a0\u00bbtop_left\u00a0\u00bb background_repeat=\u00a0\u00bbrepeat\u00a0\u00bb global_colors_info=\u00a0\u00bb{}\u00a0\u00bb][et_pb_column type=\u00a0\u00bb1_3&Prime; _builder_version=\u00a0\u00bb3.25&Prime; custom_padding=\u00a0\u00bb|||\u00a0\u00bb global_colors_info=\u00a0\u00bb{}\u00a0\u00bb custom_padding__hover=\u00a0\u00bb|||\u00a0\u00bb][et_pb_image src=\u00a0\u00bbhttps:\/\/vivresonreve.ch\/wp-content\/uploads\/2014\/11\/img_alain_setrouk.png\u00a0\u00bb align_tablet=\u00a0\u00bbcenter\u00a0\u00bb align_phone=\u00a0\u00bbcenter\u00a0\u00bb align_last_edited=\u00a0\u00bbon|desktop\u00a0\u00bb admin_label=\u00a0\u00bbImage\u00a0\u00bb _builder_version=\u00a0\u00bb4.14.8&Prime; animation_style=\u00a0\u00bbslide\u00a0\u00bb animation_direction=\u00a0\u00bbright\u00a0\u00bb animation_duration=\u00a0\u00bb500ms\u00a0\u00bb animation_intensity_slide=\u00a0\u00bb10%\u00a0\u00bb animation=\u00a0\u00bbright\u00a0\u00bb sticky=\u00a0\u00bboff\u00a0\u00bb global_colors_info=\u00a0\u00bb{}\u00a0\u00bb][\/et_pb_image][\/et_pb_column][et_pb_column type=\u00a0\u00bb2_3&Prime; _builder_version=\u00a0\u00bb3.25&Prime; custom_padding=\u00a0\u00bb|||\u00a0\u00bb global_colors_info=\u00a0\u00bb{}\u00a0\u00bb custom_padding__hover=\u00a0\u00bb|||\u00a0\u00bb][et_pb_text admin_label=\u00a0\u00bbText\u00a0\u00bb _builder_version=\u00a0\u00bb3.27.4&Prime; background_size=\u00a0\u00bbinitial\u00a0\u00bb background_position=\u00a0\u00bbtop_left\u00a0\u00bb background_repeat=\u00a0\u00bbrepeat\u00a0\u00bb global_colors_info=\u00a0\u00bb{}\u00a0\u00bb]<\/p>\n<h1>Alain\u00a0SETROUK<\/h1>\n<p><strong><span style=\"color: #45aed0;\">Karat\u00e9 (Kyokushinkai)<br \/>\n<\/span><\/strong><\/p>\n<hr \/>\n<p>N\u00e9 le 6\u00a0janvier 1945, \u00e0 Toulouse<br \/>\n[\/et_pb_text][et_pb_toggle title=\u00a0\u00bbPalmar\u00e8s\u00a0\u00bb admin_label=\u00a0\u00bbToggle\u00a0\u00bb _builder_version=\u00a0\u00bb3.0.48&Prime; background_size=\u00a0\u00bbinitial\u00a0\u00bb background_position=\u00a0\u00bbtop_left\u00a0\u00bb background_repeat=\u00a0\u00bbrepeat\u00a0\u00bb global_colors_info=\u00a0\u00bb{}\u00a0\u00bb]<\/p>\n<ul>\n<li>9e dan en karat\u00e9 kyokushin<\/li>\n<\/ul>\n<hr \/>\n<p>&nbsp;<\/p>\n<p><strong>1972<\/strong><\/p>\n<ul>\n<li>M\u00e9daille d&rsquo;or en kumite par \u00e9quipe aux championnats du monde de karat\u00e9<\/li>\n<\/ul>\n<p>[\/et_pb_toggle][\/et_pb_column][\/et_pb_row][et_pb_row column_structure=\u00a0\u00bb1_3,2_3&Prime; _builder_version=\u00a0\u00bb3.25&Prime; background_size=\u00a0\u00bbinitial\u00a0\u00bb background_position=\u00a0\u00bbtop_left\u00a0\u00bb background_repeat=\u00a0\u00bbrepeat\u00a0\u00bb global_colors_info=\u00a0\u00bb{}\u00a0\u00bb][et_pb_column type=\u00a0\u00bb1_3&Prime; _builder_version=\u00a0\u00bb3.25&Prime; custom_padding=\u00a0\u00bb|||\u00a0\u00bb global_colors_info=\u00a0\u00bb{}\u00a0\u00bb custom_padding__hover=\u00a0\u00bb|||\u00a0\u00bb][et_pb_image src=\u00a0\u00bbhttps:\/\/vivresonreve.ch\/wp-content\/uploads\/2019\/04\/parrain_jean-pierre_egger.jpg\u00a0\u00bb align_tablet=\u00a0\u00bbcenter\u00a0\u00bb align_phone=\u00a0\u00bbcenter\u00a0\u00bb align_last_edited=\u00a0\u00bbon|desktop\u00a0\u00bb admin_label=\u00a0\u00bbImage\u00a0\u00bb _builder_version=\u00a0\u00bb4.14.8&Prime; animation_style=\u00a0\u00bbslide\u00a0\u00bb animation_direction=\u00a0\u00bbright\u00a0\u00bb animation_duration=\u00a0\u00bb500ms\u00a0\u00bb animation_intensity_slide=\u00a0\u00bb10%\u00a0\u00bb animation=\u00a0\u00bbright\u00a0\u00bb sticky=\u00a0\u00bboff\u00a0\u00bb global_colors_info=\u00a0\u00bb{}\u00a0\u00bb][\/et_pb_image][\/et_pb_column][et_pb_column type=\u00a0\u00bb2_3&Prime; _builder_version=\u00a0\u00bb3.25&Prime; custom_padding=\u00a0\u00bb|||\u00a0\u00bb global_colors_info=\u00a0\u00bb{}\u00a0\u00bb custom_padding__hover=\u00a0\u00bb|||\u00a0\u00bb][et_pb_text admin_label=\u00a0\u00bbText\u00a0\u00bb _builder_version=\u00a0\u00bb4.14.8&Prime; background_size=\u00a0\u00bbinitial\u00a0\u00bb background_position=\u00a0\u00bbtop_left\u00a0\u00bb background_repeat=\u00a0\u00bbrepeat\u00a0\u00bb hover_enabled=\u00a0\u00bb0&Prime; global_colors_info=\u00a0\u00bb{}\u00a0\u00bb sticky_enabled=\u00a0\u00bb0&Prime;]<\/p>\n<h1>Jean-Pierre EGGER<\/h1>\n<p><strong><span style=\"color: #45aed0;\">Athl\u00e8te, entra\u00eeneur<br \/><\/span><\/strong><\/p>\n<hr \/>\n<p>N\u00e9 le 30 juillet 1943, \u00e0 Neuch\u00e2tel et <span>\u00a0d\u00e9c\u00e9d\u00e9\u00a0le 29 juillet 2025<\/span><\/p>\n<p>[\/et_pb_text][et_pb_toggle title=\u00a0\u00bbPalmar\u00e8s\u00a0\u00bb admin_label=\u00a0\u00bbToggle\u00a0\u00bb _builder_version=\u00a0\u00bb3.0.48&Prime; background_size=\u00a0\u00bbinitial\u00a0\u00bb background_position=\u00a0\u00bbtop_left\u00a0\u00bb background_repeat=\u00a0\u00bbrepeat\u00a0\u00bb global_colors_info=\u00a0\u00bb{}\u00a0\u00bb]Jean-Pierre Egger est n\u00e9 le 30 juillet 1943 \u00e0 Neuch\u00e2tel.<\/p>\n<p>Ancien athl\u00e8te (lancer du poids). A \u00e9t\u00e9 le premier athl\u00e8te suisse\u00a0\u00e0 d\u00e9passer les 20 m.<\/p>\n<p>A \u00e9t\u00e9 \u00e0 5 reprises recordman de Suisse du lancer du poids (record personnel\u00a0: 20,25m) et \u00e0 une reprise au lancer du disque (57,42m).<\/p>\n<p>A \u00e9t\u00e9 9 fois champion de Suisse au lancer du poids et 3 fois au lancer du disque.<\/p>\n<p>A entra\u00een\u00e9 de nombreux athl\u00e8tes, dont Werner Gunth\u00f6r (12-13 ans), la N\u00e9o-Z\u00e9landaise Val\u00e9rie Adams, depuis 2010 (lancer du poids, elle a gagn\u00e9 tous les titres majeurs).<\/p>\n<p>A \u00e9t\u00e9 le pr\u00e9parateur physique de nombreux sportifs suisses, dont Simon Ammann et le cadre des sauteurs \u00e0 skis suisses. De GC (football, 1998-1999). De l&rsquo;OM (Olympique de Marseille).<\/p>\n<p>A \u00e9t\u00e9 le pr\u00e9parateur physique de l&rsquo;\u00e9quipe de France de basketball (2e\u00a0aux JO de 2000 \u00e0 Sydney), de l&rsquo;\u00e9quipage d&rsquo;Alinghi, vainqueur de la Coupe de l&rsquo;America en 2003.<\/p>\n<p>A disput\u00e9 deux JO (1976 et 1980)<br \/>\n[\/et_pb_toggle][\/et_pb_column][\/et_pb_row][et_pb_row column_structure=\u00a0\u00bb1_3,2_3&Prime; _builder_version=\u00a0\u00bb3.25&Prime; background_size=\u00a0\u00bbinitial\u00a0\u00bb background_position=\u00a0\u00bbtop_left\u00a0\u00bb background_repeat=\u00a0\u00bbrepeat\u00a0\u00bb global_colors_info=\u00a0\u00bb{}\u00a0\u00bb][et_pb_column type=\u00a0\u00bb1_3&Prime; _builder_version=\u00a0\u00bb3.25&Prime; custom_padding=\u00a0\u00bb|||\u00a0\u00bb global_colors_info=\u00a0\u00bb{}\u00a0\u00bb custom_padding__hover=\u00a0\u00bb|||\u00a0\u00bb][et_pb_image src=\u00a0\u00bbhttps:\/\/vivresonreve.ch\/wp-content\/uploads\/2019\/06\/parrain_benoit_jecker.jpg\u00a0\u00bb align_tablet=\u00a0\u00bbcenter\u00a0\u00bb align_phone=\u00a0\u00bbcenter\u00a0\u00bb align_last_edited=\u00a0\u00bbon|desktop\u00a0\u00bb admin_label=\u00a0\u00bbImage\u00a0\u00bb _builder_version=\u00a0\u00bb4.14.8&Prime; animation_style=\u00a0\u00bbslide\u00a0\u00bb animation_direction=\u00a0\u00bbright\u00a0\u00bb animation_duration=\u00a0\u00bb500ms\u00a0\u00bb animation_intensity_slide=\u00a0\u00bb10%\u00a0\u00bb animation=\u00a0\u00bbright\u00a0\u00bb sticky=\u00a0\u00bboff\u00a0\u00bb global_colors_info=\u00a0\u00bb{}\u00a0\u00bb][\/et_pb_image][\/et_pb_column][et_pb_column type=\u00a0\u00bb2_3&Prime; _builder_version=\u00a0\u00bb3.25&Prime; custom_padding=\u00a0\u00bb|||\u00a0\u00bb global_colors_info=\u00a0\u00bb{}\u00a0\u00bb custom_padding__hover=\u00a0\u00bb|||\u00a0\u00bb][et_pb_text admin_label=\u00a0\u00bbText\u00a0\u00bb _builder_version=\u00a0\u00bb3.27.4&Prime; background_size=\u00a0\u00bbinitial\u00a0\u00bb background_position=\u00a0\u00bbtop_left\u00a0\u00bb background_repeat=\u00a0\u00bbrepeat\u00a0\u00bb global_colors_info=\u00a0\u00bb{}\u00a0\u00bb]<\/p>\n<h1>Beno\u00eet JECKER<\/h1>\n<p><strong><span style=\"color: #45aed0;\">Hockey sur glace<br \/>\n<\/span><\/strong><\/p>\n<hr \/>\n<p>N\u00e9 le 12 juin 1994, \u00e0 Fribourg<br \/>\n[\/et_pb_text][et_pb_toggle title=\u00a0\u00bbPortrait\u00a0\u00bb admin_label=\u00a0\u00bbToggle\u00a0\u00bb _builder_version=\u00a0\u00bb3.0.48&Prime; background_size=\u00a0\u00bbinitial\u00a0\u00bb background_position=\u00a0\u00bbtop_left\u00a0\u00bb background_repeat=\u00a0\u00bbrepeat\u00a0\u00bb global_colors_info=\u00a0\u00bb{}\u00a0\u00bb]J\u2019ai commenc\u00e9 dans le mouvement junior de Fribourg Gott\u00e9ron. J\u2019ai pu f\u00eater mon premier titre avec les Moskito top de champions romand. A la fin de ma scolarit\u00e9 obligatoire je quitte Fribourg \u00e0 l\u2019\u00e2ge de 15-16 ans pour rejoindre Davos. Je joue l\u00e0- \u00a0bas 3 ans (1 an en Novice \u00e9lite et 2 ans en junior \u00e9lite) j\u2019ai la chance d\u2019\u00eatre s\u00e9lectionn\u00e9 \u00e0 plusieurs reprise avec les U18 et U19. Je fais en parall\u00e8le l\u2019\u00e9cole de commerce. En 2013 je signe mon premier contrat pro avec le EHC Bienne de 2 ans. En 2013 je fais \u00a0les championnats du monde junior U20 en Su\u00e8de. En 2018 je d\u00e9cide de quitter le EHC Bienne apr\u00e8s 5 ans pass\u00e9es dans le club de mes d\u00e9buts pour le HC Lugano o\u00f9 je signe un contrat de 2 ans. J\u2019ai \u00a0plus de 290 matchs de ligue nationale A. Je pr\u00e9pare ma 7\u00e8me saison en ligue nationale A.<br \/>\n[\/et_pb_toggle][\/et_pb_column][\/et_pb_row][et_pb_row column_structure=\u00a0\u00bb1_3,2_3&Prime; _builder_version=\u00a0\u00bb3.25&Prime; background_size=\u00a0\u00bbinitial\u00a0\u00bb background_position=\u00a0\u00bbtop_left\u00a0\u00bb background_repeat=\u00a0\u00bbrepeat\u00a0\u00bb global_colors_info=\u00a0\u00bb{}\u00a0\u00bb][et_pb_column type=\u00a0\u00bb1_3&Prime; _builder_version=\u00a0\u00bb3.25&Prime; custom_padding=\u00a0\u00bb|||\u00a0\u00bb global_colors_info=\u00a0\u00bb{}\u00a0\u00bb custom_padding__hover=\u00a0\u00bb|||\u00a0\u00bb][et_pb_image src=\u00a0\u00bbhttps:\/\/vivresonreve.ch\/wp-content\/uploads\/2024\/12\/serge.jpg\u00a0\u00bb title_text=\u00a0\u00bbserge\u00a0\u00bb align=\u00a0\u00bbcenter\u00a0\u00bb align_tablet=\u00a0\u00bbcenter\u00a0\u00bb align_phone=\u00a0\u00bbcenter\u00a0\u00bb align_last_edited=\u00a0\u00bbon|desktop\u00a0\u00bb admin_label=\u00a0\u00bbImage\u00a0\u00bb _builder_version=\u00a0\u00bb4.14.8&Prime; custom_margin=\u00a0\u00bb|77px||||\u00a0\u00bb animation_style=\u00a0\u00bbslide\u00a0\u00bb animation_direction=\u00a0\u00bbright\u00a0\u00bb animation_duration=\u00a0\u00bb500ms\u00a0\u00bb animation_intensity_slide=\u00a0\u00bb10%\u00a0\u00bb animation=\u00a0\u00bbright\u00a0\u00bb sticky=\u00a0\u00bboff\u00a0\u00bb global_colors_info=\u00a0\u00bb{}\u00a0\u00bb][\/et_pb_image][\/et_pb_column][et_pb_column type=\u00a0\u00bb2_3&Prime; _builder_version=\u00a0\u00bb3.25&Prime; custom_padding=\u00a0\u00bb|||\u00a0\u00bb global_colors_info=\u00a0\u00bb{}\u00a0\u00bb custom_padding__hover=\u00a0\u00bb|||\u00a0\u00bb][et_pb_text admin_label=\u00a0\u00bbText\u00a0\u00bb _builder_version=\u00a0\u00bb4.14.8&Prime; background_size=\u00a0\u00bbinitial\u00a0\u00bb background_position=\u00a0\u00bbtop_left\u00a0\u00bb background_repeat=\u00a0\u00bbrepeat\u00a0\u00bb global_colors_info=\u00a0\u00bb{}\u00a0\u00bb]<\/p>\n<h1>Serge BALLESTEROS<\/h1>\n<p><strong><span style=\"color: #45aed0;\">Tir \u00e0 l&rsquo;arc<\/span><\/strong><\/p>\n<hr \/>\n<p>N\u00e9 le 15 f\u00e9vrier 1966 \u00e0 Madrid<\/p>\n<p>[\/et_pb_text][et_pb_toggle title=\u00a0\u00bbPalmar\u00e8s\u00a0\u00bb admin_label=\u00a0\u00bbToggle\u00a0\u00bb _builder_version=\u00a0\u00bb4.14.8&Prime; background_size=\u00a0\u00bbinitial\u00a0\u00bb background_position=\u00a0\u00bbtop_left\u00a0\u00bb background_repeat=\u00a0\u00bbrepeat\u00a0\u00bb global_colors_info=\u00a0\u00bb{}\u00a0\u00bb]<\/p>\n<p>2 m\u00e9dailles aux Masters mondiaux de tir \u00e0 l&rsquo;arc de Lausanne \/ World Archery\u00a0(2 x or):<\/p>\n<ul>\n<li>2018 1er rang au tir \u00e0 l&rsquo;arc instinctif Field, arc bowhunter, cat. 50 ans +<\/li>\n<li>2018 1er rang au tir \u00e0 l&rsquo;arc instinctif outdoor 30 m\u00e8tres, arc Traditional, cat. 50 ans +<\/li>\n<\/ul>\n<p>2 m\u00e9dailles au championnat suisse de tir \u00e0 l&rsquo;arc\u00a0 \/ SwissArchery (2 x or) (1 x bronze)<\/p>\n<ul>\n<li>2019 troisi\u00e8me place Field tir instinctif arc Traditionnal cat. 50+<\/li>\n<li>2020 Champion suisse tir instinctif 3D par \u00e9quipe, arc Longbow cat. 50 +<\/li>\n<\/ul>\n<p>[\/et_pb_toggle][\/et_pb_column][\/et_pb_row][et_pb_row column_structure=\u00a0\u00bb1_3,2_3&Prime; _builder_version=\u00a0\u00bb3.25&Prime; background_size=\u00a0\u00bbinitial\u00a0\u00bb background_position=\u00a0\u00bbtop_left\u00a0\u00bb background_repeat=\u00a0\u00bbrepeat\u00a0\u00bb global_colors_info=\u00a0\u00bb{}\u00a0\u00bb][et_pb_column type=\u00a0\u00bb1_3&Prime; _builder_version=\u00a0\u00bb3.25&Prime; custom_padding=\u00a0\u00bb|||\u00a0\u00bb global_colors_info=\u00a0\u00bb{}\u00a0\u00bb custom_padding__hover=\u00a0\u00bb|||\u00a0\u00bb][et_pb_image src=\u00a0\u00bbhttps:\/\/vivresonreve.ch\/wp-content\/uploads\/2024\/12\/BASTIEN-scaled.jpg\u00a0\u00bb title_text=\u00a0\u00bbBASTIEN\u00a0\u00bb align=\u00a0\u00bbcenter\u00a0\u00bb align_tablet=\u00a0\u00bbcenter\u00a0\u00bb align_phone=\u00a0\u00bbcenter\u00a0\u00bb align_last_edited=\u00a0\u00bbon|desktop\u00a0\u00bb admin_label=\u00a0\u00bbImage\u00a0\u00bb _builder_version=\u00a0\u00bb4.14.8&Prime; custom_margin=\u00a0\u00bb|77px||||\u00a0\u00bb animation_style=\u00a0\u00bbslide\u00a0\u00bb animation_direction=\u00a0\u00bbright\u00a0\u00bb animation_duration=\u00a0\u00bb500ms\u00a0\u00bb animation_intensity_slide=\u00a0\u00bb10%\u00a0\u00bb animation=\u00a0\u00bbright\u00a0\u00bb sticky=\u00a0\u00bboff\u00a0\u00bb global_colors_info=\u00a0\u00bb{}\u00a0\u00bb][\/et_pb_image][\/et_pb_column][et_pb_column type=\u00a0\u00bb2_3&Prime; _builder_version=\u00a0\u00bb3.25&Prime; custom_padding=\u00a0\u00bb|||\u00a0\u00bb global_colors_info=\u00a0\u00bb{}\u00a0\u00bb custom_padding__hover=\u00a0\u00bb|||\u00a0\u00bb][et_pb_text admin_label=\u00a0\u00bbText\u00a0\u00bb _builder_version=\u00a0\u00bb4.14.8&Prime; background_size=\u00a0\u00bbinitial\u00a0\u00bb background_position=\u00a0\u00bbtop_left\u00a0\u00bb background_repeat=\u00a0\u00bbrepeat\u00a0\u00bb global_colors_info=\u00a0\u00bb{}\u00a0\u00bb]<\/p>\n<h1>Bastien MURITH<\/h1>\n<p><strong><span style=\"color: #45aed0;\">Para-Natation<\/span><\/strong><\/p>\n<hr \/>\n<p>N\u00e9 le\u00a009.06.1995 \u00e0 Ch\u00e2tel-St-Denis<\/p>\n<p>[\/et_pb_text][et_pb_toggle title=\u00a0\u00bbPalmar\u00e8s\u00a0\u00bb admin_label=\u00a0\u00bbToggle\u00a0\u00bb _builder_version=\u00a0\u00bb4.14.8&Prime; background_size=\u00a0\u00bbinitial\u00a0\u00bb background_position=\u00a0\u00bbtop_left\u00a0\u00bb background_repeat=\u00a0\u00bbrepeat\u00a0\u00bb global_colors_info=\u00a0\u00bb{}\u00a0\u00bb]<\/p>\n<p>Palmar\u00e8s Skicross :<\/p>\n<p>Champion Suisse Junior 2016<\/p>\n<p>10\u00e8me Classement G\u00e9n\u00e9ral Coupe D\u2019Europe 2017<\/p>\n<p>6\u00e8me Coupe D\u2018Europe Val-Thorens 2017<\/p>\n<p>6\u00e8me Coupe D\u2018Europe St. Fran\u00e7ois Longchamps 2017<\/p>\n<p>&nbsp;<\/p>\n<p>Palmar\u00e8s Para-Natation :<\/p>\n<p>8\u00e8me 50m Dos World Series Aberdeen 2024 (Overall) &amp; 1er Cat\u00e9gorie S5<\/p>\n<p>3\u00e8me 50m Dos World Series Lignano 2023 Cat\u00e9gorie S4<\/p>\n<p>[\/et_pb_toggle][\/et_pb_column][\/et_pb_row][et_pb_row column_structure=\u00a0\u00bb1_3,2_3&Prime; _builder_version=\u00a0\u00bb3.25&Prime; background_size=\u00a0\u00bbinitial\u00a0\u00bb background_position=\u00a0\u00bbtop_left\u00a0\u00bb background_repeat=\u00a0\u00bbrepeat\u00a0\u00bb global_colors_info=\u00a0\u00bb{}\u00a0\u00bb][et_pb_column type=\u00a0\u00bb1_3&Prime; _builder_version=\u00a0\u00bb3.25&Prime; custom_padding=\u00a0\u00bb|||\u00a0\u00bb global_colors_info=\u00a0\u00bb{}\u00a0\u00bb custom_padding__hover=\u00a0\u00bb|||\u00a0\u00bb][et_pb_image src=\u00a0\u00bbhttps:\/\/vivresonreve.ch\/wp-content\/uploads\/2018\/10\/img_jacques_bourgeois.png\u00a0\u00bb align_tablet=\u00a0\u00bbcenter\u00a0\u00bb align_phone=\u00a0\u00bbcenter\u00a0\u00bb align_last_edited=\u00a0\u00bbon|desktop\u00a0\u00bb admin_label=\u00a0\u00bbImage\u00a0\u00bb _builder_version=\u00a0\u00bb4.14.8&Prime; animation_style=\u00a0\u00bbslide\u00a0\u00bb animation_direction=\u00a0\u00bbright\u00a0\u00bb animation_duration=\u00a0\u00bb500ms\u00a0\u00bb animation_intensity_slide=\u00a0\u00bb10%\u00a0\u00bb animation=\u00a0\u00bbright\u00a0\u00bb sticky=\u00a0\u00bboff\u00a0\u00bb global_colors_info=\u00a0\u00bb{}\u00a0\u00bb][\/et_pb_image][\/et_pb_column][et_pb_column type=\u00a0\u00bb2_3&Prime; _builder_version=\u00a0\u00bb3.25&Prime; custom_padding=\u00a0\u00bb|||\u00a0\u00bb global_colors_info=\u00a0\u00bb{}\u00a0\u00bb custom_padding__hover=\u00a0\u00bb|||\u00a0\u00bb][et_pb_text admin_label=\u00a0\u00bbText\u00a0\u00bb _builder_version=\u00a0\u00bb3.27.4&Prime; background_size=\u00a0\u00bbinitial\u00a0\u00bb background_position=\u00a0\u00bbtop_left\u00a0\u00bb background_repeat=\u00a0\u00bbrepeat\u00a0\u00bb global_colors_info=\u00a0\u00bb{}\u00a0\u00bb]<\/p>\n<h1>Jacques BOURGEOIS<\/h1>\n<p><strong><span style=\"color: #45aed0;\">Conseiller national<br \/>\n<\/span><\/strong><\/p>\n<hr \/>\n<p>N\u00e9 le 14 mars 1958, \u00e0 Pompaples<br \/>\n[\/et_pb_text][et_pb_toggle title=\u00a0\u00bbPortrait\u00a0\u00bb admin_label=\u00a0\u00bbToggle\u00a0\u00bb _builder_version=\u00a0\u00bb3.0.48&Prime; background_size=\u00a0\u00bbinitial\u00a0\u00bb background_position=\u00a0\u00bbtop_left\u00a0\u00bb background_repeat=\u00a0\u00bbrepeat\u00a0\u00bb global_colors_info=\u00a0\u00bb{}\u00a0\u00bb]Mari\u00e9, p\u00e8re de deux enfants<br \/>\nDomicili\u00e9 \u00e0 Avry (FR)<br \/>\nOriginaire de Ballaigues et Vullierens<br \/>\nIng\u00e9nieur agronome HES<\/p>\n<p>&nbsp;<\/p>\n<h4><strong>Formation<\/strong><\/h4>\n<table style=\"font-size: 0.9rem;\" border=\"0\">\n<tbody>\n<tr>\n<td>1985<\/td>\n<td>Dipl\u00f4me d\u2019ing\u00e9nieur agronome HES<\/td>\n<\/tr>\n<tr>\n<td valign=\"top\">1981<\/td>\n<td valign=\"top\">Dipl\u00f4me d\u2019employ\u00e9 de commerce en gestion<\/td>\n<\/tr>\n<tr>\n<td valign=\"top\">1975 &#8211; 1977<\/td>\n<td valign=\"top\">\u00c9cole d\u2019agriculture de Marcelin sur Morges<\/td>\n<\/tr>\n<tr>\n<td>1973 &#8211; 1975<\/td>\n<td>Apprentissage agricole en Allemagne et en Suisse<\/td>\n<\/tr>\n<tr>\n<td valign=\"top\">Formation continue<\/td>\n<td valign=\"top\">Cours de management, de gestion d\u2019entreprise, de marketing et de communication<\/td>\n<\/tr>\n<\/tbody>\n<\/table>\n<h4><\/h4>\n<h4><strong>Activit\u00e9s professionnelles\u00a0<\/strong><\/h4>\n<table border=\"0\">\n<tbody>\n<tr>\n<td>D\u00e8s 2002<\/td>\n<td>Union Suisse des Paysans, Directeur<\/td>\n<\/tr>\n<tr>\n<td valign=\"top\">1998 &#8211; 2002<\/td>\n<td valign=\"top\">Union Suisse des Paysans, Directeur adjoint et Responsable du D\u00e9partement Production v\u00e9g\u00e9tale et Environnement<\/td>\n<\/tr>\n<tr>\n<td valign=\"top\">1985 &#8211; 1998<\/td>\n<td valign=\"top\">Union mara\u00eech\u00e8re suisse, dont 7 ans en tant que Directeur<\/td>\n<\/tr>\n<\/tbody>\n<\/table>\n<p>[\/et_pb_toggle][\/et_pb_column][\/et_pb_row][et_pb_row column_structure=\u00a0\u00bb1_3,2_3&Prime; _builder_version=\u00a0\u00bb3.25&Prime; background_size=\u00a0\u00bbinitial\u00a0\u00bb background_position=\u00a0\u00bbtop_left\u00a0\u00bb background_repeat=\u00a0\u00bbrepeat\u00a0\u00bb global_colors_info=\u00a0\u00bb{}\u00a0\u00bb][et_pb_column type=\u00a0\u00bb1_3&Prime; _builder_version=\u00a0\u00bb3.25&Prime; custom_padding=\u00a0\u00bb|||\u00a0\u00bb global_colors_info=\u00a0\u00bb{}\u00a0\u00bb custom_padding__hover=\u00a0\u00bb|||\u00a0\u00bb][et_pb_image src=\u00a0\u00bbhttps:\/\/vivresonreve.ch\/wp-content\/uploads\/2014\/11\/img_jean-pierre_siggen.png\u00a0\u00bb align_tablet=\u00a0\u00bbcenter\u00a0\u00bb align_phone=\u00a0\u00bbcenter\u00a0\u00bb align_last_edited=\u00a0\u00bbon|desktop\u00a0\u00bb admin_label=\u00a0\u00bbImage\u00a0\u00bb _builder_version=\u00a0\u00bb4.14.8&Prime; animation_style=\u00a0\u00bbslide\u00a0\u00bb animation_direction=\u00a0\u00bbright\u00a0\u00bb animation_duration=\u00a0\u00bb500ms\u00a0\u00bb animation_intensity_slide=\u00a0\u00bb10%\u00a0\u00bb animation=\u00a0\u00bbright\u00a0\u00bb sticky=\u00a0\u00bboff\u00a0\u00bb global_colors_info=\u00a0\u00bb{}\u00a0\u00bb][\/et_pb_image][\/et_pb_column][et_pb_column type=\u00a0\u00bb2_3&Prime; _builder_version=\u00a0\u00bb3.25&Prime; custom_padding=\u00a0\u00bb|||\u00a0\u00bb global_colors_info=\u00a0\u00bb{}\u00a0\u00bb custom_padding__hover=\u00a0\u00bb|||\u00a0\u00bb][et_pb_text admin_label=\u00a0\u00bbText\u00a0\u00bb _builder_version=\u00a0\u00bb3.27.4&Prime; background_size=\u00a0\u00bbinitial\u00a0\u00bb background_position=\u00a0\u00bbtop_left\u00a0\u00bb background_repeat=\u00a0\u00bbrepeat\u00a0\u00bb global_colors_info=\u00a0\u00bb{}\u00a0\u00bb]<\/p>\n<h1>Jean-Pierre\u00a0SIGGEN<\/h1>\n<p><strong><span style=\"color: #45aed0;\">Conseiller d&rsquo;\u00c9tat<br \/>\n<\/span><\/strong><\/p>\n<hr \/>\n<p>N\u00e9 le 6 ao\u00fbt 1962, \u00e0\u00a0Chalais<br \/>\n[\/et_pb_text][et_pb_toggle title=\u00a0\u00bbPortrait\u00a0\u00bb admin_label=\u00a0\u00bbToggle\u00a0\u00bb _builder_version=\u00a0\u00bb3.0.48&Prime; background_size=\u00a0\u00bbinitial\u00a0\u00bb background_position=\u00a0\u00bbtop_left\u00a0\u00bb background_repeat=\u00a0\u00bbrepeat\u00a0\u00bb global_colors_info=\u00a0\u00bb{}\u00a0\u00bb]Mari\u00e9 et p\u00e8re de trois enfants, Jean-Pierre Siggen est Conseiller d&rsquo;Etat, Directeur de l&rsquo;instruction publique, de la culture et du sport (DICS) depuis le 12 novembre 2013, date \u00e0 laquelle il a \u00e9t\u00e9 asserment\u00e9 devant le Grand Conseil fribourgeois.<\/p>\n<p>Au b\u00e9n\u00e9fice d&rsquo;une licence en droit et d&rsquo;une seconde en \u00e9conomie politique, Jean-Pierre Siggen exerce de 1989 \u00e0 1997 la profession de secr\u00e9taire patronal puis de vice-directeur de l&rsquo;Union suisse des arts et m\u00e9tiers (USAM). Pendant ces huit ann\u00e9es, il s&rsquo;occupe des relations ext\u00e9rieures de l&rsquo;USAM avec les partenaires de l&rsquo;Association europ\u00e9enne de libre \u00e9change (AELE) et de l&rsquo;Union internationale de l&rsquo;artisanat et des petites et moyennes entreprises (UIAPME), les douanes ainsi que l&rsquo;Organisation mondiale du commerce (OMC). March\u00e9s publics, assurances sociales et sant\u00e9 publique font \u00e9galement partie de ses nombreux domaines d&rsquo;activit\u00e9. Durant ces ann\u00e9es, il assure encore le secr\u00e9tariat de l&rsquo;Union suisse des professions lib\u00e9rales et fonctionne comme r\u00e9dacteur du Journal des arts et m\u00e9tiers.<\/p>\n<p>De 1997 \u00e0 1999, Jean-Pierre Siggen devient conseiller pour les questions \u00e9conomiques et sociales du conseiller f\u00e9d\u00e9ral Flavio Cotti. Il encha\u00eene avec le poste de conseiller pour les affaires du Conseil f\u00e9d\u00e9ral du conseiller f\u00e9d\u00e9ral Joseph Deiss. Une ann\u00e9e plus tard, il devient secr\u00e9taire g\u00e9n\u00e9ral adjoint de la F\u00e9d\u00e9ration des entreprises romandes et directeur de l&rsquo;Union patronale du canton de Fribourg, fonction qu&rsquo;il va assurer jusqu&rsquo;en 2013, ann\u00e9e de son \u00e9lection au Conseil d&rsquo;Etat du canton de Fribourg.<\/p>\n<p>Sa carri\u00e8re de d\u00e9put\u00e9 au Grand Conseil fribourgeois d\u00e9bute en 2006 o\u00f9 il prend la pr\u00e9sidence du Club \u00e9conomique. En 2009, il devient chef de groupe du Parti d\u00e9mocrate chr\u00e9tien (PDC). Auparavant, M. Siggen a assum\u00e9 le mandat de pr\u00e9sident du PDC de la ville de Fribourg et de vice-pr\u00e9sident du PDC cantonal. Il a si\u00e9g\u00e9 comme conseiller g\u00e9n\u00e9ral de la ville de Fribourg.<br \/>\n[\/et_pb_toggle][\/et_pb_column][\/et_pb_row][\/et_pb_section]<\/p>\n","protected":false},"excerpt":{"rendered":"<p>L&rsquo;association est \u00e9galement soutenue et reconnue par 9\u00a0personnalit\u00e9s, toutes\u00a0conscientes de l\u2019importance d\u2019un encadrement adapt\u00e9 pour r\u00e9aliser ses r\u00eaves. Slava BYKOV Hockey sur glace N\u00e9 le 24 juillet 1960, \u00e0 Tcheliabinsk (RUSSIE) comme joueur: Septuple Champion d&rsquo;URSS en 1983, 1984, 1985, 1986, 1987, 1988, 1989 avec le CSKA Moscou Vainqueur Coupe d&rsquo;URSS en 1988 avec le [&hellip;]<\/p>\n","protected":false},"author":5,"featured_media":0,"parent":0,"menu_order":7,"comment_status":"closed","ping_status":"closed","template":"","meta":{"_et_pb_use_builder":"on","_et_pb_old_content":"","_et_gb_content_width":"","footnotes":""},"class_list":["post-57","page","type-page","status-publish","hentry"],"_links":{"self":[{"href":"https:\/\/vivresonreve.ch\/index.php?rest_route=\/wp\/v2\/pages\/57","targetHints":{"allow":["GET"]}}],"collection":[{"href":"https:\/\/vivresonreve.ch\/index.php?rest_route=\/wp\/v2\/pages"}],"about":[{"href":"https:\/\/vivresonreve.ch\/index.php?rest_route=\/wp\/v2\/types\/page"}],"author":[{"embeddable":true,"href":"https:\/\/vivresonreve.ch\/index.php?rest_route=\/wp\/v2\/users\/5"}],"replies":[{"embeddable":true,"href":"https:\/\/vivresonreve.ch\/index.php?rest_route=%2Fwp%2Fv2%2Fcomments&post=57"}],"version-history":[{"count":97,"href":"https:\/\/vivresonreve.ch\/index.php?rest_route=\/wp\/v2\/pages\/57\/revisions"}],"predecessor-version":[{"id":7803,"href":"https:\/\/vivresonreve.ch\/index.php?rest_route=\/wp\/v2\/pages\/57\/revisions\/7803"}],"wp:attachment":[{"href":"https:\/\/vivresonreve.ch\/index.php?rest_route=%2Fwp%2Fv2%2Fmedia&parent=57"}],"curies":[{"name":"wp","href":"https:\/\/api.w.org\/{rel}","templated":true}]}}