{"id":48,"date":"2014-11-25T16:13:14","date_gmt":"2014-11-25T16:13:14","guid":{"rendered":"http:\/\/vivresonreve.ch\/?page_id=48"},"modified":"2025-02-24T11:28:03","modified_gmt":"2025-02-24T09:28:03","slug":"conditions","status":"publish","type":"page","link":"https:\/\/vivresonreve.ch\/?page_id=48","title":{"rendered":"candidatures"},"content":{"rendered":"<p>[et_pb_section fb_built=\u00a0\u00bb1&Prime; _builder_version=\u00a0\u00bb3.22&Prime; background_color=\u00a0\u00bb#ffffff\u00a0\u00bb background_image=\u00a0\u00bbhttps:\/\/vivresonreve.ch\/wp-content\/uploads\/2014\/11\/Title_bg_candidature_espoirs.jpg\u00a0\u00bb transparent_background=\u00a0\u00bboff\u00a0\u00bb global_colors_info=\u00a0\u00bb{}\u00a0\u00bb][et_pb_row _builder_version=\u00a0\u00bb3.25&Prime; background_size=\u00a0\u00bbinitial\u00a0\u00bb background_position=\u00a0\u00bbtop_left\u00a0\u00bb background_repeat=\u00a0\u00bbrepeat\u00a0\u00bb global_colors_info=\u00a0\u00bb{}\u00a0\u00bb][et_pb_column type=\u00a0\u00bb4_4&Prime; _builder_version=\u00a0\u00bb3.25&Prime; custom_padding=\u00a0\u00bb|||\u00a0\u00bb global_colors_info=\u00a0\u00bb{}\u00a0\u00bb custom_padding__hover=\u00a0\u00bb|||\u00a0\u00bb][et_pb_image src=\u00a0\u00bbhttps:\/\/vivresonreve.ch\/wp-content\/uploads\/2023\/04\/candidatures.png\u00a0\u00bb title_text=\u00a0\u00bbcandidatures\u00a0\u00bb show_bottom_space=\u00a0\u00bboff\u00a0\u00bb _builder_version=\u00a0\u00bb4.14.8&Prime; _module_preset=\u00a0\u00bbdefault\u00a0\u00bb module_alignment=\u00a0\u00bbcenter\u00a0\u00bb custom_margin=\u00a0\u00bb0px||||false|false\u00a0\u00bb custom_padding=\u00a0\u00bb0px||0px||false|false\u00a0\u00bb global_colors_info=\u00a0\u00bb{}\u00a0\u00bb][\/et_pb_image][\/et_pb_column][\/et_pb_row][\/et_pb_section][et_pb_section fb_built=\u00a0\u00bb1&Prime; _builder_version=\u00a0\u00bb3.22&Prime; global_colors_info=\u00a0\u00bb{}\u00a0\u00bb][et_pb_row _builder_version=\u00a0\u00bb3.25&Prime; background_size=\u00a0\u00bbinitial\u00a0\u00bb background_position=\u00a0\u00bbtop_left\u00a0\u00bb background_repeat=\u00a0\u00bbrepeat\u00a0\u00bb global_colors_info=\u00a0\u00bb{}\u00a0\u00bb][et_pb_column type=\u00a0\u00bb4_4&Prime; _builder_version=\u00a0\u00bb3.25&Prime; custom_padding=\u00a0\u00bb|||\u00a0\u00bb global_colors_info=\u00a0\u00bb{}\u00a0\u00bb custom_padding__hover=\u00a0\u00bb|||\u00a0\u00bb][et_pb_text admin_label=\u00a0\u00bbText\u00a0\u00bb _builder_version=\u00a0\u00bb4.14.8&Prime; background_size=\u00a0\u00bbinitial\u00a0\u00bb background_position=\u00a0\u00bbtop_left\u00a0\u00bb background_repeat=\u00a0\u00bbrepeat\u00a0\u00bb global_colors_info=\u00a0\u00bb{}\u00a0\u00bb]<\/p>\n<h1>6Vous avez entre 10 et 25 ans,<br \/>vous \u00eates passionn\u00e9 par votre sport<br \/>et\u00a0voulez atteindre des sommets&#8230;<\/h1>\n<p><strong>Alors n&rsquo;h\u00e9sitez plus une seconde, prenez connaissance du r\u00e8glement\u00a0ci-dessous et envoyez-nous votre dossier.<\/strong><\/p>\n<p>Nous attendons avec impatience votre dossier de candidature jusqu&rsquo;au 15 octobre 2025 pour \u00eatre soutenu en 2026.<br \/>Merci.<\/p>\n<p>[\/et_pb_text][\/et_pb_column][\/et_pb_row][et_pb_row _builder_version=\u00a0\u00bb3.25&Prime; background_size=\u00a0\u00bbinitial\u00a0\u00bb background_position=\u00a0\u00bbtop_left\u00a0\u00bb background_repeat=\u00a0\u00bbrepeat\u00a0\u00bb global_colors_info=\u00a0\u00bb{}\u00a0\u00bb][et_pb_column type=\u00a0\u00bb4_4&Prime; _builder_version=\u00a0\u00bb3.25&Prime; custom_padding=\u00a0\u00bb|||\u00a0\u00bb global_colors_info=\u00a0\u00bb{}\u00a0\u00bb custom_padding__hover=\u00a0\u00bb|||\u00a0\u00bb][et_pb_text admin_label=\u00a0\u00bbText\u00a0\u00bb _builder_version=\u00a0\u00bb3.27.4&Prime; background_size=\u00a0\u00bbinitial\u00a0\u00bb background_position=\u00a0\u00bbtop_left\u00a0\u00bb background_repeat=\u00a0\u00bbrepeat\u00a0\u00bb global_colors_info=\u00a0\u00bb{}\u00a0\u00bb]<\/p>\n<h1>Le coup de coeur<\/h1>\n<p>L&rsquo;association s\u00e9lectionne un certain nombre d&rsquo;espoirs par ann\u00e9e. Cependant, un soutien suppl\u00e9mentaire est attribu\u00e9 \u00e0 un coup de coeur. Celui-ci re\u00e7oit alors une aide d&rsquo;encouragement de la part de Vivre son r\u00eave.<br \/>\n[\/et_pb_text][\/et_pb_column][\/et_pb_row][et_pb_row _builder_version=\u00a0\u00bb3.25&Prime; background_size=\u00a0\u00bbinitial\u00a0\u00bb background_position=\u00a0\u00bbtop_left\u00a0\u00bb background_repeat=\u00a0\u00bbrepeat\u00a0\u00bb global_colors_info=\u00a0\u00bb{}\u00a0\u00bb][et_pb_column type=\u00a0\u00bb4_4&Prime; _builder_version=\u00a0\u00bb3.25&Prime; custom_padding=\u00a0\u00bb|||\u00a0\u00bb global_colors_info=\u00a0\u00bb{}\u00a0\u00bb custom_padding__hover=\u00a0\u00bb|||\u00a0\u00bb][et_pb_text admin_label=\u00a0\u00bbText\u00a0\u00bb _builder_version=\u00a0\u00bb3.27.4&Prime; background_size=\u00a0\u00bbinitial\u00a0\u00bb background_position=\u00a0\u00bbtop_left\u00a0\u00bb background_repeat=\u00a0\u00bbrepeat\u00a0\u00bb global_colors_info=\u00a0\u00bb{}\u00a0\u00bb]<\/p>\n<h1>Tous les sports sont soutenus !<\/h1>\n<p>Ci-apr\u00e8s <b>les conditions requises<\/b> pour b\u00e9n\u00e9ficier de l\u2018aide de l&rsquo;association:<\/p>\n<ul>\n<li><span style=\"color: #978f27;\">\u00a0<strong>Pratiquer son sport \u00e0 haut niveau avec l\u2019ambition d\u2019en faire sa profession<\/strong><\/span><\/li>\n<\/ul>\n<hr \/>\n<ul>\n<li style=\"text-align: left;\"><span style=\"color: #978f27;\"><strong>Prouver son appartenance \u00e0 un club sportif et\/ou une f\u00e9d\u00e9ration nationale<\/strong><\/span><\/li>\n<\/ul>\n<hr \/>\n<ul>\n<li style=\"text-align: left;\"><span style=\"color: #978f27;\"><strong>T\u00e9moigner d\u2019une assiduit\u00e9 et d\u2019un engagement scolaires prometteurs<\/strong><\/span><\/li>\n<\/ul>\n<hr \/>\n<ul>\n<li style=\"text-align: left;\"><span style=\"color: #978f27;\"><strong>Avoir entre 10 et 25 ans<\/strong><\/span><\/li>\n<\/ul>\n<hr \/>\n<ul>\n<li style=\"text-align: left;\"><span style=\"color: #978f27;\"><strong>Etre domicili\u00e9 en Suisse<\/strong><\/span><\/li>\n<\/ul>\n<hr \/>\n<ul>\n<li style=\"text-align: left;\"><span style=\"color: #978f27;\"><strong>D\u00e9poser un dossier de candidature complet<\/strong><\/span><\/li>\n<\/ul>\n<p style=\"text-align: left;\">Par ailleurs, la situation financi\u00e8re familiale, le budget annuel n\u00e9cessaire et le sport pratiqu\u00e9 seront pris en compte lors de la s\u00e9lection des espoirs.<\/p>\n<p>[\/et_pb_text][\/et_pb_column][\/et_pb_row][et_pb_row _builder_version=\u00a0\u00bb3.25&Prime; background_size=\u00a0\u00bbinitial\u00a0\u00bb background_position=\u00a0\u00bbtop_left\u00a0\u00bb background_repeat=\u00a0\u00bbrepeat\u00a0\u00bb global_colors_info=\u00a0\u00bb{}\u00a0\u00bb][et_pb_column type=\u00a0\u00bb4_4&Prime; _builder_version=\u00a0\u00bb3.25&Prime; custom_padding=\u00a0\u00bb|||\u00a0\u00bb global_colors_info=\u00a0\u00bb{}\u00a0\u00bb custom_padding__hover=\u00a0\u00bb|||\u00a0\u00bb][et_pb_text admin_label=\u00a0\u00bbText\u00a0\u00bb _builder_version=\u00a0\u00bb3.27.4&Prime; background_size=\u00a0\u00bbinitial\u00a0\u00bb background_position=\u00a0\u00bbtop_left\u00a0\u00bb background_repeat=\u00a0\u00bbrepeat\u00a0\u00bb global_colors_info=\u00a0\u00bb{}\u00a0\u00bb]<strong>Avant de d\u00e9poser une candidature, merci de lire le r\u00e8glement ci-dessous<\/strong><br \/>\n[\/et_pb_text][et_pb_toggle title=\u00a0\u00bbR\u00e8glement\u00a0\u00bb admin_label=\u00a0\u00bbToggle\u00a0\u00bb _builder_version=\u00a0\u00bb3.0.48&Prime; background_size=\u00a0\u00bbinitial\u00a0\u00bb background_position=\u00a0\u00bbtop_left\u00a0\u00bb background_repeat=\u00a0\u00bbrepeat\u00a0\u00bb global_colors_info=\u00a0\u00bb{}\u00a0\u00bb]<\/p>\n<h3><\/h3>\n<h3><span style=\"color: #978f27;\">Art.1 Vision<\/span><\/h3>\n<p>Le club de soutien \u00abVivre son r\u00eave\u00bb encadre et aide des espoirs dans leur sport de pr\u00e9dilection, afin qu\u2019ils puissent \u00ab devenir professionnel-le dans leur sport favori\u00bb.<\/p>\n<p>Le soutien consiste en une aide financi\u00e8re et la mise \u00e0 disposition de conseils de partenaires sp\u00e9cialis\u00e9s et comp\u00e9tents qui apportent un encadrement, un soutien et un suivi professionnel individualis\u00e9.<\/p>\n<h3><\/h3>\n<h3><span style=\"color: #978f27;\">Art.2 Conditions de s\u00e9lection<\/span><\/h3>\n<p>La s\u00e9lection rel\u00e8ve de comp\u00e9tence du Comit\u00e9 selon ses attributions internes.<\/p>\n<p>Pour b\u00e9n\u00e9ficier de l\u2019aide financi\u00e8re du club de soutien \u00ab\u00a0Vivre son r\u00eave\u00a0\u00bb l\u2019espoir doit remplir certains crit\u00e8res et pr\u00e9senter un dossier.<\/p>\n<p>A) Crit\u00e8res de s\u00e9lection\u00a0:<\/p>\n<ul>\n<li>L\u2019espoir doit pratiquer un sport \u00e0 haut niveau\u00a0avec l\u2019ambition d\u2019en faire sa profession<\/li>\n<li>L\u2019espoir doit prouver son appartenance \u00e0 un club sportif et\/ou une f\u00e9d\u00e9ration nationale<\/li>\n<li>L\u2019espoir doit t\u00e9moigner d\u2019une assiduit\u00e9 et d\u2019un engagement scolaires prometteurs<\/li>\n<li>L\u2019espoir doit avoir entre 10 et 25 ans<\/li>\n<li>L\u2019espoir doit \u00eatre domicili\u00e9 en Suisse.<\/li>\n<\/ul>\n<p>B) Dossier comprenant\u00a0:<\/p>\n<ul>\n<li>Un curriculum vitae<\/li>\n<li>Une lettre de motivation<\/li>\n<li>Un budget pour une ann\u00e9e<\/li>\n<li>Une description du parcours sportif et professionnel \u00e0 ce jour<\/li>\n<li>Des objectifs sportifs, professionnels pr\u00e9cis et mesurables \u00e0 court (2 ans) et long terme (10 ans)<\/li>\n<li>Un pr\u00e9avis du pr\u00e9sident du club dans lequel il \u00e9volue<\/li>\n<li>Une description de l\u2019utilisation de cet apport suppl\u00e9mentaire par le club de soutien \u00ab\u00a0Vivre son r\u00eave\u00a0\u00bb<\/li>\n<li>Une br\u00e8ve pr\u00e9sentation de son sport<\/li>\n<li>L\u2019avis de taxation ordinaire du candidat et, le cas \u00e9ch\u00e9ant, de son conjoint ou sa conjointe ou de son ou sa partenaire enregistr\u00e9-e, des parents et d\u2019autres personnes l\u00e9galement tenues \u00e0 son entretien, pour la p\u00e9riode fiscale qui pr\u00e9c\u00e8de l\u2019ann\u00e9e de formation. Si les parents sont s\u00e9par\u00e9s ou divorc\u00e9s, les deux avis de taxation sont n\u00e9cessaires.<\/li>\n<\/ul>\n<p>Chaque dossier complet (avec tous les \u00e9l\u00e9ments pr\u00e9cit\u00e9s) sera examin\u00e9 par le Comit\u00e9 et tous ses composants doivent \u00eatre trait\u00e9s de mani\u00e8re confidentielle par ses membres.<\/p>\n<p>L\u2019Association soutiendra en priorit\u00e9 les espoirs de la Suisse occidentale, respectivement les espoirs du canton dont provient un sponsoring ou un partenariat si ce dernier a \u00e9t\u00e9 pr\u00e9cis\u00e9ment affect\u00e9 \u00e0 des sportifs d\u2019une r\u00e9gion d\u00e9termin\u00e9e.<\/p>\n<p>&nbsp;<\/p>\n<h3><span style=\"color: #978f27;\">Art.3 Choix de l\u2019espoir<\/span><\/h3>\n<p><span lang=\"FR\"><span style=\"color: #000000; font-family: Arial;\">Apr\u00e8s analyse des dossiers, le Comit\u00e9 invite les candidats pr\u00e9s\u00e9lectionn\u00e9s pour un entretien seul et ensuite en pr\u00e9sence de leurs parents et\/ou de leur entra\u00eeneur (d\u2019un repr\u00e9sentant de leur club). L\u2019espoir sera pr\u00e9sent\u00e9 \u00e0 tous les membres pr\u00e9sents du Comit\u00e9.<\/span><\/span><\/p>\n<p><span lang=\"FR\"><span style=\"color: #000000; font-family: Arial;\">L\u2019espoir sera soutenu durant une ann\u00e9e enti\u00e8re. Apr\u00e8s un bilan annuel, le Comit\u00e9 d\u00e9cidera s\u2019il renouvelle son soutien au m\u00eame espoir.<\/span><\/span><\/p>\n<p><span lang=\"FR\"><span style=\"color: #000000; font-family: Arial;\">Crit\u00e8res de renouvellement de s\u00e9lection\u00a0:<\/span><\/span><\/p>\n<ul>\n<li><span lang=\"FR\" style=\"margin: 0px; font-family: 'Arial',sans-serif;\">Bilan des r\u00e9sultats annuels (progression, performances)<\/span><\/li>\n<li><span lang=\"FR\" style=\"margin: 0px; font-family: 'Arial',sans-serif;\">Rapport de l\u2019entra\u00eeneur<\/span><\/li>\n<li><span lang=\"FR\" style=\"margin: 0px; font-family: 'Arial',sans-serif;\">Entretien avec l\u2019espoir (\u00e9ventuellement ses parents)<\/span><\/li>\n<li><span lang=\"FR\" style=\"margin: 0px; font-family: 'Arial',sans-serif;\">Prise en compte de blessure, maladie ou autre cas de force majeure.<br \/>\n<\/span><\/li>\n<\/ul>\n<p>&nbsp;<\/p>\n<h3><span style=\"color: #978f27;\">Art.4 Obligation de l\u2019espoir<\/span><\/h3>\n<p>Les espoirs s\u00e9lectionn\u00e9s auront l\u2019obligation d\u2019assister \u00e0 l\u2019activit\u00e9 annuelle du club de soutien, afin d\u2019informer les membres, \u00ab Amis \u00bb et sponsors \/ partenaires du club sur leurs activit\u00e9s sportives de la saison, leurs r\u00e9sultats compar\u00e9s aux objectifs fix\u00e9s, sur leurs motivations futures et leurs objectifs futurs.<\/p>\n<p>L&rsquo;entra\u00eeneur de l\u2019espoir et\/ou le club s&rsquo;engagent \u00e0 fournir un petit rapport tous les 6 mois et \u00e0 r\u00e9pondre aux \u00e9ventuelles questions du club de soutien.<\/p>\n<h3><\/h3>\n<h3><span style=\"color: #978f27;\">Art.5 Communication \/ information<\/span><\/h3>\n<p>Les dossiers peuvent \u00eatre envoy\u00e9s au club de soutien en tout temps. Ceux-ci seront \u00e9tudi\u00e9s et trait\u00e9s de mani\u00e8re ponctuelle.<\/p>\n<p>Une communication du club de soutien se fera par divers m\u00e9dias (p.ex. La Gruy\u00e8re, La Libert\u00e9, Radio Fribourg, Freiburger Nachrichten, etc.).<br \/>\nDes flyers seront \u00e9galement transmis \u00e0 tous les clubs sportifs.<\/p>\n<p><strong>D\u00e9lais de transmission de dossier: 15 octobre de l\u2019ann\u00e9e en cours.<\/strong><\/p>\n<p><strong>Information des candidats s\u00e9lectionn\u00e9s: 15 d\u00e9cembre de l\u2019ann\u00e9e en cours.<\/strong><\/p>\n<p>Les dossiers envoy\u00e9s apr\u00e8s le 15 octobre de l\u2019ann\u00e9e en cours seront \u00e9tudi\u00e9s et trait\u00e9s pour l\u2019ann\u00e9e suivante.<\/p>\n<p>&nbsp;<\/p>\n<h3><span style=\"color: #978f27;\">Art.6 \u00abAmis\u00bb du club<\/span><\/h3>\n<p>Le montant de soutien des \u00ab Amis \u00bb du club s\u2019\u00e9l\u00e8ve \u00e0 CHF 150.- \u00abAmis\u00bb peut \u00eatre tout un chacun qui souhaite soutenir le sport et la jeunesse.<\/p>\n<p>Les \u00abAmis\u00bb du club sont invit\u00e9s \u00e0 prendre part \u00e0 l\u2019activit\u00e9 organis\u00e9e annuellement pour toutes les personnes soutenant le club d\u2019une mani\u00e8re ou d\u2019une autre.<\/p>\n<p>&nbsp;<\/p>\n<h3><span style=\"color: #978f27;\">Art.7 Activit\u00e9 annuelle<\/span><\/h3>\n<p>Une activit\u00e9 annuelle r\u00e9unira les membres, \u00ab Amis \u00bb, sponsors \/ partenaires du club, afin de se retrouver et de partager un moment convivial et chaleureux tous ensemble.<\/p>\n<p>&nbsp;<\/p>\n<h3><span style=\"color: #978f27;\">Art.8 Soutien du club<\/span><\/h3>\n<p>Dans la fixation du montant du soutien, le club prend en consid\u00e9ration le budget annuel de l\u2019espoir et les montants accord\u00e9s par des sponsors et des partenaires existants. Le montant allou\u00e9 sera revu annuellement et annonc\u00e9 aux espoirs s\u00e9lectionn\u00e9s.<\/p>\n<p>Le soutien peut \u00eatre offert sous forme de paiement de factures \/ quittances transmises par l\u2019espoir ou par des services propos\u00e9s \/ offerts par des partenaires du club de soutien.<\/p>\n<p>La situation familiale, notamment financi\u00e8re et le sport pratiqu\u00e9 seront pris en compte lors de la s\u00e9lection des espoirs.<\/p>\n<p>&nbsp;<\/p>\n<h3><span style=\"color: #978f27;\">Art.9 Divers<\/span><\/h3>\n<p>Il n\u2019existe pas de recours contre les d\u00e9cisions du club de soutien.<br \/>\nLe sport handicap de comp\u00e9tition est \u00e9galement soutenu par le club de soutien.<\/p>\n<p>&nbsp;<\/p>\n<p style=\"text-align: right;\"><i>Pont-la-Ville 26 juin 2019<\/i><\/p>\n<p>&nbsp;<br \/>\n[\/et_pb_toggle][\/et_pb_column][\/et_pb_row][et_pb_row _builder_version=\u00a0\u00bb3.25&Prime; background_size=\u00a0\u00bbinitial\u00a0\u00bb background_position=\u00a0\u00bbtop_left\u00a0\u00bb background_repeat=\u00a0\u00bbrepeat\u00a0\u00bb global_colors_info=\u00a0\u00bb{}\u00a0\u00bb][et_pb_column type=\u00a0\u00bb4_4&Prime; _builder_version=\u00a0\u00bb3.25&Prime; custom_padding=\u00a0\u00bb|||\u00a0\u00bb global_colors_info=\u00a0\u00bb{}\u00a0\u00bb custom_padding__hover=\u00a0\u00bb|||\u00a0\u00bb][et_pb_text admin_label=\u00a0\u00bbText\u00a0\u00bb _builder_version=\u00a0\u00bb3.27.4&Prime; background_size=\u00a0\u00bbinitial\u00a0\u00bb background_position=\u00a0\u00bbtop_left\u00a0\u00bb background_repeat=\u00a0\u00bbrepeat\u00a0\u00bb global_colors_info=\u00a0\u00bb{}\u00a0\u00bb]<\/p>\n<h1>Les espoirs soutenus depuis le d\u00e9but&#8230;<\/h1>\n<p>[\/et_pb_text][et_pb_accordion admin_label=\u00a0\u00bbAccordion\u00a0\u00bb _builder_version=\u00a0\u00bb4.14.8&Prime; global_colors_info=\u00a0\u00bb{}\u00a0\u00bb][et_pb_accordion_item title=\u00a0\u00bb2024&Prime; open=\u00a0\u00bbon\u00a0\u00bb _builder_version=\u00a0\u00bb4.14.8&Prime; _module_preset=\u00a0\u00bbdefault\u00a0\u00bb global_colors_info=\u00a0\u00bb{}\u00a0\u00bb]<\/p>\n<ol>\n<li><strong>Alanis Siffert<\/strong><\/li>\n<li><strong>Thibaud Bucher<\/strong><\/li>\n<li><strong>Arnaud Renaud<\/strong><\/li>\n<li><strong>Mathieu Roulin<\/strong><\/li>\n<li><strong>Jan Porchet (Coup de c\u0153ur)<\/strong><\/li>\n<\/ol>\n<p>[\/et_pb_accordion_item][et_pb_accordion_item title=\u00a0\u00bb2023&Prime; _builder_version=\u00a0\u00bb4.14.8&Prime; _module_preset=\u00a0\u00bbdefault\u00a0\u00bb global_colors_info=\u00a0\u00bb{}\u00a0\u00bb open=\u00a0\u00bboff\u00a0\u00bb]<\/p>\n<ol>\n<li><strong>Arnaud Boisset<\/strong><\/li>\n<li><strong>Oph\u00e9lie Clerc<\/strong><\/li>\n<li><strong>Kylian Nestola<\/strong><\/li>\n<li><strong>Alanis Siffert<\/strong><\/li>\n<li><strong>Thibaud Bucher<\/strong><\/li>\n<\/ol>\n<p>[\/et_pb_accordion_item][et_pb_accordion_item title=\u00a0\u00bb2022&Prime; _builder_version=\u00a0\u00bb4.14.8&Prime; _module_preset=\u00a0\u00bbdefault\u00a0\u00bb global_colors_info=\u00a0\u00bb{}\u00a0\u00bb open=\u00a0\u00bboff\u00a0\u00bb]<\/p>\n<ol>\n<li><strong>Arnaud Boisset<\/strong><\/li>\n<li><strong>Charles Devantay<\/strong><\/li>\n<li><strong>Marie Mettraux<\/strong><\/li>\n<li><strong>Oph\u00e9lie Clerc<\/strong><\/li>\n<li><strong>Guillaume Gachet<\/strong><\/li>\n<li><strong>Malika Gobet<\/strong><\/li>\n<li><strong>Thomas Kolly<\/strong><\/li>\n<li><strong>Thibaud Bucher<\/strong><\/li>\n<\/ol>\n<p>[\/et_pb_accordion_item][et_pb_accordion_item title=\u00a0\u00bb2020-2021&Prime; _builder_version=\u00a0\u00bb4.14.8&Prime; _module_preset=\u00a0\u00bbdefault\u00a0\u00bb global_colors_info=\u00a0\u00bb{}\u00a0\u00bb open=\u00a0\u00bboff\u00a0\u00bb]<\/p>\n<ol>\n<li style=\"text-align: left;\"><strong>Madeline Coquoz<\/strong><\/li>\n<li style=\"text-align: left;\"><strong>Arnaud Guex<\/strong><\/li>\n<li style=\"text-align: left;\"><strong>Malika Gobet<\/strong><\/li>\n<li style=\"text-align: left;\"><strong>Marie Kolly<\/strong><\/li>\n<li><strong>Robin Gode<\/strong>l<\/li>\n<li><strong>Antonin Savary<\/strong><\/li>\n<li><strong>Arnaud Boisset<\/strong><\/li>\n<li><strong>Charles Devantay<\/strong><\/li>\n<li><strong>Marie Mettraux<\/strong><\/li>\n<li><strong>Julie Franconville<\/strong><\/li>\n<li><strong>Guillaume Gachet<\/strong><\/li>\n<\/ol>\n<p>[\/et_pb_accordion_item][et_pb_accordion_item title=\u00a0\u00bb2019&Prime; _builder_version=\u00a0\u00bb4.14.8&Prime; global_colors_info=\u00a0\u00bb{}\u00a0\u00bb open=\u00a0\u00bboff\u00a0\u00bb]<\/p>\n<ol>\n<li style=\"text-align: left;\"><strong>Madeline Coquoz<\/strong><\/li>\n<li style=\"text-align: left;\"><strong>Arnaud Guex<\/strong><\/li>\n<li style=\"text-align: left;\"><strong>Malika Gobet<\/strong><\/li>\n<li style=\"text-align: left;\"><strong>Marie Kolly<\/strong><\/li>\n<li style=\"text-align: left;\"><strong>Simon Rieckhoff\u00a0<\/strong><\/li>\n<li><strong>Robin Gode<\/strong>l\u00a0<em>(coup de coeur)<\/em><\/li>\n<li><strong>Antonin Savary<\/strong><\/li>\n<li><strong>Arnaud Boisset<\/strong><\/li>\n<\/ol>\n<p>[\/et_pb_accordion_item][et_pb_accordion_item title=\u00a0\u00bb2018&Prime; _builder_version=\u00a0\u00bb3.0.47&Prime; global_colors_info=\u00a0\u00bb{}\u00a0\u00bb open=\u00a0\u00bboff\u00a0\u00bb]<\/p>\n<ol>\n<li style=\"text-align: left;\"><strong>Madeline Coquoz<\/strong><\/li>\n<li style=\"text-align: left;\"><strong>Arnaud Guex<\/strong><\/li>\n<li style=\"text-align: left;\"><strong>Malika Gobet<\/strong><\/li>\n<li style=\"text-align: left;\"><strong>Bastien Kolly<\/strong><\/li>\n<li style=\"text-align: left;\"><strong>Marie Kolly<\/strong><\/li>\n<li style=\"text-align: left;\"><strong>Simon Rieckhoff\u00a0<\/strong><em>(coup de coeur)<\/em><\/li>\n<\/ol>\n<p>[\/et_pb_accordion_item][et_pb_accordion_item title=\u00a0\u00bb2017&Prime; _builder_version=\u00a0\u00bb3.0.47&Prime; global_colors_info=\u00a0\u00bb{}\u00a0\u00bb open=\u00a0\u00bboff\u00a0\u00bb]<\/p>\n<ol>\n<li style=\"text-align: left;\"><strong>Madeline Coquoz<\/strong><\/li>\n<li style=\"text-align: left;\"><strong>Arnaud Guex<\/strong><\/li>\n<li style=\"text-align: left;\"><strong>Malika Gobet<\/strong><\/li>\n<li style=\"text-align: left;\"><strong>Bastien Kolly<\/strong><\/li>\n<li style=\"text-align: left;\"><strong>L\u00e9o L&rsquo;Homme<\/strong><\/li>\n<li style=\"text-align: left;\"><strong>Romane Moscaritolo\u00a0<\/strong><em>(coup de coeur)<\/em><\/li>\n<\/ol>\n<p>[\/et_pb_accordion_item][et_pb_accordion_item title=\u00a0\u00bb2016&Prime; _builder_version=\u00a0\u00bb3.0.47&Prime; global_colors_info=\u00a0\u00bb{}\u00a0\u00bb open=\u00a0\u00bboff\u00a0\u00bb]<\/p>\n<ol>\n<li style=\"text-align: left;\"><strong>R\u00e9mi Bonnet<\/strong><\/li>\n<li style=\"text-align: left;\"><strong>Madeline Coquoz<\/strong><\/li>\n<li style=\"text-align: left;\"><strong>Arnaud Guex<\/strong><\/li>\n<li style=\"text-align: left;\"><strong>L\u00e9o L&rsquo;Homme<\/strong><\/li>\n<li style=\"text-align: left;\"><strong>Marianne Fatton\u00a0<\/strong><em>(coup de coeur)<\/em><\/li>\n<\/ol>\n<p>[\/et_pb_accordion_item][et_pb_accordion_item title=\u00a0\u00bb2015&Prime; _builder_version=\u00a0\u00bb3.0.47&Prime; global_colors_info=\u00a0\u00bb{}\u00a0\u00bb open=\u00a0\u00bboff\u00a0\u00bb]<\/p>\n<ol>\n<li style=\"text-align: left;\"><strong>R\u00e9mi Bonnet<\/strong><\/li>\n<li style=\"text-align: left;\"><strong>L\u00e9o L\u2019Homme<\/strong><\/li>\n<li style=\"text-align: left;\"><strong>Victoria Rouvi\u00e8re<\/strong><\/li>\n<li style=\"text-align: left;\"><strong>Madeline Coquoz\u00a0<\/strong><em>(coup de coeur)<\/em><\/li>\n<\/ol>\n<p>[\/et_pb_accordion_item][\/et_pb_accordion][\/et_pb_column][\/et_pb_row][\/et_pb_section]<\/p>\n","protected":false},"excerpt":{"rendered":"<p>6Vous avez entre 10 et 25 ans,vous \u00eates passionn\u00e9 par votre sportet\u00a0voulez atteindre des sommets&#8230; Alors n&rsquo;h\u00e9sitez plus une seconde, prenez connaissance du r\u00e8glement\u00a0ci-dessous et envoyez-nous votre dossier. Nous attendons avec impatience votre dossier de candidature jusqu&rsquo;au 15 octobre 2025 pour \u00eatre soutenu en 2026.Merci.Le coup de coeur L&rsquo;association s\u00e9lectionne un certain nombre d&rsquo;espoirs par [&hellip;]<\/p>\n","protected":false},"author":5,"featured_media":0,"parent":0,"menu_order":3,"comment_status":"closed","ping_status":"closed","template":"","meta":{"_et_pb_use_builder":"on","_et_pb_old_content":"","_et_gb_content_width":"","footnotes":""},"class_list":["post-48","page","type-page","status-publish","hentry"],"_links":{"self":[{"href":"https:\/\/vivresonreve.ch\/index.php?rest_route=\/wp\/v2\/pages\/48","targetHints":{"allow":["GET"]}}],"collection":[{"href":"https:\/\/vivresonreve.ch\/index.php?rest_route=\/wp\/v2\/pages"}],"about":[{"href":"https:\/\/vivresonreve.ch\/index.php?rest_route=\/wp\/v2\/types\/page"}],"author":[{"embeddable":true,"href":"https:\/\/vivresonreve.ch\/index.php?rest_route=\/wp\/v2\/users\/5"}],"replies":[{"embeddable":true,"href":"https:\/\/vivresonreve.ch\/index.php?rest_route=%2Fwp%2Fv2%2Fcomments&post=48"}],"version-history":[{"count":102,"href":"https:\/\/vivresonreve.ch\/index.php?rest_route=\/wp\/v2\/pages\/48\/revisions"}],"predecessor-version":[{"id":7566,"href":"https:\/\/vivresonreve.ch\/index.php?rest_route=\/wp\/v2\/pages\/48\/revisions\/7566"}],"wp:attachment":[{"href":"https:\/\/vivresonreve.ch\/index.php?rest_route=%2Fwp%2Fv2%2Fmedia&parent=48"}],"curies":[{"name":"wp","href":"https:\/\/api.w.org\/{rel}","templated":true}]}}