{"id":3883,"date":"2020-08-03T08:48:32","date_gmt":"2020-08-03T08:48:32","guid":{"rendered":"http:\/\/vivresonreve.ch\/?page_id=3883"},"modified":"2022-04-06T07:24:08","modified_gmt":"2022-04-06T07:24:08","slug":"guillaume-gachet","status":"publish","type":"page","link":"https:\/\/vivresonreve.ch\/?page_id=3883","title":{"rendered":"Guillaume GACHET"},"content":{"rendered":"<p>[et_pb_section fb_built=\u00a0\u00bb1&Prime; fullwidth=\u00a0\u00bbon\u00a0\u00bb _builder_version=\u00a0\u00bb3.22&Prime; global_colors_info=\u00a0\u00bb{}\u00a0\u00bb][et_pb_fullwidth_slider admin_label=\u00a0\u00bbFullwidth Slider\u00a0\u00bb _builder_version=\u00a0\u00bb3.16&Prime; custom_padding=\u00a0\u00bb|||\u00a0\u00bb custom_padding_tablet=\u00a0\u00bb|||\u00a0\u00bb custom_padding_phone=\u00a0\u00bb|||\u00a0\u00bb box_shadow_style=\u00a0\u00bbpreset6&Prime; box_shadow_blur=\u00a0\u00bb10px\u00a0\u00bb box_shadow_color=\u00a0\u00bbrgba(0,0,0,0.1)\u00a0\u00bb show_inner_shadow=\u00a0\u00bbon\u00a0\u00bb global_colors_info=\u00a0\u00bb{}\u00a0\u00bb button_text_size__hover_enabled=\u00a0\u00bboff\u00a0\u00bb button_one_text_size__hover_enabled=\u00a0\u00bboff\u00a0\u00bb button_two_text_size__hover_enabled=\u00a0\u00bboff\u00a0\u00bb button_text_color__hover_enabled=\u00a0\u00bboff\u00a0\u00bb button_one_text_color__hover_enabled=\u00a0\u00bboff\u00a0\u00bb button_two_text_color__hover_enabled=\u00a0\u00bboff\u00a0\u00bb button_border_width__hover_enabled=\u00a0\u00bboff\u00a0\u00bb button_one_border_width__hover_enabled=\u00a0\u00bboff\u00a0\u00bb button_two_border_width__hover_enabled=\u00a0\u00bboff\u00a0\u00bb button_border_color__hover_enabled=\u00a0\u00bboff\u00a0\u00bb button_one_border_color__hover_enabled=\u00a0\u00bboff\u00a0\u00bb button_two_border_color__hover_enabled=\u00a0\u00bboff\u00a0\u00bb button_border_radius__hover_enabled=\u00a0\u00bboff\u00a0\u00bb button_one_border_radius__hover_enabled=\u00a0\u00bboff\u00a0\u00bb button_two_border_radius__hover_enabled=\u00a0\u00bboff\u00a0\u00bb button_letter_spacing__hover_enabled=\u00a0\u00bboff\u00a0\u00bb button_one_letter_spacing__hover_enabled=\u00a0\u00bboff\u00a0\u00bb button_two_letter_spacing__hover_enabled=\u00a0\u00bboff\u00a0\u00bb button_bg_color__hover_enabled=\u00a0\u00bboff\u00a0\u00bb button_one_bg_color__hover_enabled=\u00a0\u00bboff\u00a0\u00bb button_two_bg_color__hover_enabled=\u00a0\u00bboff\u00a0\u00bb][et_pb_slide _builder_version=\u00a0\u00bb3.16&Prime; background_color=\u00a0\u00bb#ffffff\u00a0\u00bb background_image=\u00a0\u00bbhttps:\/\/vivresonreve.ch\/wp-content\/uploads\/2020\/08\/intro_gachet.jpg\u00a0\u00bb global_colors_info=\u00a0\u00bb{}\u00a0\u00bb sticky_transition=\u00a0\u00bbon\u00a0\u00bb button_text_size__hover_enabled=\u00a0\u00bboff\u00a0\u00bb button_one_text_size__hover_enabled=\u00a0\u00bboff\u00a0\u00bb button_two_text_size__hover_enabled=\u00a0\u00bboff\u00a0\u00bb button_text_color__hover_enabled=\u00a0\u00bboff\u00a0\u00bb button_one_text_color__hover_enabled=\u00a0\u00bboff\u00a0\u00bb button_two_text_color__hover_enabled=\u00a0\u00bboff\u00a0\u00bb button_border_width__hover_enabled=\u00a0\u00bboff\u00a0\u00bb button_one_border_width__hover_enabled=\u00a0\u00bboff\u00a0\u00bb button_two_border_width__hover_enabled=\u00a0\u00bboff\u00a0\u00bb button_border_color__hover_enabled=\u00a0\u00bboff\u00a0\u00bb button_one_border_color__hover_enabled=\u00a0\u00bboff\u00a0\u00bb button_two_border_color__hover_enabled=\u00a0\u00bboff\u00a0\u00bb button_border_radius__hover_enabled=\u00a0\u00bboff\u00a0\u00bb button_one_border_radius__hover_enabled=\u00a0\u00bboff\u00a0\u00bb button_two_border_radius__hover_enabled=\u00a0\u00bboff\u00a0\u00bb button_letter_spacing__hover_enabled=\u00a0\u00bboff\u00a0\u00bb button_one_letter_spacing__hover_enabled=\u00a0\u00bboff\u00a0\u00bb button_two_letter_spacing__hover_enabled=\u00a0\u00bboff\u00a0\u00bb button_bg_color__hover_enabled=\u00a0\u00bboff\u00a0\u00bb button_one_bg_color__hover_enabled=\u00a0\u00bboff\u00a0\u00bb button_two_bg_color__hover_enabled=\u00a0\u00bboff\u00a0\u00bb][\/et_pb_slide][\/et_pb_fullwidth_slider][\/et_pb_section][et_pb_section fb_built=\u00a0\u00bb1&Prime; _builder_version=\u00a0\u00bb3.22&Prime; global_colors_info=\u00a0\u00bb{}\u00a0\u00bb][et_pb_row _builder_version=\u00a0\u00bb3.25&Prime; background_size=\u00a0\u00bbinitial\u00a0\u00bb background_position=\u00a0\u00bbtop_left\u00a0\u00bb background_repeat=\u00a0\u00bbrepeat\u00a0\u00bb global_colors_info=\u00a0\u00bb{}\u00a0\u00bb column_structure=\u00a0\u00bb1_3,2_3&Prime;][et_pb_column type=\u00a0\u00bb1_3&Prime; _builder_version=\u00a0\u00bb3.25&Prime; custom_padding=\u00a0\u00bb|||\u00a0\u00bb global_colors_info=\u00a0\u00bb{}\u00a0\u00bb custom_padding__hover=\u00a0\u00bb|||\u00a0\u00bb][et_pb_image src=\u00a0\u00bbhttps:\/\/vivresonreve.ch\/wp-content\/uploads\/2020\/08\/profil_gachet.png\u00a0\u00bb align_tablet=\u00a0\u00bbcenter\u00a0\u00bb align_last_edited=\u00a0\u00bbon|desktop\u00a0\u00bb admin_label=\u00a0\u00bbImage\u00a0\u00bb _builder_version=\u00a0\u00bb4.14.8&Prime; animation_style=\u00a0\u00bbslide\u00a0\u00bb animation_direction=\u00a0\u00bbtop\u00a0\u00bb animation_duration=\u00a0\u00bb500ms\u00a0\u00bb animation_intensity_slide=\u00a0\u00bb10%\u00a0\u00bb hover_enabled=\u00a0\u00bb0&Prime; animation=\u00a0\u00bbtop\u00a0\u00bb sticky=\u00a0\u00bboff\u00a0\u00bb global_colors_info=\u00a0\u00bb{}\u00a0\u00bb sticky_enabled=\u00a0\u00bb0&Prime; align_phone=\u00a0\u00bbcenter\u00a0\u00bb][\/et_pb_image][\/et_pb_column][et_pb_column type=\u00a0\u00bb2_3&Prime; _builder_version=\u00a0\u00bb3.25&Prime; custom_padding=\u00a0\u00bb|||\u00a0\u00bb global_colors_info=\u00a0\u00bb{}\u00a0\u00bb custom_padding__hover=\u00a0\u00bb|||\u00a0\u00bb][et_pb_text admin_label=\u00a0\u00bbText\u00a0\u00bb _builder_version=\u00a0\u00bb3.27.4&Prime; background_size=\u00a0\u00bbinitial\u00a0\u00bb background_position=\u00a0\u00bbtop_left\u00a0\u00bb background_repeat=\u00a0\u00bbrepeat\u00a0\u00bb global_colors_info=\u00a0\u00bb{}\u00a0\u00bb]<\/p>\n<h1 style=\"text-align: left; color: #4cadce; font-size: 46px;\"><em>GUILLAUME GACHET<\/em><\/h1>\n<p><strong>\u00c2ge:<\/strong>\u00a021 ans<br \/>\n<strong>Domicile:<\/strong>\u00a0Charmey<br \/>\n<strong>Canton:<\/strong>\u00a0Fribourg<br \/>\n[\/et_pb_text][et_pb_accordion admin_label=\u00a0\u00bbAccordion\u00a0\u00bb _builder_version=\u00a0\u00bb3.0.47&Prime; global_colors_info=\u00a0\u00bb{}\u00a0\u00bb][et_pb_accordion_item title=\u00a0\u00bbR\u00c9SLUTATS SPORTIFS\u00a0\u00bb _builder_version=\u00a0\u00bb3.0.47&Prime; global_colors_info=\u00a0\u00bb{}\u00a0\u00bb open=\u00a0\u00bboff\u00a0\u00bb]<\/p>\n<p><b style=\"color: #4cadce;\">Saison 2019-20<\/b><\/p>\n<ul>\n<li>1e Nocturne de Breuches (FRA)<\/li>\n<li>1e Route du Comt\u00e9 Petite (FRA)<\/li>\n<li>1e CLM Charmey Tour du Canton<\/li>\n<li>2e Tour de Bene (amateur)<\/li>\n<li>2e Prix Geflor (FRA)<\/li>\n<li>2e Course St-Martin d&rsquo;H\u00e8res (FRA)<\/li>\n<li>2e D\u00e9fi Boscardin<\/li>\n<li>2e Course de C\u00f4te Tour du Canton<\/li>\n<li>2e CLM Grandvillard Tour du Canton<\/li>\n<li>3e Prix de Bonn\u00e9tage (FRA)<\/li>\n<li>3e Gran Premio Ticino (amateur)<\/li>\n<li>3e Tour du Jura (amateur)<\/li>\n<li>4e Grimpette de la Lorette Tour du Canton<\/li>\n<li>5e Prix de St-Genis-Pouilly (FRA)<\/li>\n<li>6e Pi\u00e9mont Haut-Rhinois (FRA)<\/li>\n<li>6e Grand-Prix Crevoisie (amateur)<\/li>\n<li>8e Martigny-Mauvoisin (amateur)<\/li>\n<li>8e Prix de Villieu (FRA)<\/li>\n<li>9e Pi\u00e9mont Haut-Rhinois (FRA)<\/li>\n<li>9e CLM Giron du Rh\u00f4ne<\/li>\n<li>11e Prix d&rsquo;Aurillac (FRA)<\/li>\n<li>11e EZF im Thune Westamt (amateur)<\/li>\n<li>12e Crit\u00e9rium de St-Louis (FRA)<\/li>\n<li>13e GP Olten (Elite)<\/li>\n<li>15e Tour Haute Sa\u00f4ne (FRA)<\/li>\n<li>17e GP de Chavanoz (FRA)<\/li>\n<li>21e Championnats Suisses en ligne (U23)<\/li>\n<li>23e g\u00e9n\u00e9ral Tour Haute Sa\u00f4ne (FRA)<\/li>\n<li>24e Auffahrtsrennen Diessenhofen<\/li>\n<li>44e Rundstreckenrennen Steinmaur<\/li>\n<li>62e SwissEve GP Cham-Hagendorn<\/li>\n<li>64e 53e Circuito del Porto UCI (ITA)<\/li>\n<\/ul>\n<p><b style=\"color: #4cadce;\">Saison 2021<\/b><\/p>\n<ul>\n<li>\n<p>Grimpette de Lorette (TdC #6)<\/p>\n<\/li>\n<li>\n<p><span style=\"font-size: 14px;\">La Grimp\u00e9e du Gibloux (TdC #2)<\/span><\/p>\n<\/li>\n<li>\n<p><span style=\"font-size: 14px;\"><\/span><span style=\"font-size: 14px;\">Grimp\u00e9e des Alpettes<\/span><\/p>\n<\/li>\n<li>\n<p><span style=\"font-size: 14px;\"><\/span><span style=\"font-size: 14px;\">Grimp\u00e9e de la Berra<\/span><\/p>\n<\/li>\n<li>\n<p><span style=\"font-size: 14px;\"><\/span><strong style=\"font-size: 14px;\">51\u00e8me Martigny-Mauvoisin (E)<\/strong><\/p>\n<\/li>\n<li>\n<p><strong style=\"font-size: 14px;\"><\/strong><span style=\"font-size: 14px;\">Grimp\u00e9e du Mol\u00e9son<\/span><\/p>\n<\/li>\n<li>\n<p><span style=\"font-size: 14px;\"><\/span><span style=\"font-size: 14px;\">St-Triphon (GdR #5)<\/span><\/p>\n<\/li>\n<li>\n<p><span style=\"font-size: 14px;\"><\/span><span style=\"font-size: 14px;\">Grimp\u00e9e de Rathvel<\/span><\/p>\n<\/li>\n<li>\n<p><span style=\"font-size: 14px;\"><\/span><span style=\"font-size: 14px;\">Grimp\u00e9e du Gros Mont<\/span><\/p>\n<\/li>\n<li>\n<p><span style=\"font-size: 14px;\"><\/span><strong style=\"font-size: 14px;\">Crit\u00e9rium de Bulle (TdC #5)<\/strong><\/p>\n<\/li>\n<li>\n<p><strong style=\"font-size: 14px;\"><\/strong><strong style=\"font-size: 14px;\">Championnats suisses U23<\/strong><\/p>\n<\/li>\n<li>\n<p><strong style=\"font-size: 14px;\"><\/strong><strong style=\"font-size: 14px;\">Ch. suisses \u00e9lite national<\/strong><\/p>\n<\/li>\n<li>\n<p><strong style=\"font-size: 14px;\"><\/strong><span style=\"font-size: 14px;\">Ch. suisses du CLM (U23)<\/span><\/p>\n<\/li>\n<li>\n<p><span style=\"font-size: 14px;\"><\/span><span style=\"font-size: 14px;\">Classique Puisaye-Forterre (EN)<\/span><\/p>\n<\/li>\n<li>\n<p><span style=\"font-size: 14px;\"><\/span><span style=\"font-size: 14px;\">Championnats suisses Pro<\/span><\/p>\n<\/li>\n<\/ul>\n<p><strong>R\u00e9sultats sur piste:<\/strong><\/p>\n<ul>\n<li>2e Courses sur piste (23.02.2019, Aigle)<\/li>\n<li>4e Madisson 3 Jours d\u2019Aigle<\/li>\n<li>6e Courses sur piste (09.02.2019, Aigle)<\/li>\n<li>11e Courses sur piste (31.01.2019, Aigle)<\/li>\n<\/ul>\n<p>[\/et_pb_accordion_item][et_pb_accordion_item title=\u00a0\u00bbOBJECTIFS\u00a0\u00bb _builder_version=\u00a0\u00bb3.0.47&Prime; global_colors_info=\u00a0\u00bb{}\u00a0\u00bb open=\u00a0\u00bbon\u00a0\u00bb]<\/p>\n<p><b style=\"color: #4cadce;\">\u00e0 moyen terme<\/b><\/p>\n<ul>\n<li>participer \u00e0 mes premi\u00e8res \u00e9preuves internationales dans la cat\u00e9gorie espoirs<\/li>\n<li>int\u00e9grer l\u2019\u00e9quipe nationale espoir<\/li>\n<\/ul>\n<p><b style=\"color: #4cadce;\">Saison 2022<\/b><\/p>\n<p style=\"font-weight: 400;\">Mes objectifs ont \u00e9volu\u00e9 depuis l&rsquo;an dernier. Je sens un constant progr\u00e8s physique et je pense que la saison derni\u00e8re ne refl\u00e8te pas mon r\u00e9el niveau avec un calendrier pauvre. Cette ann\u00e9e, je veux \u00eatre un \u00e9l\u00e9ments indispensable \u00e0 l&rsquo;\u00e9quipe, qui m&rsquo;a d&rsquo;ailleurs align\u00e9 sur l&rsquo;ensemble du calendrier jusqu&rsquo;au mois de juillet. Je veux aussi prouver que je suis un coureur de confiance \u00e0 mon \u00e9quipe afin de rester dans le magnifique projet quelle construit petit \u00e0 petit pour atteindre le niveau pro team. En terme de r\u00e9sultats, je suis plus dans la cat\u00e9gorie espoirs, je veux donc performer sur les diff\u00e9rents championnats suisses avec des top 10. J&rsquo;aimerais aussi gagner sur l&rsquo;une des courses du calendrier \u00e9lite. Les courses qui me conviendront le mieux cette ann\u00e9e.\u00a0<\/p>\n<p style=\"font-weight: 400;\">\n<ul>\n<li style=\"font-weight: 400;\">Annemasse Bellegarde 27.03<\/li>\n<li style=\"font-weight: 400;\">GP l&rsquo;\u00e9chapp\u00e9e \u00e0 Sion le 3.04<\/li>\n<li style=\"font-weight: 400;\">Tour d&rsquo;Ard\u00e8che le 24-24.04<\/li>\n<li style=\"font-weight: 400;\">Province cycling tour 13 au 17.07 Belgique<\/li>\n<\/ul>\n<p>[\/et_pb_accordion_item][\/et_pb_accordion][\/et_pb_column][\/et_pb_row][et_pb_row _builder_version=\u00a0\u00bb3.25&Prime; background_size=\u00a0\u00bbinitial\u00a0\u00bb background_position=\u00a0\u00bbtop_left\u00a0\u00bb background_repeat=\u00a0\u00bbrepeat\u00a0\u00bb global_colors_info=\u00a0\u00bb{}\u00a0\u00bb][et_pb_column type=\u00a0\u00bb4_4&Prime; _builder_version=\u00a0\u00bb3.25&Prime; custom_padding=\u00a0\u00bb|||\u00a0\u00bb global_colors_info=\u00a0\u00bb{}\u00a0\u00bb custom_padding__hover=\u00a0\u00bb|||\u00a0\u00bb][et_pb_text admin_label=\u00a0\u00bbText\u00a0\u00bb _builder_version=\u00a0\u00bb3.27.4&Prime; background_size=\u00a0\u00bbinitial\u00a0\u00bb background_position=\u00a0\u00bbtop_left\u00a0\u00bb background_repeat=\u00a0\u00bbrepeat\u00a0\u00bb global_colors_info=\u00a0\u00bb{}\u00a0\u00bb]<a id=\"gachet\"><\/a><\/p>\n<h5>EN IMAGES<\/h5>\n<hr \/>\n<h5><\/h5>\n<p>[\/et_pb_text][et_pb_gallery gallery_ids=\u00a0\u00bb4033,4034,4035,4134,4131,4130,4132,4133,4036,4037,4038&Prime; admin_label=\u00a0\u00bbGallery\u00a0\u00bb _builder_version=\u00a0\u00bb3.0.47&Prime; global_colors_info=\u00a0\u00bb{}\u00a0\u00bb][\/et_pb_gallery][\/et_pb_column][\/et_pb_row][\/et_pb_section]<\/p>\n","protected":false},"excerpt":{"rendered":"<p>GUILLAUME GACHET \u00c2ge:\u00a021 ans Domicile:\u00a0Charmey Canton:\u00a0Fribourg Saison 2019-20 1e Nocturne de Breuches (FRA) 1e Route du Comt\u00e9 Petite (FRA) 1e CLM Charmey Tour du Canton 2e Tour de Bene (amateur) 2e Prix Geflor (FRA) 2e Course St-Martin d&rsquo;H\u00e8res (FRA) 2e D\u00e9fi Boscardin 2e Course de C\u00f4te Tour du Canton 2e CLM Grandvillard Tour du Canton [&hellip;]<\/p>\n","protected":false},"author":5,"featured_media":0,"parent":0,"menu_order":0,"comment_status":"closed","ping_status":"closed","template":"","meta":{"_et_pb_use_builder":"on","_et_pb_old_content":"","_et_gb_content_width":"","footnotes":""},"class_list":["post-3883","page","type-page","status-publish","hentry"],"_links":{"self":[{"href":"https:\/\/vivresonreve.ch\/index.php?rest_route=\/wp\/v2\/pages\/3883","targetHints":{"allow":["GET"]}}],"collection":[{"href":"https:\/\/vivresonreve.ch\/index.php?rest_route=\/wp\/v2\/pages"}],"about":[{"href":"https:\/\/vivresonreve.ch\/index.php?rest_route=\/wp\/v2\/types\/page"}],"author":[{"embeddable":true,"href":"https:\/\/vivresonreve.ch\/index.php?rest_route=\/wp\/v2\/users\/5"}],"replies":[{"embeddable":true,"href":"https:\/\/vivresonreve.ch\/index.php?rest_route=%2Fwp%2Fv2%2Fcomments&post=3883"}],"version-history":[{"count":14,"href":"https:\/\/vivresonreve.ch\/index.php?rest_route=\/wp\/v2\/pages\/3883\/revisions"}],"predecessor-version":[{"id":5269,"href":"https:\/\/vivresonreve.ch\/index.php?rest_route=\/wp\/v2\/pages\/3883\/revisions\/5269"}],"wp:attachment":[{"href":"https:\/\/vivresonreve.ch\/index.php?rest_route=%2Fwp%2Fv2%2Fmedia&parent=3883"}],"curies":[{"name":"wp","href":"https:\/\/api.w.org\/{rel}","templated":true}]}}